{"id":12743,"date":"2024-01-03T11:23:42","date_gmt":"2024-01-03T11:23:42","guid":{"rendered":"https:\/\/sampledata.potenzaglobalsolutions.com\/cardealer-el\/?page_id=12716"},"modified":"2024-01-03T11:23:42","modified_gmt":"2024-01-03T11:23:42","slug":"vehicle-showcase","status":"publish","type":"page","link":"https:\/\/relaisdulys.fr\/index.php\/vehicle-showcase\/","title":{"rendered":"Vehicle Showcase"},"content":{"rendered":"\t\t<div data-elementor-type=\"wp-page\" data-elementor-id=\"12743\" class=\"elementor elementor-12743\">\n\t\t\t\t<div class=\"elementor-element elementor-element-a5586d3 e-flex e-con-boxed e-con e-parent\" data-id=\"a5586d3\" data-element_type=\"container\">\n\t\t\t\t\t<div class=\"e-con-inner\">\n\t\t\t\t<div class=\"elementor-element elementor-element-c398adf elementor-widget elementor-widget-cdhl_section-title\" data-id=\"c398adf\" data-element_type=\"widget\" data-widget_type=\"cdhl_section-title.default\">\n\t\t\t\t<div class=\"elementor-widget-container\">\n\t\t\t<div class=\"cdhl_section-title_wrapper\">\n\t<div class=\"section-title text-left style_3\" id=\"c398adf\">\n\t\t\t\t\t<h3 class=\"main-title\">\n\t\t\tVehicle Showcase : Style 3\t\t<\/h3>\n\t\t\t<\/div>\n<\/div>\n\t\t<\/div>\n\t\t\t\t<\/div>\n\t\t\t\t<div class=\"elementor-element elementor-element-75054e2 elementor-widget elementor-widget-cdhl_vehicles-list\" data-id=\"75054e2\" data-element_type=\"widget\" data-widget_type=\"cdhl_vehicles-list.default\">\n\t\t\t\t<div class=\"elementor-widget-container\">\n\t\t\t<div class=\"cdhl_vehicles-list_wrapper pgs_cars_carousel-wrapper\">\n\t<div class=\"pgs_cars_carousel-items\">\n\t\t\t\t\t<div class=\"row\">\n\t\t\t\t\t\t<div class=\"item col-sm-4\">\n\t\t\t\t<div class=\"car-item text-center white-bg car-item-3\">\n\t\t\t\t\t<div class=\"car-image\">\n\t\t\t\t\t\t<img fetchpriority=\"high\" decoding=\"async\" class=\"img-responsive cardealer-lazy-load\" alt=\"\" width=\"430\" height=\"321\" src=\"https:\/\/relaisdulys.fr\/wp-content\/plugins\/\/cardealer-helper-library\/images\/loader.gif\" data-src=\"https:\/\/relaisdulys.fr\/wp-content\/uploads\/2026\/03\/IMG_9797-430x321.jpg\"\/>\t\t\t\t\t\t\t<div class=\"car-overlay-banner\">\n\t\t\t\t\t\t\t\t<ul>\n\t\t\t\t\t\t\t\t\t<li><a href=\"https:\/\/relaisdulys.fr\/index.php\/stock\/renault-twingo-2-gt-100-occasion\/\" data-toggle=\"tooltip\" title=\"Vue\"><i class=\"fas fa-link\"><\/i><\/a><\/li><li class=\"pssrcset\"><a href=\"javascript:void(0)\" data-toggle=\"tooltip\" title=\"Galerie\" class=\"psimages\" data-image=\"https:\/\/relaisdulys.fr\/wp-content\/uploads\/2026\/03\/IMG_9797-scaled.jpg, https:\/\/relaisdulys.fr\/wp-content\/uploads\/2026\/03\/IMG_9798-scaled.jpg, https:\/\/relaisdulys.fr\/wp-content\/uploads\/2026\/03\/IMG_9799-scaled.jpg, https:\/\/relaisdulys.fr\/wp-content\/uploads\/2026\/03\/IMG_9803-scaled.jpg, https:\/\/relaisdulys.fr\/wp-content\/uploads\/2026\/03\/IMG_9802-scaled.jpg, https:\/\/relaisdulys.fr\/wp-content\/uploads\/2026\/03\/IMG_9809-scaled.jpg, https:\/\/relaisdulys.fr\/wp-content\/uploads\/2026\/03\/IMG_9811-scaled.jpg, https:\/\/relaisdulys.fr\/wp-content\/uploads\/2026\/03\/IMG_9812-scaled.jpg, https:\/\/relaisdulys.fr\/wp-content\/uploads\/2026\/03\/IMG_9815-scaled.jpg, https:\/\/relaisdulys.fr\/wp-content\/uploads\/2026\/03\/IMG_0129-scaled.jpg, https:\/\/relaisdulys.fr\/wp-content\/uploads\/2026\/03\/IMG_0128-scaled.jpg\"><i class=\"fas fa-expand\"><\/i><\/a><\/li>\t\t\t\t\t\t\t\t<\/ul>\n\t\t\t\t\t\t\t<\/div>\n\t\t\t\t\t\t\t<div class=\"price car-price \"><bdi class=\"new-price\"> 4,990.00<span class=\"currency currency-EUR\"> &euro;<\/span><\/bdi><\/div>\t\t\t\t\t<\/div>\n\t\t\t\t\t\t\t\t\t\t<div class=\"car-content\">\n\t\t\t\t\t\t\t\t\t\t\t\t\t\t<div class=\"car-attribute-subtitle\"><\/div>\n\t\t\t\t\t\t\t<h3 class=\"item-title\"><a href=\"https:\/\/relaisdulys.fr\/index.php\/stock\/renault-twingo-2-gt-100-occasion\/\">Renault Twingo II GT<\/a><\/h3><div class=\"car-attribute-columns\"><\/div>\t\t\t\t\t<\/div>\n\t\t\t\t<\/div>\n\t\t\t<\/div>\n\t\t\t\t\t\t<div class=\"item col-sm-4\">\n\t\t\t\t<div class=\"car-item text-center white-bg car-item-3\">\n\t\t\t\t\t<div class=\"car-image\">\n\t\t\t\t\t\t<span class=\"label car-status sold\">VENDU<\/span><img decoding=\"async\" class=\"img-responsive cardealer-lazy-load\" alt=\"\" width=\"430\" height=\"321\" src=\"https:\/\/relaisdulys.fr\/wp-content\/plugins\/\/cardealer-helper-library\/images\/loader.gif\" data-src=\"https:\/\/relaisdulys.fr\/wp-content\/uploads\/2026\/02\/IMG_7537-430x321.jpg\"\/>\t\t\t\t\t\t\t<div class=\"car-overlay-banner\">\n\t\t\t\t\t\t\t\t<ul>\n\t\t\t\t\t\t\t\t\t<li><a href=\"https:\/\/relaisdulys.fr\/index.php\/stock\/mini-cooper-d-cabriolet-116-chili-gps-chauffant\/\" data-toggle=\"tooltip\" title=\"Vue\"><i class=\"fas fa-link\"><\/i><\/a><\/li><li class=\"pssrcset\"><a href=\"javascript:void(0)\" data-toggle=\"tooltip\" title=\"Galerie\" class=\"psimages\" data-image=\"https:\/\/relaisdulys.fr\/wp-content\/uploads\/2026\/02\/IMG_7537-scaled.jpg, https:\/\/relaisdulys.fr\/wp-content\/uploads\/2026\/02\/IMG_7540-scaled.jpg, https:\/\/relaisdulys.fr\/wp-content\/uploads\/2026\/02\/IMG_7539-scaled.jpg, https:\/\/relaisdulys.fr\/wp-content\/uploads\/2026\/02\/IMG_7543-scaled.jpg, https:\/\/relaisdulys.fr\/wp-content\/uploads\/2026\/02\/IMG_7544-scaled.jpg, https:\/\/relaisdulys.fr\/wp-content\/uploads\/2026\/02\/IMG_7547-scaled.jpg, https:\/\/relaisdulys.fr\/wp-content\/uploads\/2026\/02\/IMG_7550-scaled.jpg, https:\/\/relaisdulys.fr\/wp-content\/uploads\/2026\/02\/IMG_7559-scaled.jpg, https:\/\/relaisdulys.fr\/wp-content\/uploads\/2026\/02\/IMG_7562-scaled.jpg, https:\/\/relaisdulys.fr\/wp-content\/uploads\/2026\/02\/IMG_7563-scaled.jpg, https:\/\/relaisdulys.fr\/wp-content\/uploads\/2026\/02\/IMG_7566-scaled.jpg, https:\/\/relaisdulys.fr\/wp-content\/uploads\/2026\/02\/IMG_7565-scaled.jpg, https:\/\/relaisdulys.fr\/wp-content\/uploads\/2026\/02\/IMG_7541-1-scaled.jpg, https:\/\/relaisdulys.fr\/wp-content\/uploads\/2026\/02\/IMG_7554-1-scaled.jpg, https:\/\/relaisdulys.fr\/wp-content\/uploads\/2026\/02\/IMG_7561-1-scaled.jpg\"><i class=\"fas fa-expand\"><\/i><\/a><\/li>\t\t\t\t\t\t\t\t<\/ul>\n\t\t\t\t\t\t\t<\/div>\n\t\t\t\t\t\t\t<div class=\"price car-price \"><bdi class=\"new-price\"> 11,990.00<span class=\"currency currency-EUR\"> &euro;<\/span><\/bdi><\/div>\t\t\t\t\t<\/div>\n\t\t\t\t\t\t\t\t\t\t<div class=\"car-content\">\n\t\t\t\t\t\t\t\t\t\t\t\t\t\t<div class=\"car-attribute-subtitle\"><\/div>\n\t\t\t\t\t\t\t<h3 class=\"item-title\"><a href=\"https:\/\/relaisdulys.fr\/index.php\/stock\/mini-cooper-d-cabriolet-116-chili-gps-chauffant\/\">Mini Cooper D Cabriolet<\/a><\/h3><div class=\"car-attribute-columns\"><\/div>\t\t\t\t\t<\/div>\n\t\t\t\t<\/div>\n\t\t\t<\/div>\n\t\t\t\t\t\t<div class=\"item col-sm-4\">\n\t\t\t\t<div class=\"car-item text-center white-bg car-item-3\">\n\t\t\t\t\t<div class=\"car-image\">\n\t\t\t\t\t\t<img decoding=\"async\" class=\"img-responsive cardealer-lazy-load\" alt=\"\" width=\"430\" height=\"321\" src=\"https:\/\/relaisdulys.fr\/wp-content\/plugins\/\/cardealer-helper-library\/images\/loader.gif\" data-src=\"https:\/\/relaisdulys.fr\/wp-content\/uploads\/2026\/02\/IMG_7268-copie-430x321.jpg\"\/>\t\t\t\t\t\t\t<div class=\"car-overlay-banner\">\n\t\t\t\t\t\t\t\t<ul>\n\t\t\t\t\t\t\t\t\t<li><a href=\"https:\/\/relaisdulys.fr\/index.php\/stock\/fiat-500c-1-2-69-lounge-cabriolet-rouge\/\" data-toggle=\"tooltip\" title=\"Vue\"><i class=\"fas fa-link\"><\/i><\/a><\/li><li class=\"pssrcset\"><a href=\"javascript:void(0)\" data-toggle=\"tooltip\" title=\"Galerie\" class=\"psimages\" data-image=\"https:\/\/relaisdulys.fr\/wp-content\/uploads\/2026\/02\/IMG_7268-copie-scaled.jpg, https:\/\/relaisdulys.fr\/wp-content\/uploads\/2026\/02\/IMG_7268-scaled.jpg, https:\/\/relaisdulys.fr\/wp-content\/uploads\/2026\/02\/IMG_7267-scaled.jpg, https:\/\/relaisdulys.fr\/wp-content\/uploads\/2026\/02\/IMG_7283-scaled.jpg, https:\/\/relaisdulys.fr\/wp-content\/uploads\/2026\/02\/IMG_7262-scaled.jpg, https:\/\/relaisdulys.fr\/wp-content\/uploads\/2026\/02\/IMG_7263-scaled.jpg, https:\/\/relaisdulys.fr\/wp-content\/uploads\/2026\/02\/IMG_7265-scaled.jpg, https:\/\/relaisdulys.fr\/wp-content\/uploads\/2026\/02\/IMG_7272-scaled.jpg, https:\/\/relaisdulys.fr\/wp-content\/uploads\/2026\/02\/IMG_7274-scaled.jpg, https:\/\/relaisdulys.fr\/wp-content\/uploads\/2026\/02\/IMG_7275-scaled.jpg, https:\/\/relaisdulys.fr\/wp-content\/uploads\/2026\/02\/IMG_7288-scaled.jpg, https:\/\/relaisdulys.fr\/wp-content\/uploads\/2026\/02\/IMG_7289-scaled.jpg, https:\/\/relaisdulys.fr\/wp-content\/uploads\/2026\/02\/IMG_7290-scaled.jpg, https:\/\/relaisdulys.fr\/wp-content\/uploads\/2026\/02\/IMG_7291-scaled.jpg\"><i class=\"fas fa-expand\"><\/i><\/a><\/li>\t\t\t\t\t\t\t\t<\/ul>\n\t\t\t\t\t\t\t<\/div>\n\t\t\t\t\t\t\t<div class=\"price car-price \"><bdi class=\"old-price\"> 6,990.00<span class=\"currency currency-EUR\"> &euro;<\/span><\/bdi><bdi class=\"new-price\"> 6,490.00<span class=\"currency currency-EUR\"> &euro;<\/span><\/bdi><\/div>\t\t\t\t\t<\/div>\n\t\t\t\t\t\t\t\t\t\t<div class=\"car-content\">\n\t\t\t\t\t\t\t\t\t\t\t\t\t\t<div class=\"car-attribute-subtitle\"><\/div>\n\t\t\t\t\t\t\t<h3 class=\"item-title\"><a href=\"https:\/\/relaisdulys.fr\/index.php\/stock\/fiat-500c-1-2-69-lounge-cabriolet-rouge\/\">Fiat 500 Cabriolet<\/a><\/h3><div class=\"car-attribute-columns\"><\/div>\t\t\t\t\t<\/div>\n\t\t\t\t<\/div>\n\t\t\t<\/div>\n\t\t\t\t\t\t<div class=\"item col-sm-4\">\n\t\t\t\t<div class=\"car-item text-center white-bg car-item-3\">\n\t\t\t\t\t<div class=\"car-image\">\n\t\t\t\t\t\t<span class=\"label car-status sold\">VENDU<\/span><img loading=\"lazy\" decoding=\"async\" class=\"img-responsive cardealer-lazy-load\" alt=\"\" width=\"430\" height=\"321\" src=\"https:\/\/relaisdulys.fr\/wp-content\/plugins\/\/cardealer-helper-library\/images\/loader.gif\" data-src=\"https:\/\/relaisdulys.fr\/wp-content\/uploads\/2025\/12\/IMG_2628-430x321.jpg\"\/>\t\t\t\t\t\t\t<div class=\"car-overlay-banner\">\n\t\t\t\t\t\t\t\t<ul>\n\t\t\t\t\t\t\t\t\t<li><a href=\"https:\/\/relaisdulys.fr\/index.php\/stock\/peugeot-308-ii-allure\/\" data-toggle=\"tooltip\" title=\"Vue\"><i class=\"fas fa-link\"><\/i><\/a><\/li><li class=\"pssrcset\"><a href=\"javascript:void(0)\" data-toggle=\"tooltip\" title=\"Galerie\" class=\"psimages\" data-image=\"https:\/\/relaisdulys.fr\/wp-content\/uploads\/2025\/12\/IMG_2628-scaled.jpg, https:\/\/relaisdulys.fr\/wp-content\/uploads\/2025\/12\/IMG_2629-scaled.jpeg, https:\/\/relaisdulys.fr\/wp-content\/uploads\/2025\/12\/IMG_2637-scaled.jpeg, https:\/\/relaisdulys.fr\/wp-content\/uploads\/2025\/12\/IMG_2638-scaled.jpeg, https:\/\/relaisdulys.fr\/wp-content\/uploads\/2025\/12\/IMG_2639-scaled.jpeg, https:\/\/relaisdulys.fr\/wp-content\/uploads\/2025\/12\/IMG_2648-scaled.jpeg, https:\/\/relaisdulys.fr\/wp-content\/uploads\/2025\/12\/IMG_2649-scaled.jpeg, https:\/\/relaisdulys.fr\/wp-content\/uploads\/2025\/12\/IMG_2650-scaled.jpg, https:\/\/relaisdulys.fr\/wp-content\/uploads\/2025\/12\/IMG_2652-scaled.jpeg, https:\/\/relaisdulys.fr\/wp-content\/uploads\/2025\/12\/IMG_2653-scaled.jpeg, https:\/\/relaisdulys.fr\/wp-content\/uploads\/2025\/12\/IMG_2655-scaled.jpg, https:\/\/relaisdulys.fr\/wp-content\/uploads\/2025\/12\/IMG_2657-scaled.jpeg, https:\/\/relaisdulys.fr\/wp-content\/uploads\/2025\/12\/IMG_2640-1-scaled.jpeg\"><i class=\"fas fa-expand\"><\/i><\/a><\/li>\t\t\t\t\t\t\t\t<\/ul>\n\t\t\t\t\t\t\t<\/div>\n\t\t\t\t\t\t\t<div class=\"price car-price \"><bdi class=\"new-price\"> 7,790.00<span class=\"currency currency-EUR\"> &euro;<\/span><\/bdi><\/div>\t\t\t\t\t<\/div>\n\t\t\t\t\t\t\t\t\t\t<div class=\"car-content\">\n\t\t\t\t\t\t\t\t\t\t\t\t\t\t<div class=\"car-attribute-subtitle\"><\/div>\n\t\t\t\t\t\t\t<h3 class=\"item-title\"><a href=\"https:\/\/relaisdulys.fr\/index.php\/stock\/peugeot-308-ii-allure\/\">Peugeot 308 II Allure<\/a><\/h3><div class=\"car-attribute-columns\"><\/div>\t\t\t\t\t<\/div>\n\t\t\t\t<\/div>\n\t\t\t<\/div>\n\t\t\t\t\t\t<div class=\"item col-sm-4\">\n\t\t\t\t<div class=\"car-item text-center white-bg car-item-3\">\n\t\t\t\t\t<div class=\"car-image\">\n\t\t\t\t\t\t<img loading=\"lazy\" decoding=\"async\" class=\"img-responsive cardealer-lazy-load\" alt=\"\" width=\"430\" height=\"321\" src=\"https:\/\/relaisdulys.fr\/wp-content\/plugins\/\/cardealer-helper-library\/images\/loader.gif\" data-src=\"https:\/\/relaisdulys.fr\/wp-content\/uploads\/2025\/12\/IMG_4683-430x321.jpg\"\/>\t\t\t\t\t\t\t<div class=\"car-overlay-banner\">\n\t\t\t\t\t\t\t\t<ul>\n\t\t\t\t\t\t\t\t\t<li><a href=\"https:\/\/relaisdulys.fr\/index.php\/stock\/volkswagen-polo-vi-gti\/\" data-toggle=\"tooltip\" title=\"Vue\"><i class=\"fas fa-link\"><\/i><\/a><\/li><li class=\"pssrcset\"><a href=\"javascript:void(0)\" data-toggle=\"tooltip\" title=\"Galerie\" class=\"psimages\" data-image=\"https:\/\/relaisdulys.fr\/wp-content\/uploads\/2025\/12\/IMG_4683-scaled.jpg, https:\/\/relaisdulys.fr\/wp-content\/uploads\/2025\/12\/IMG_4684.heic, https:\/\/relaisdulys.fr\/wp-content\/uploads\/2025\/12\/IMG_4685.heic, https:\/\/relaisdulys.fr\/wp-content\/uploads\/2025\/12\/IMG_4686.heic, https:\/\/relaisdulys.fr\/wp-content\/uploads\/2025\/12\/IMG_4687.heic, https:\/\/relaisdulys.fr\/wp-content\/uploads\/2025\/12\/IMG_4688.heic, https:\/\/relaisdulys.fr\/wp-content\/uploads\/2025\/12\/IMG_4689.heic, https:\/\/relaisdulys.fr\/wp-content\/uploads\/2025\/12\/IMG_4690.heic, https:\/\/relaisdulys.fr\/wp-content\/uploads\/2025\/12\/IMG_4691.heic, https:\/\/relaisdulys.fr\/wp-content\/uploads\/2025\/12\/IMG_4692.heic, https:\/\/relaisdulys.fr\/wp-content\/uploads\/2025\/12\/IMG_4693.heic, https:\/\/relaisdulys.fr\/wp-content\/uploads\/2025\/12\/IMG_4694.heic, https:\/\/relaisdulys.fr\/wp-content\/uploads\/2025\/12\/IMG_4695.heic, https:\/\/relaisdulys.fr\/wp-content\/uploads\/2025\/12\/IMG_4696.heic, https:\/\/relaisdulys.fr\/wp-content\/uploads\/2025\/12\/IMG_4697.heic, https:\/\/relaisdulys.fr\/wp-content\/uploads\/2025\/12\/IMG_4698.heic, https:\/\/relaisdulys.fr\/wp-content\/uploads\/2025\/12\/IMG_4699.heic, https:\/\/relaisdulys.fr\/wp-content\/uploads\/2025\/12\/IMG_4700.heic, https:\/\/relaisdulys.fr\/wp-content\/uploads\/2025\/12\/IMG_4701.heic, https:\/\/relaisdulys.fr\/wp-content\/uploads\/2025\/12\/IMG_4702.heic, https:\/\/relaisdulys.fr\/wp-content\/uploads\/2025\/12\/IMG_4703.heic, https:\/\/relaisdulys.fr\/wp-content\/uploads\/2025\/12\/IMG_4704.heic, https:\/\/relaisdulys.fr\/wp-content\/uploads\/2025\/12\/IMG_4705.heic, https:\/\/relaisdulys.fr\/wp-content\/uploads\/2025\/12\/IMG_4706.heic, https:\/\/relaisdulys.fr\/wp-content\/uploads\/2025\/12\/IMG_4707.heic, https:\/\/relaisdulys.fr\/wp-content\/uploads\/2025\/12\/IMG_4708.heic, https:\/\/relaisdulys.fr\/wp-content\/uploads\/2025\/12\/IMG_4709.heic, https:\/\/relaisdulys.fr\/wp-content\/uploads\/2025\/12\/IMG_4710.heic, https:\/\/relaisdulys.fr\/wp-content\/uploads\/2025\/12\/IMG_4711.heic, https:\/\/relaisdulys.fr\/wp-content\/uploads\/2025\/12\/IMG_4712.heic, https:\/\/relaisdulys.fr\/wp-content\/uploads\/2025\/12\/IMG_4713.heic, https:\/\/relaisdulys.fr\/wp-content\/uploads\/2025\/12\/IMG_4716-scaled.jpg, https:\/\/relaisdulys.fr\/wp-content\/uploads\/2025\/12\/IMG_4717.heic, https:\/\/relaisdulys.fr\/wp-content\/uploads\/2025\/12\/IMG_4718.heic, https:\/\/relaisdulys.fr\/wp-content\/uploads\/2025\/12\/IMG_4719.heic, https:\/\/relaisdulys.fr\/wp-content\/uploads\/2025\/12\/IMG_4720.heic, https:\/\/relaisdulys.fr\/wp-content\/uploads\/2025\/12\/IMG_4721.heic, https:\/\/relaisdulys.fr\/wp-content\/uploads\/2025\/12\/IMG_4722.heic, https:\/\/relaisdulys.fr\/wp-content\/uploads\/2025\/12\/IMG_4724.heic, https:\/\/relaisdulys.fr\/wp-content\/uploads\/2025\/12\/IMG_4725.heic, https:\/\/relaisdulys.fr\/wp-content\/uploads\/2025\/12\/IMG_4726.heic, https:\/\/relaisdulys.fr\/wp-content\/uploads\/2025\/12\/IMG_4727.heic, https:\/\/relaisdulys.fr\/wp-content\/uploads\/2025\/12\/IMG_4728.heic, https:\/\/relaisdulys.fr\/wp-content\/uploads\/2025\/12\/IMG_4729.heic, https:\/\/relaisdulys.fr\/wp-content\/uploads\/2025\/12\/IMG_4730.heic\"><i class=\"fas fa-expand\"><\/i><\/a><\/li>\t\t\t\t\t\t\t\t<\/ul>\n\t\t\t\t\t\t\t<\/div>\n\t\t\t\t\t\t\t<div class=\"price car-price \"><bdi class=\"new-price\"> 17,990.00<span class=\"currency currency-EUR\"> &euro;<\/span><\/bdi><\/div>\t\t\t\t\t<\/div>\n\t\t\t\t\t\t\t\t\t\t<div class=\"car-content\">\n\t\t\t\t\t\t\t\t\t\t\t\t\t\t<div class=\"car-attribute-subtitle\"><\/div>\n\t\t\t\t\t\t\t<h3 class=\"item-title\"><a href=\"https:\/\/relaisdulys.fr\/index.php\/stock\/volkswagen-polo-vi-gti\/\">Volkswagen Polo VI GTI<\/a><\/h3><div class=\"car-attribute-columns\"><\/div>\t\t\t\t\t<\/div>\n\t\t\t\t<\/div>\n\t\t\t<\/div>\n\t\t\t\t\t\t<div class=\"item col-sm-4\">\n\t\t\t\t<div class=\"car-item text-center white-bg car-item-3\">\n\t\t\t\t\t<div class=\"car-image\">\n\t\t\t\t\t\t<img loading=\"lazy\" decoding=\"async\" class=\"img-responsive cardealer-lazy-load\" alt=\"\" width=\"430\" height=\"321\" src=\"https:\/\/relaisdulys.fr\/wp-content\/plugins\/\/cardealer-helper-library\/images\/loader.gif\" data-src=\"https:\/\/relaisdulys.fr\/wp-content\/uploads\/2025\/12\/IMG_3810-430x321.jpg\"\/>\t\t\t\t\t\t\t<div class=\"car-overlay-banner\">\n\t\t\t\t\t\t\t\t<ul>\n\t\t\t\t\t\t\t\t\t<li><a href=\"https:\/\/relaisdulys.fr\/index.php\/stock\/audi-a3-sportback-tfsi-160\/\" data-toggle=\"tooltip\" title=\"Vue\"><i class=\"fas fa-link\"><\/i><\/a><\/li><li class=\"pssrcset\"><a href=\"javascript:void(0)\" data-toggle=\"tooltip\" title=\"Galerie\" class=\"psimages\" data-image=\"https:\/\/relaisdulys.fr\/wp-content\/uploads\/2025\/12\/IMG_3810-scaled.jpg, https:\/\/relaisdulys.fr\/wp-content\/uploads\/2025\/12\/IMG_3811-scaled.jpg, https:\/\/relaisdulys.fr\/wp-content\/uploads\/2025\/12\/IMG_3813-scaled.jpeg, https:\/\/relaisdulys.fr\/wp-content\/uploads\/2025\/12\/IMG_3814-scaled.jpeg, https:\/\/relaisdulys.fr\/wp-content\/uploads\/2025\/12\/IMG_3817-scaled.jpeg, https:\/\/relaisdulys.fr\/wp-content\/uploads\/2025\/12\/IMG_3818-scaled.jpeg, https:\/\/relaisdulys.fr\/wp-content\/uploads\/2025\/12\/IMG_3819-scaled.jpeg, https:\/\/relaisdulys.fr\/wp-content\/uploads\/2025\/12\/IMG_3821-scaled.jpeg, https:\/\/relaisdulys.fr\/wp-content\/uploads\/2025\/12\/IMG_3823-scaled.jpeg, https:\/\/relaisdulys.fr\/wp-content\/uploads\/2025\/12\/IMG_3822-scaled.jpeg, https:\/\/relaisdulys.fr\/wp-content\/uploads\/2025\/12\/IMG_3825-scaled.jpeg, https:\/\/relaisdulys.fr\/wp-content\/uploads\/2025\/12\/IMG_3826-scaled.jpeg, https:\/\/relaisdulys.fr\/wp-content\/uploads\/2025\/12\/IMG_3828-scaled.jpeg, https:\/\/relaisdulys.fr\/wp-content\/uploads\/2025\/12\/IMG_3837-scaled.jpeg, https:\/\/relaisdulys.fr\/wp-content\/uploads\/2025\/12\/IMG_3838-scaled.jpeg, https:\/\/relaisdulys.fr\/wp-content\/uploads\/2025\/12\/IMG_3839-scaled.jpeg, https:\/\/relaisdulys.fr\/wp-content\/uploads\/2025\/12\/IMG_3840-scaled.jpeg, https:\/\/relaisdulys.fr\/wp-content\/uploads\/2025\/12\/IMG_3842-scaled.jpg, https:\/\/relaisdulys.fr\/wp-content\/uploads\/2025\/12\/IMG_3845-scaled.jpeg, https:\/\/relaisdulys.fr\/wp-content\/uploads\/2025\/12\/IMG_3844-scaled.jpeg\"><i class=\"fas fa-expand\"><\/i><\/a><\/li>\t\t\t\t\t\t\t\t<\/ul>\n\t\t\t\t\t\t\t<\/div>\n\t\t\t\t\t\t\t<div class=\"price car-price \"><bdi class=\"new-price\"> 12,490.00<span class=\"currency currency-EUR\"> &euro;<\/span><\/bdi><\/div>\t\t\t\t\t<\/div>\n\t\t\t\t\t\t\t\t\t\t<div class=\"car-content\">\n\t\t\t\t\t\t\t\t\t\t\t\t\t\t<div class=\"car-attribute-subtitle\"><\/div>\n\t\t\t\t\t\t\t<h3 class=\"item-title\"><a href=\"https:\/\/relaisdulys.fr\/index.php\/stock\/audi-a3-sportback-tfsi-160\/\">Audi A3 Sportback<\/a><\/h3><div class=\"car-attribute-columns\"><\/div>\t\t\t\t\t<\/div>\n\t\t\t\t<\/div>\n\t\t\t<\/div>\n\t\t\t\t\t\t<\/div>\n\t\t\t\t<\/div>\n<\/div>\n\t\t<\/div>\n\t\t\t\t<\/div>\n\t\t\t\t\t<\/div>\n\t\t\t\t<\/div>\n\t\t<div class=\"elementor-element elementor-element-ff7b6ba e-flex e-con-boxed e-con e-parent\" data-id=\"ff7b6ba\" data-element_type=\"container\" data-settings=\"{&quot;background_background&quot;:&quot;classic&quot;}\">\n\t\t\t\t\t<div class=\"e-con-inner\">\n\t\t\t\t<div class=\"elementor-element elementor-element-1ecccf7 elementor-widget elementor-widget-cdhl_section-title\" data-id=\"1ecccf7\" data-element_type=\"widget\" data-widget_type=\"cdhl_section-title.default\">\n\t\t\t\t<div class=\"elementor-widget-container\">\n\t\t\t<div class=\"cdhl_section-title_wrapper\">\n\t<div class=\"section-title text-left style_3\" id=\"1ecccf7\">\n\t\t\t\t\t<h3 class=\"main-title\">\n\t\t\tVehicle Showcase : Style 4\t\t<\/h3>\n\t\t\t<\/div>\n<\/div>\n\t\t<\/div>\n\t\t\t\t<\/div>\n\t\t\t\t<div class=\"elementor-element elementor-element-4e12cb5 elementor-widget elementor-widget-cdhl_vehicles-list\" data-id=\"4e12cb5\" data-element_type=\"widget\" data-widget_type=\"cdhl_vehicles-list.default\">\n\t\t\t\t<div class=\"elementor-widget-container\">\n\t\t\t<div class=\"cdhl_vehicles-list_wrapper pgs_cars_carousel-wrapper\">\n\t<div class=\"pgs_cars_carousel-items\">\n\t\t\t\t\t<div class=\"row\">\n\t\t\t\t\t\t<div class=\"item col-sm-4\">\n\t\t\t\t<div class=\"car-item text-center white-bg car-item-4\">\n\t\t\t\t\t<div class=\"car-image\">\n\t\t\t\t\t\t<img fetchpriority=\"high\" decoding=\"async\" class=\"img-responsive cardealer-lazy-load\" alt=\"\" width=\"430\" height=\"321\" src=\"https:\/\/relaisdulys.fr\/wp-content\/plugins\/\/cardealer-helper-library\/images\/loader.gif\" data-src=\"https:\/\/relaisdulys.fr\/wp-content\/uploads\/2026\/03\/IMG_9797-430x321.jpg\"\/><div class=\"price car-price \"><bdi class=\"new-price\"> 4,990.00<span class=\"currency currency-EUR\"> &euro;<\/span><\/bdi><\/div>\t\t\t\t\t\t\t<div class=\"car-overlay-banner\">\n\t\t\t\t\t\t\t\t<ul>\n\t\t\t\t\t\t\t\t\t<li><a href=\"https:\/\/relaisdulys.fr\/index.php\/stock\/renault-twingo-2-gt-100-occasion\/\" data-toggle=\"tooltip\" title=\"Vue\"><i class=\"fas fa-link\"><\/i><\/a><\/li><li class=\"pssrcset\"><a href=\"javascript:void(0)\" data-toggle=\"tooltip\" title=\"Galerie\" class=\"psimages\" data-image=\"https:\/\/relaisdulys.fr\/wp-content\/uploads\/2026\/03\/IMG_9797-scaled.jpg, https:\/\/relaisdulys.fr\/wp-content\/uploads\/2026\/03\/IMG_9798-scaled.jpg, https:\/\/relaisdulys.fr\/wp-content\/uploads\/2026\/03\/IMG_9799-scaled.jpg, https:\/\/relaisdulys.fr\/wp-content\/uploads\/2026\/03\/IMG_9803-scaled.jpg, https:\/\/relaisdulys.fr\/wp-content\/uploads\/2026\/03\/IMG_9802-scaled.jpg, https:\/\/relaisdulys.fr\/wp-content\/uploads\/2026\/03\/IMG_9809-scaled.jpg, https:\/\/relaisdulys.fr\/wp-content\/uploads\/2026\/03\/IMG_9811-scaled.jpg, https:\/\/relaisdulys.fr\/wp-content\/uploads\/2026\/03\/IMG_9812-scaled.jpg, https:\/\/relaisdulys.fr\/wp-content\/uploads\/2026\/03\/IMG_9815-scaled.jpg, https:\/\/relaisdulys.fr\/wp-content\/uploads\/2026\/03\/IMG_0129-scaled.jpg, https:\/\/relaisdulys.fr\/wp-content\/uploads\/2026\/03\/IMG_0128-scaled.jpg\"><i class=\"fas fa-expand\"><\/i><\/a><\/li>\t\t\t\t\t\t\t\t<\/ul>\n\t\t\t\t\t\t\t<\/div>\n\t\t\t\t\t\t\t\t\t\t\t\t<\/div>\n\t\t\t\t\t\t\t\t\t\t<div class=\"car-content\">\n\t\t\t\t\t\t<div class='car-attribute-subtitle'><\/div><h3 class=\"item-title\"><a href=\"https:\/\/relaisdulys.fr\/index.php\/stock\/renault-twingo-2-gt-100-occasion\/\">Renault Twingo II GT<\/a><span class=\"separator\"><\/span><\/h3><div class='car-description'>D\u00e9couvrez cette Renault Twingo II GT 100ch, la citadine au temp\u00e9rament sportif et au moteur turbo dynamique. Un exemplaire dans un \u00e9tat proche du neuf, avec distribution \u00e0 jour et r\u00e9vision compl\u00e8te, b\u00e9n\u00e9ficiant d'une garantie de 12 mois pour allier plaisir de conduite et s\u00e9r\u00e9nit\u00e9 absolue.<\/div><div class=\"car-list\"><ul class=\"list-inline\"><li><i class=\"fas fa-calendar-alt\"><\/i> 2009<\/li><li title=\"Manue...\"><i class=\"fas fa-cog\"><\/i> Manue...<\/li><li><i class=\"glyph-icon flaticon-gas-station\"><\/i> 125000 km<\/li><\/ul><\/div>\t\t\t\t\t<\/div>\n\t\t\t\t<\/div>\n\t\t\t<\/div>\n\t\t\t\t\t\t<div class=\"item col-sm-4\">\n\t\t\t\t<div class=\"car-item text-center white-bg car-item-4\">\n\t\t\t\t\t<div class=\"car-image\">\n\t\t\t\t\t\t<span class=\"label car-status sold\">VENDU<\/span><img decoding=\"async\" class=\"img-responsive cardealer-lazy-load\" alt=\"\" width=\"430\" height=\"321\" src=\"https:\/\/relaisdulys.fr\/wp-content\/plugins\/\/cardealer-helper-library\/images\/loader.gif\" data-src=\"https:\/\/relaisdulys.fr\/wp-content\/uploads\/2026\/02\/IMG_7537-430x321.jpg\"\/><div class=\"price car-price \"><bdi class=\"new-price\"> 11,990.00<span class=\"currency currency-EUR\"> &euro;<\/span><\/bdi><\/div>\t\t\t\t\t\t\t<div class=\"car-overlay-banner\">\n\t\t\t\t\t\t\t\t<ul>\n\t\t\t\t\t\t\t\t\t<li><a href=\"https:\/\/relaisdulys.fr\/index.php\/stock\/mini-cooper-d-cabriolet-116-chili-gps-chauffant\/\" data-toggle=\"tooltip\" title=\"Vue\"><i class=\"fas fa-link\"><\/i><\/a><\/li><li class=\"pssrcset\"><a href=\"javascript:void(0)\" data-toggle=\"tooltip\" title=\"Galerie\" class=\"psimages\" data-image=\"https:\/\/relaisdulys.fr\/wp-content\/uploads\/2026\/02\/IMG_7537-scaled.jpg, https:\/\/relaisdulys.fr\/wp-content\/uploads\/2026\/02\/IMG_7540-scaled.jpg, https:\/\/relaisdulys.fr\/wp-content\/uploads\/2026\/02\/IMG_7539-scaled.jpg, https:\/\/relaisdulys.fr\/wp-content\/uploads\/2026\/02\/IMG_7543-scaled.jpg, https:\/\/relaisdulys.fr\/wp-content\/uploads\/2026\/02\/IMG_7544-scaled.jpg, https:\/\/relaisdulys.fr\/wp-content\/uploads\/2026\/02\/IMG_7547-scaled.jpg, https:\/\/relaisdulys.fr\/wp-content\/uploads\/2026\/02\/IMG_7550-scaled.jpg, https:\/\/relaisdulys.fr\/wp-content\/uploads\/2026\/02\/IMG_7559-scaled.jpg, https:\/\/relaisdulys.fr\/wp-content\/uploads\/2026\/02\/IMG_7562-scaled.jpg, https:\/\/relaisdulys.fr\/wp-content\/uploads\/2026\/02\/IMG_7563-scaled.jpg, https:\/\/relaisdulys.fr\/wp-content\/uploads\/2026\/02\/IMG_7566-scaled.jpg, https:\/\/relaisdulys.fr\/wp-content\/uploads\/2026\/02\/IMG_7565-scaled.jpg, https:\/\/relaisdulys.fr\/wp-content\/uploads\/2026\/02\/IMG_7541-1-scaled.jpg, https:\/\/relaisdulys.fr\/wp-content\/uploads\/2026\/02\/IMG_7554-1-scaled.jpg, https:\/\/relaisdulys.fr\/wp-content\/uploads\/2026\/02\/IMG_7561-1-scaled.jpg\"><i class=\"fas fa-expand\"><\/i><\/a><\/li>\t\t\t\t\t\t\t\t<\/ul>\n\t\t\t\t\t\t\t<\/div>\n\t\t\t\t\t\t\t\t\t\t\t\t<\/div>\n\t\t\t\t\t\t\t\t\t\t<div class=\"car-content\">\n\t\t\t\t\t\t<div class='car-attribute-subtitle'><\/div><h3 class=\"item-title\"><a href=\"https:\/\/relaisdulys.fr\/index.php\/stock\/mini-cooper-d-cabriolet-116-chili-gps-chauffant\/\">Mini Cooper D Cabriolet<\/a><span class=\"separator\"><\/span><\/h3><div class='car-description'>D\u00e9couvrez cette Mini Cooper D Cabriolet 116ch en finition Chili, l'alliance parfaite entre le plaisir du plein air et l'\u00e9conomie du diesel. Un exemplaire tr\u00e8s bien \u00e9quip\u00e9 b\u00e9n\u00e9ficiant d'une r\u00e9vision compl\u00e8te et d'une garantie de 12 mois pour une s\u00e9r\u00e9nit\u00e9 totale.<\/div><div class=\"car-list\"><ul class=\"list-inline\"><li><i class=\"fas fa-calendar-alt\"><\/i> 2016<\/li><li title=\"Boite...\"><i class=\"fas fa-cog\"><\/i> Boite...<\/li><li><i class=\"glyph-icon flaticon-gas-station\"><\/i> 137000 km<\/li><\/ul><\/div>\t\t\t\t\t<\/div>\n\t\t\t\t<\/div>\n\t\t\t<\/div>\n\t\t\t\t\t\t<div class=\"item col-sm-4\">\n\t\t\t\t<div class=\"car-item text-center white-bg car-item-4\">\n\t\t\t\t\t<div class=\"car-image\">\n\t\t\t\t\t\t<img decoding=\"async\" class=\"img-responsive cardealer-lazy-load\" alt=\"\" width=\"430\" height=\"321\" src=\"https:\/\/relaisdulys.fr\/wp-content\/plugins\/\/cardealer-helper-library\/images\/loader.gif\" data-src=\"https:\/\/relaisdulys.fr\/wp-content\/uploads\/2026\/02\/IMG_7268-copie-430x321.jpg\"\/><div class=\"price car-price \"><bdi class=\"old-price\"> 6,990.00<span class=\"currency currency-EUR\"> &euro;<\/span><\/bdi><bdi class=\"new-price\"> 6,490.00<span class=\"currency currency-EUR\"> &euro;<\/span><\/bdi><\/div>\t\t\t\t\t\t\t<div class=\"car-overlay-banner\">\n\t\t\t\t\t\t\t\t<ul>\n\t\t\t\t\t\t\t\t\t<li><a href=\"https:\/\/relaisdulys.fr\/index.php\/stock\/fiat-500c-1-2-69-lounge-cabriolet-rouge\/\" data-toggle=\"tooltip\" title=\"Vue\"><i class=\"fas fa-link\"><\/i><\/a><\/li><li class=\"pssrcset\"><a href=\"javascript:void(0)\" data-toggle=\"tooltip\" title=\"Galerie\" class=\"psimages\" data-image=\"https:\/\/relaisdulys.fr\/wp-content\/uploads\/2026\/02\/IMG_7268-copie-scaled.jpg, https:\/\/relaisdulys.fr\/wp-content\/uploads\/2026\/02\/IMG_7268-scaled.jpg, https:\/\/relaisdulys.fr\/wp-content\/uploads\/2026\/02\/IMG_7267-scaled.jpg, https:\/\/relaisdulys.fr\/wp-content\/uploads\/2026\/02\/IMG_7283-scaled.jpg, https:\/\/relaisdulys.fr\/wp-content\/uploads\/2026\/02\/IMG_7262-scaled.jpg, https:\/\/relaisdulys.fr\/wp-content\/uploads\/2026\/02\/IMG_7263-scaled.jpg, https:\/\/relaisdulys.fr\/wp-content\/uploads\/2026\/02\/IMG_7265-scaled.jpg, https:\/\/relaisdulys.fr\/wp-content\/uploads\/2026\/02\/IMG_7272-scaled.jpg, https:\/\/relaisdulys.fr\/wp-content\/uploads\/2026\/02\/IMG_7274-scaled.jpg, https:\/\/relaisdulys.fr\/wp-content\/uploads\/2026\/02\/IMG_7275-scaled.jpg, https:\/\/relaisdulys.fr\/wp-content\/uploads\/2026\/02\/IMG_7288-scaled.jpg, https:\/\/relaisdulys.fr\/wp-content\/uploads\/2026\/02\/IMG_7289-scaled.jpg, https:\/\/relaisdulys.fr\/wp-content\/uploads\/2026\/02\/IMG_7290-scaled.jpg, https:\/\/relaisdulys.fr\/wp-content\/uploads\/2026\/02\/IMG_7291-scaled.jpg\"><i class=\"fas fa-expand\"><\/i><\/a><\/li>\t\t\t\t\t\t\t\t<\/ul>\n\t\t\t\t\t\t\t<\/div>\n\t\t\t\t\t\t\t\t\t\t\t\t<\/div>\n\t\t\t\t\t\t\t\t\t\t<div class=\"car-content\">\n\t\t\t\t\t\t<div class='car-attribute-subtitle'><\/div><h3 class=\"item-title\"><a href=\"https:\/\/relaisdulys.fr\/index.php\/stock\/fiat-500c-1-2-69-lounge-cabriolet-rouge\/\">Fiat 500 Cabriolet<\/a><span class=\"separator\"><\/span><\/h3><div class='car-description'>D\u00e9couvrez cette Fiat 500C Lounge 69ch, l'ic\u00f4ne italienne en version cabriolet avec sa capote rouge \u00e9lectrique. Un exemplaire dans un \u00e9tat exceptionnel, avec distribution neuve et r\u00e9vision compl\u00e8te, b\u00e9n\u00e9ficiant d'une garantie de 12 mois pour rouler l'esprit libre.<\/div><div class=\"car-list\"><ul class=\"list-inline\"><li><i class=\"fas fa-calendar-alt\"><\/i> 2010<\/li><li title=\"Manue...\"><i class=\"fas fa-cog\"><\/i> Manue...<\/li><li><i class=\"glyph-icon flaticon-gas-station\"><\/i> 100000 km<\/li><\/ul><\/div>\t\t\t\t\t<\/div>\n\t\t\t\t<\/div>\n\t\t\t<\/div>\n\t\t\t\t\t\t<div class=\"item col-sm-4\">\n\t\t\t\t<div class=\"car-item text-center white-bg car-item-4\">\n\t\t\t\t\t<div class=\"car-image\">\n\t\t\t\t\t\t<span class=\"label car-status sold\">VENDU<\/span><img loading=\"lazy\" decoding=\"async\" class=\"img-responsive cardealer-lazy-load\" alt=\"\" width=\"430\" height=\"321\" src=\"https:\/\/relaisdulys.fr\/wp-content\/plugins\/\/cardealer-helper-library\/images\/loader.gif\" data-src=\"https:\/\/relaisdulys.fr\/wp-content\/uploads\/2025\/12\/IMG_2628-430x321.jpg\"\/><div class=\"price car-price \"><bdi class=\"new-price\"> 7,790.00<span class=\"currency currency-EUR\"> &euro;<\/span><\/bdi><\/div>\t\t\t\t\t\t\t<div class=\"car-overlay-banner\">\n\t\t\t\t\t\t\t\t<ul>\n\t\t\t\t\t\t\t\t\t<li><a href=\"https:\/\/relaisdulys.fr\/index.php\/stock\/peugeot-308-ii-allure\/\" data-toggle=\"tooltip\" title=\"Vue\"><i class=\"fas fa-link\"><\/i><\/a><\/li><li class=\"pssrcset\"><a href=\"javascript:void(0)\" data-toggle=\"tooltip\" title=\"Galerie\" class=\"psimages\" data-image=\"https:\/\/relaisdulys.fr\/wp-content\/uploads\/2025\/12\/IMG_2628-scaled.jpg, https:\/\/relaisdulys.fr\/wp-content\/uploads\/2025\/12\/IMG_2629-scaled.jpeg, https:\/\/relaisdulys.fr\/wp-content\/uploads\/2025\/12\/IMG_2637-scaled.jpeg, https:\/\/relaisdulys.fr\/wp-content\/uploads\/2025\/12\/IMG_2638-scaled.jpeg, https:\/\/relaisdulys.fr\/wp-content\/uploads\/2025\/12\/IMG_2639-scaled.jpeg, https:\/\/relaisdulys.fr\/wp-content\/uploads\/2025\/12\/IMG_2648-scaled.jpeg, https:\/\/relaisdulys.fr\/wp-content\/uploads\/2025\/12\/IMG_2649-scaled.jpeg, https:\/\/relaisdulys.fr\/wp-content\/uploads\/2025\/12\/IMG_2650-scaled.jpg, https:\/\/relaisdulys.fr\/wp-content\/uploads\/2025\/12\/IMG_2652-scaled.jpeg, https:\/\/relaisdulys.fr\/wp-content\/uploads\/2025\/12\/IMG_2653-scaled.jpeg, https:\/\/relaisdulys.fr\/wp-content\/uploads\/2025\/12\/IMG_2655-scaled.jpg, https:\/\/relaisdulys.fr\/wp-content\/uploads\/2025\/12\/IMG_2657-scaled.jpeg, https:\/\/relaisdulys.fr\/wp-content\/uploads\/2025\/12\/IMG_2640-1-scaled.jpeg\"><i class=\"fas fa-expand\"><\/i><\/a><\/li>\t\t\t\t\t\t\t\t<\/ul>\n\t\t\t\t\t\t\t<\/div>\n\t\t\t\t\t\t\t\t\t\t\t\t<\/div>\n\t\t\t\t\t\t\t\t\t\t<div class=\"car-content\">\n\t\t\t\t\t\t<div class='car-attribute-subtitle'><\/div><h3 class=\"item-title\"><a href=\"https:\/\/relaisdulys.fr\/index.php\/stock\/peugeot-308-ii-allure\/\">Peugeot 308 II Allure<\/a><span class=\"separator\"><\/span><\/h3><div class='car-description'>D\u00e9couvrez cette Peugeot 308 Allure 130ch, une berline \u00e9l\u00e9gante et sur\u00e9quip\u00e9e (Toit Pano, Carplay, Cam\u00e9ra). Un exemplaire rigoureusement suivi, b\u00e9n\u00e9ficiant d'une garantie de 24 mois pour une s\u00e9r\u00e9nit\u00e9 totale.<\/div><div class=\"car-list\"><ul class=\"list-inline\"><li><i class=\"fas fa-calendar-alt\"><\/i> 2018<\/li><li title=\"Manue...\"><i class=\"fas fa-cog\"><\/i> Manue...<\/li><li><i class=\"glyph-icon flaticon-gas-station\"><\/i> 117900 km<\/li><\/ul><\/div>\t\t\t\t\t<\/div>\n\t\t\t\t<\/div>\n\t\t\t<\/div>\n\t\t\t\t\t\t<div class=\"item col-sm-4\">\n\t\t\t\t<div class=\"car-item text-center white-bg car-item-4\">\n\t\t\t\t\t<div class=\"car-image\">\n\t\t\t\t\t\t<img loading=\"lazy\" decoding=\"async\" class=\"img-responsive cardealer-lazy-load\" alt=\"\" width=\"430\" height=\"321\" src=\"https:\/\/relaisdulys.fr\/wp-content\/plugins\/\/cardealer-helper-library\/images\/loader.gif\" data-src=\"https:\/\/relaisdulys.fr\/wp-content\/uploads\/2025\/12\/IMG_4683-430x321.jpg\"\/><div class=\"price car-price \"><bdi class=\"new-price\"> 17,990.00<span class=\"currency currency-EUR\"> &euro;<\/span><\/bdi><\/div>\t\t\t\t\t\t\t<div class=\"car-overlay-banner\">\n\t\t\t\t\t\t\t\t<ul>\n\t\t\t\t\t\t\t\t\t<li><a href=\"https:\/\/relaisdulys.fr\/index.php\/stock\/volkswagen-polo-vi-gti\/\" data-toggle=\"tooltip\" title=\"Vue\"><i class=\"fas fa-link\"><\/i><\/a><\/li><li class=\"pssrcset\"><a href=\"javascript:void(0)\" data-toggle=\"tooltip\" title=\"Galerie\" class=\"psimages\" data-image=\"https:\/\/relaisdulys.fr\/wp-content\/uploads\/2025\/12\/IMG_4683-scaled.jpg, https:\/\/relaisdulys.fr\/wp-content\/uploads\/2025\/12\/IMG_4684.heic, https:\/\/relaisdulys.fr\/wp-content\/uploads\/2025\/12\/IMG_4685.heic, https:\/\/relaisdulys.fr\/wp-content\/uploads\/2025\/12\/IMG_4686.heic, https:\/\/relaisdulys.fr\/wp-content\/uploads\/2025\/12\/IMG_4687.heic, https:\/\/relaisdulys.fr\/wp-content\/uploads\/2025\/12\/IMG_4688.heic, https:\/\/relaisdulys.fr\/wp-content\/uploads\/2025\/12\/IMG_4689.heic, https:\/\/relaisdulys.fr\/wp-content\/uploads\/2025\/12\/IMG_4690.heic, https:\/\/relaisdulys.fr\/wp-content\/uploads\/2025\/12\/IMG_4691.heic, https:\/\/relaisdulys.fr\/wp-content\/uploads\/2025\/12\/IMG_4692.heic, https:\/\/relaisdulys.fr\/wp-content\/uploads\/2025\/12\/IMG_4693.heic, https:\/\/relaisdulys.fr\/wp-content\/uploads\/2025\/12\/IMG_4694.heic, https:\/\/relaisdulys.fr\/wp-content\/uploads\/2025\/12\/IMG_4695.heic, https:\/\/relaisdulys.fr\/wp-content\/uploads\/2025\/12\/IMG_4696.heic, https:\/\/relaisdulys.fr\/wp-content\/uploads\/2025\/12\/IMG_4697.heic, https:\/\/relaisdulys.fr\/wp-content\/uploads\/2025\/12\/IMG_4698.heic, https:\/\/relaisdulys.fr\/wp-content\/uploads\/2025\/12\/IMG_4699.heic, https:\/\/relaisdulys.fr\/wp-content\/uploads\/2025\/12\/IMG_4700.heic, https:\/\/relaisdulys.fr\/wp-content\/uploads\/2025\/12\/IMG_4701.heic, https:\/\/relaisdulys.fr\/wp-content\/uploads\/2025\/12\/IMG_4702.heic, https:\/\/relaisdulys.fr\/wp-content\/uploads\/2025\/12\/IMG_4703.heic, https:\/\/relaisdulys.fr\/wp-content\/uploads\/2025\/12\/IMG_4704.heic, https:\/\/relaisdulys.fr\/wp-content\/uploads\/2025\/12\/IMG_4705.heic, https:\/\/relaisdulys.fr\/wp-content\/uploads\/2025\/12\/IMG_4706.heic, https:\/\/relaisdulys.fr\/wp-content\/uploads\/2025\/12\/IMG_4707.heic, https:\/\/relaisdulys.fr\/wp-content\/uploads\/2025\/12\/IMG_4708.heic, https:\/\/relaisdulys.fr\/wp-content\/uploads\/2025\/12\/IMG_4709.heic, https:\/\/relaisdulys.fr\/wp-content\/uploads\/2025\/12\/IMG_4710.heic, https:\/\/relaisdulys.fr\/wp-content\/uploads\/2025\/12\/IMG_4711.heic, https:\/\/relaisdulys.fr\/wp-content\/uploads\/2025\/12\/IMG_4712.heic, https:\/\/relaisdulys.fr\/wp-content\/uploads\/2025\/12\/IMG_4713.heic, https:\/\/relaisdulys.fr\/wp-content\/uploads\/2025\/12\/IMG_4716-scaled.jpg, https:\/\/relaisdulys.fr\/wp-content\/uploads\/2025\/12\/IMG_4717.heic, https:\/\/relaisdulys.fr\/wp-content\/uploads\/2025\/12\/IMG_4718.heic, https:\/\/relaisdulys.fr\/wp-content\/uploads\/2025\/12\/IMG_4719.heic, https:\/\/relaisdulys.fr\/wp-content\/uploads\/2025\/12\/IMG_4720.heic, https:\/\/relaisdulys.fr\/wp-content\/uploads\/2025\/12\/IMG_4721.heic, https:\/\/relaisdulys.fr\/wp-content\/uploads\/2025\/12\/IMG_4722.heic, https:\/\/relaisdulys.fr\/wp-content\/uploads\/2025\/12\/IMG_4724.heic, https:\/\/relaisdulys.fr\/wp-content\/uploads\/2025\/12\/IMG_4725.heic, https:\/\/relaisdulys.fr\/wp-content\/uploads\/2025\/12\/IMG_4726.heic, https:\/\/relaisdulys.fr\/wp-content\/uploads\/2025\/12\/IMG_4727.heic, https:\/\/relaisdulys.fr\/wp-content\/uploads\/2025\/12\/IMG_4728.heic, https:\/\/relaisdulys.fr\/wp-content\/uploads\/2025\/12\/IMG_4729.heic, https:\/\/relaisdulys.fr\/wp-content\/uploads\/2025\/12\/IMG_4730.heic\"><i class=\"fas fa-expand\"><\/i><\/a><\/li>\t\t\t\t\t\t\t\t<\/ul>\n\t\t\t\t\t\t\t<\/div>\n\t\t\t\t\t\t\t\t\t\t\t\t<\/div>\n\t\t\t\t\t\t\t\t\t\t<div class=\"car-content\">\n\t\t\t\t\t\t<div class='car-attribute-subtitle'><\/div><h3 class=\"item-title\"><a href=\"https:\/\/relaisdulys.fr\/index.php\/stock\/volkswagen-polo-vi-gti\/\">Volkswagen Polo VI GTI<\/a><span class=\"separator\"><\/span><\/h3><div class='car-description'>Volkswagen Polo GTI, une petite sportive pleine de caract\u00e8re. Son moteur vif, son ch\u00e2ssis pr\u00e9cis et son design affirm\u00e9 font de chaque trajet un v\u00e9ritable plaisir de conduite, que ce soit en ville ou sur route. Un v\u00e9hicule suivi et pr\u00e9par\u00e9, pr\u00eat \u00e0 offrir sensations et plaisir au quotidien.<\/div><div class=\"car-list\"><ul class=\"list-inline\"><li><i class=\"fas fa-calendar-alt\"><\/i> 2020<\/li><li title=\"Autom...\"><i class=\"fas fa-cog\"><\/i> Autom...<\/li><li><i class=\"glyph-icon flaticon-gas-station\"><\/i> 97000 km<\/li><\/ul><\/div>\t\t\t\t\t<\/div>\n\t\t\t\t<\/div>\n\t\t\t<\/div>\n\t\t\t\t\t\t<div class=\"item col-sm-4\">\n\t\t\t\t<div class=\"car-item text-center white-bg car-item-4\">\n\t\t\t\t\t<div class=\"car-image\">\n\t\t\t\t\t\t<img loading=\"lazy\" decoding=\"async\" class=\"img-responsive cardealer-lazy-load\" alt=\"\" width=\"430\" height=\"321\" src=\"https:\/\/relaisdulys.fr\/wp-content\/plugins\/\/cardealer-helper-library\/images\/loader.gif\" data-src=\"https:\/\/relaisdulys.fr\/wp-content\/uploads\/2025\/12\/IMG_3810-430x321.jpg\"\/><div class=\"price car-price \"><bdi class=\"new-price\"> 12,490.00<span class=\"currency currency-EUR\"> &euro;<\/span><\/bdi><\/div>\t\t\t\t\t\t\t<div class=\"car-overlay-banner\">\n\t\t\t\t\t\t\t\t<ul>\n\t\t\t\t\t\t\t\t\t<li><a href=\"https:\/\/relaisdulys.fr\/index.php\/stock\/audi-a3-sportback-tfsi-160\/\" data-toggle=\"tooltip\" title=\"Vue\"><i class=\"fas fa-link\"><\/i><\/a><\/li><li class=\"pssrcset\"><a href=\"javascript:void(0)\" data-toggle=\"tooltip\" title=\"Galerie\" class=\"psimages\" data-image=\"https:\/\/relaisdulys.fr\/wp-content\/uploads\/2025\/12\/IMG_3810-scaled.jpg, https:\/\/relaisdulys.fr\/wp-content\/uploads\/2025\/12\/IMG_3811-scaled.jpg, https:\/\/relaisdulys.fr\/wp-content\/uploads\/2025\/12\/IMG_3813-scaled.jpeg, https:\/\/relaisdulys.fr\/wp-content\/uploads\/2025\/12\/IMG_3814-scaled.jpeg, https:\/\/relaisdulys.fr\/wp-content\/uploads\/2025\/12\/IMG_3817-scaled.jpeg, https:\/\/relaisdulys.fr\/wp-content\/uploads\/2025\/12\/IMG_3818-scaled.jpeg, https:\/\/relaisdulys.fr\/wp-content\/uploads\/2025\/12\/IMG_3819-scaled.jpeg, https:\/\/relaisdulys.fr\/wp-content\/uploads\/2025\/12\/IMG_3821-scaled.jpeg, https:\/\/relaisdulys.fr\/wp-content\/uploads\/2025\/12\/IMG_3823-scaled.jpeg, https:\/\/relaisdulys.fr\/wp-content\/uploads\/2025\/12\/IMG_3822-scaled.jpeg, https:\/\/relaisdulys.fr\/wp-content\/uploads\/2025\/12\/IMG_3825-scaled.jpeg, https:\/\/relaisdulys.fr\/wp-content\/uploads\/2025\/12\/IMG_3826-scaled.jpeg, https:\/\/relaisdulys.fr\/wp-content\/uploads\/2025\/12\/IMG_3828-scaled.jpeg, https:\/\/relaisdulys.fr\/wp-content\/uploads\/2025\/12\/IMG_3837-scaled.jpeg, https:\/\/relaisdulys.fr\/wp-content\/uploads\/2025\/12\/IMG_3838-scaled.jpeg, https:\/\/relaisdulys.fr\/wp-content\/uploads\/2025\/12\/IMG_3839-scaled.jpeg, https:\/\/relaisdulys.fr\/wp-content\/uploads\/2025\/12\/IMG_3840-scaled.jpeg, https:\/\/relaisdulys.fr\/wp-content\/uploads\/2025\/12\/IMG_3842-scaled.jpg, https:\/\/relaisdulys.fr\/wp-content\/uploads\/2025\/12\/IMG_3845-scaled.jpeg, https:\/\/relaisdulys.fr\/wp-content\/uploads\/2025\/12\/IMG_3844-scaled.jpeg\"><i class=\"fas fa-expand\"><\/i><\/a><\/li>\t\t\t\t\t\t\t\t<\/ul>\n\t\t\t\t\t\t\t<\/div>\n\t\t\t\t\t\t\t\t\t\t\t\t<\/div>\n\t\t\t\t\t\t\t\t\t\t<div class=\"car-content\">\n\t\t\t\t\t\t<div class='car-attribute-subtitle'><\/div><h3 class=\"item-title\"><a href=\"https:\/\/relaisdulys.fr\/index.php\/stock\/audi-a3-sportback-tfsi-160\/\">Audi A3 Sportback<\/a><span class=\"separator\"><\/span><\/h3><div class='car-description'>Audi A3 Sportback 1.8 TFSI 160 S-Line, 1\u00e8re main, entretien complet, tr\u00e8s bon \u00e9tat g\u00e9n\u00e9ral \ud83c\udf1f. Compacte premium offrant un excellent compromis entre dynamisme, style et fiabilit\u00e9. R\u00e9vis\u00e9e et enti\u00e8rement pr\u00e9par\u00e9e, aucun frais \u00e0 pr\u00e9voir \ud83d\udd27.<\/div><div class=\"car-list\"><ul class=\"list-inline\"><li><i class=\"fas fa-calendar-alt\"><\/i> 2011<\/li><li title=\"Manue...\"><i class=\"fas fa-cog\"><\/i> Manue...<\/li><li><i class=\"glyph-icon flaticon-gas-station\"><\/i> 135900 km<\/li><\/ul><\/div>\t\t\t\t\t<\/div>\n\t\t\t\t<\/div>\n\t\t\t<\/div>\n\t\t\t\t\t\t<\/div>\n\t\t\t\t<\/div>\n<\/div>\n\t\t<\/div>\n\t\t\t\t<\/div>\n\t\t\t\t\t<\/div>\n\t\t\t\t<\/div>\n\t\t\t\t<\/div>\n\t\t","protected":false},"excerpt":{"rendered":"<p>Vehicle Showcase : Style 3 CertifiedSOLD &#036;43,085.00&#036;41,085.00 2017 Chevrolet Camaro 1SS Certified &#036;18,994.00 2012 Buick Enclave Leather Certified &#036;30,370.00&#036;26,370.00 2016 Chevrolet Silverado 1500 Certified &#036;20,635.00&#036;14,635.00 2016 Chevrolet Sonic LT Auto Certified &#036;12,631.00 2015 Chevrolet Cruze 1LT Auto Certified &#036;45,915.00&#036;38,495.00 2016 Buick LaCrosse Premium I Vehicle Showcase : Style 4 CertifiedSOLD&#036;43,085.00&#036;41,085.00 2017 Chevrolet Camaro 1SS 36816617 [&hellip;]<\/p>\n","protected":false},"author":1,"featured_media":0,"parent":0,"menu_order":0,"comment_status":"closed","ping_status":"closed","template":"elementor_header_footer","meta":{"_acf_changed":false,"footnotes":""},"class_list":["post-12743","page","type-page","status-publish","hentry"],"acf":[],"yoast_head":"<!-- This site is optimized with the Yoast SEO plugin v24.0 - https:\/\/yoast.com\/wordpress\/plugins\/seo\/ -->\n<title>Vehicle Showcase - Le Relais du Lys - V\u00e9hicules premium et sportifs d&#039;occasion - Atelier de r\u00e9paration - D\u00e9pot-vente<\/title>\n<meta name=\"robots\" content=\"index, follow, max-snippet:-1, max-image-preview:large, max-video-preview:-1\" \/>\n<link rel=\"canonical\" href=\"https:\/\/relaisdulys.fr\/index.php\/vehicle-showcase\/\" \/>\n<meta property=\"og:locale\" content=\"fr_FR\" \/>\n<meta property=\"og:type\" content=\"article\" \/>\n<meta property=\"og:title\" content=\"Vehicle Showcase - Le Relais du Lys - V\u00e9hicules premium et sportifs d&#039;occasion - Atelier de r\u00e9paration - D\u00e9pot-vente\" \/>\n<meta property=\"og:description\" content=\"Vehicle Showcase : Style 3 CertifiedSOLD &#036;43,085.00&#036;41,085.00 2017 Chevrolet Camaro 1SS Certified &#036;18,994.00 2012 Buick Enclave Leather Certified &#036;30,370.00&#036;26,370.00 2016 Chevrolet Silverado 1500 Certified &#036;20,635.00&#036;14,635.00 2016 Chevrolet Sonic LT Auto Certified &#036;12,631.00 2015 Chevrolet Cruze 1LT Auto Certified &#036;45,915.00&#036;38,495.00 2016 Buick LaCrosse Premium I Vehicle Showcase : Style 4 CertifiedSOLD&#036;43,085.00&#036;41,085.00 2017 Chevrolet Camaro 1SS 36816617 [&hellip;]\" \/>\n<meta property=\"og:url\" content=\"https:\/\/relaisdulys.fr\/index.php\/vehicle-showcase\/\" \/>\n<meta property=\"og:site_name\" content=\"Le Relais du Lys - V\u00e9hicules premium et sportifs d&#039;occasion - Atelier de r\u00e9paration - D\u00e9pot-vente\" \/>\n<meta property=\"article:publisher\" content=\"https:\/\/facebook.com\/lerelaisdulys\" \/>\n<meta property=\"og:image\" content=\"https:\/\/sampledata.potenzaglobalsolutions.com\/cardealer-el\/wp-content\/plugins\/cardealer-helper-library\/images\/carplaceholder.jpg\" \/>\n<meta name=\"twitter:card\" content=\"summary_large_image\" \/>\n<script type=\"application\/ld+json\" class=\"yoast-schema-graph\">{\"@context\":\"https:\/\/schema.org\",\"@graph\":[{\"@type\":\"WebPage\",\"@id\":\"https:\/\/relaisdulys.fr\/index.php\/vehicle-showcase\/\",\"url\":\"https:\/\/relaisdulys.fr\/index.php\/vehicle-showcase\/\",\"name\":\"Vehicle Showcase - Le Relais du Lys - V\u00e9hicules premium et sportifs d&#039;occasion - Atelier de r\u00e9paration - D\u00e9pot-vente\",\"isPartOf\":{\"@id\":\"https:\/\/relaisdulys.fr\/#website\"},\"primaryImageOfPage\":{\"@id\":\"https:\/\/relaisdulys.fr\/index.php\/vehicle-showcase\/#primaryimage\"},\"image\":{\"@id\":\"https:\/\/relaisdulys.fr\/index.php\/vehicle-showcase\/#primaryimage\"},\"thumbnailUrl\":\"https:\/\/sampledata.potenzaglobalsolutions.com\/cardealer-el\/wp-content\/plugins\/cardealer-helper-library\/images\/carplaceholder.jpg\",\"datePublished\":\"2024-01-03T11:23:42+00:00\",\"dateModified\":\"2024-01-03T11:23:42+00:00\",\"breadcrumb\":{\"@id\":\"https:\/\/relaisdulys.fr\/index.php\/vehicle-showcase\/#breadcrumb\"},\"inLanguage\":\"fr-FR\",\"potentialAction\":[{\"@type\":\"ReadAction\",\"target\":[\"https:\/\/relaisdulys.fr\/index.php\/vehicle-showcase\/\"]}]},{\"@type\":\"ImageObject\",\"inLanguage\":\"fr-FR\",\"@id\":\"https:\/\/relaisdulys.fr\/index.php\/vehicle-showcase\/#primaryimage\",\"url\":\"https:\/\/sampledata.potenzaglobalsolutions.com\/cardealer-el\/wp-content\/plugins\/cardealer-helper-library\/images\/carplaceholder.jpg\",\"contentUrl\":\"https:\/\/sampledata.potenzaglobalsolutions.com\/cardealer-el\/wp-content\/plugins\/cardealer-helper-library\/images\/carplaceholder.jpg\"},{\"@type\":\"BreadcrumbList\",\"@id\":\"https:\/\/relaisdulys.fr\/index.php\/vehicle-showcase\/#breadcrumb\",\"itemListElement\":[{\"@type\":\"ListItem\",\"position\":1,\"name\":\"Accueil\",\"item\":\"https:\/\/relaisdulys.fr\/\"},{\"@type\":\"ListItem\",\"position\":2,\"name\":\"Vehicle Showcase\"}]},{\"@type\":\"WebSite\",\"@id\":\"https:\/\/relaisdulys.fr\/#website\",\"url\":\"https:\/\/relaisdulys.fr\/\",\"name\":\"Le Relais du Lys - V\u00e9hicules premium et sportifs d'occasion - Atelier de r\u00e9paration - D\u00e9pot-vente\",\"description\":\"Garage Le Relais du Lys \u00e0 proximit\u00e9 de Toulouse - Vente de v\u00e9hicules d&#039;occasion premium et sportifs - Entretien et r\u00e9paration - Achat - D\u00e9p\u00f4t-Vente \u00e0 Saint-Lys\",\"publisher\":{\"@id\":\"https:\/\/relaisdulys.fr\/#organization\"},\"alternateName\":\"Le Relais du Lys - Garage Eurorepar \u00e0 Saint-Lys\",\"potentialAction\":[{\"@type\":\"SearchAction\",\"target\":{\"@type\":\"EntryPoint\",\"urlTemplate\":\"https:\/\/relaisdulys.fr\/?s={search_term_string}\"},\"query-input\":{\"@type\":\"PropertyValueSpecification\",\"valueRequired\":true,\"valueName\":\"search_term_string\"}}],\"inLanguage\":\"fr-FR\"},{\"@type\":\"Organization\",\"@id\":\"https:\/\/relaisdulys.fr\/#organization\",\"name\":\"Le Relais du Lys\",\"url\":\"https:\/\/relaisdulys.fr\/\",\"logo\":{\"@type\":\"ImageObject\",\"inLanguage\":\"fr-FR\",\"@id\":\"https:\/\/relaisdulys.fr\/#\/schema\/logo\/image\/\",\"url\":\"https:\/\/relaisdulys.fr\/wp-content\/uploads\/2021\/07\/relais-du-lys-350-100.png\",\"contentUrl\":\"https:\/\/relaisdulys.fr\/wp-content\/uploads\/2021\/07\/relais-du-lys-350-100.png\",\"width\":350,\"height\":100,\"caption\":\"Le Relais du Lys\"},\"image\":{\"@id\":\"https:\/\/relaisdulys.fr\/#\/schema\/logo\/image\/\"},\"sameAs\":[\"https:\/\/facebook.com\/lerelaisdulys\",\"https:\/\/youtube.com\/@relaisdulys\",\"https:\/\/instagram.com\/relaisdulys\",\"https:\/\/maps.app.goo.gl\/UPLQVadwmRR3DgUbA\"]}]}<\/script>\n<!-- \/ Yoast SEO plugin. -->","yoast_head_json":{"title":"Vehicle Showcase - Le Relais du Lys - V\u00e9hicules premium et sportifs d&#039;occasion - Atelier de r\u00e9paration - D\u00e9pot-vente","robots":{"index":"index","follow":"follow","max-snippet":"max-snippet:-1","max-image-preview":"max-image-preview:large","max-video-preview":"max-video-preview:-1"},"canonical":"https:\/\/relaisdulys.fr\/index.php\/vehicle-showcase\/","og_locale":"fr_FR","og_type":"article","og_title":"Vehicle Showcase - Le Relais du Lys - V\u00e9hicules premium et sportifs d&#039;occasion - Atelier de r\u00e9paration - D\u00e9pot-vente","og_description":"Vehicle Showcase : Style 3 CertifiedSOLD &#036;43,085.00&#036;41,085.00 2017 Chevrolet Camaro 1SS Certified &#036;18,994.00 2012 Buick Enclave Leather Certified &#036;30,370.00&#036;26,370.00 2016 Chevrolet Silverado 1500 Certified &#036;20,635.00&#036;14,635.00 2016 Chevrolet Sonic LT Auto Certified &#036;12,631.00 2015 Chevrolet Cruze 1LT Auto Certified &#036;45,915.00&#036;38,495.00 2016 Buick LaCrosse Premium I Vehicle Showcase : Style 4 CertifiedSOLD&#036;43,085.00&#036;41,085.00 2017 Chevrolet Camaro 1SS 36816617 [&hellip;]","og_url":"https:\/\/relaisdulys.fr\/index.php\/vehicle-showcase\/","og_site_name":"Le Relais du Lys - V\u00e9hicules premium et sportifs d&#039;occasion - Atelier de r\u00e9paration - D\u00e9pot-vente","article_publisher":"https:\/\/facebook.com\/lerelaisdulys","og_image":[{"url":"https:\/\/sampledata.potenzaglobalsolutions.com\/cardealer-el\/wp-content\/plugins\/cardealer-helper-library\/images\/carplaceholder.jpg","type":"","width":"","height":""}],"twitter_card":"summary_large_image","schema":{"@context":"https:\/\/schema.org","@graph":[{"@type":"WebPage","@id":"https:\/\/relaisdulys.fr\/index.php\/vehicle-showcase\/","url":"https:\/\/relaisdulys.fr\/index.php\/vehicle-showcase\/","name":"Vehicle Showcase - Le Relais du Lys - V\u00e9hicules premium et sportifs d&#039;occasion - Atelier de r\u00e9paration - D\u00e9pot-vente","isPartOf":{"@id":"https:\/\/relaisdulys.fr\/#website"},"primaryImageOfPage":{"@id":"https:\/\/relaisdulys.fr\/index.php\/vehicle-showcase\/#primaryimage"},"image":{"@id":"https:\/\/relaisdulys.fr\/index.php\/vehicle-showcase\/#primaryimage"},"thumbnailUrl":"https:\/\/sampledata.potenzaglobalsolutions.com\/cardealer-el\/wp-content\/plugins\/cardealer-helper-library\/images\/carplaceholder.jpg","datePublished":"2024-01-03T11:23:42+00:00","dateModified":"2024-01-03T11:23:42+00:00","breadcrumb":{"@id":"https:\/\/relaisdulys.fr\/index.php\/vehicle-showcase\/#breadcrumb"},"inLanguage":"fr-FR","potentialAction":[{"@type":"ReadAction","target":["https:\/\/relaisdulys.fr\/index.php\/vehicle-showcase\/"]}]},{"@type":"ImageObject","inLanguage":"fr-FR","@id":"https:\/\/relaisdulys.fr\/index.php\/vehicle-showcase\/#primaryimage","url":"https:\/\/sampledata.potenzaglobalsolutions.com\/cardealer-el\/wp-content\/plugins\/cardealer-helper-library\/images\/carplaceholder.jpg","contentUrl":"https:\/\/sampledata.potenzaglobalsolutions.com\/cardealer-el\/wp-content\/plugins\/cardealer-helper-library\/images\/carplaceholder.jpg"},{"@type":"BreadcrumbList","@id":"https:\/\/relaisdulys.fr\/index.php\/vehicle-showcase\/#breadcrumb","itemListElement":[{"@type":"ListItem","position":1,"name":"Accueil","item":"https:\/\/relaisdulys.fr\/"},{"@type":"ListItem","position":2,"name":"Vehicle Showcase"}]},{"@type":"WebSite","@id":"https:\/\/relaisdulys.fr\/#website","url":"https:\/\/relaisdulys.fr\/","name":"Le Relais du Lys - V\u00e9hicules premium et sportifs d'occasion - Atelier de r\u00e9paration - D\u00e9pot-vente","description":"Garage Le Relais du Lys \u00e0 proximit\u00e9 de Toulouse - Vente de v\u00e9hicules d&#039;occasion premium et sportifs - Entretien et r\u00e9paration - Achat - D\u00e9p\u00f4t-Vente \u00e0 Saint-Lys","publisher":{"@id":"https:\/\/relaisdulys.fr\/#organization"},"alternateName":"Le Relais du Lys - Garage Eurorepar \u00e0 Saint-Lys","potentialAction":[{"@type":"SearchAction","target":{"@type":"EntryPoint","urlTemplate":"https:\/\/relaisdulys.fr\/?s={search_term_string}"},"query-input":{"@type":"PropertyValueSpecification","valueRequired":true,"valueName":"search_term_string"}}],"inLanguage":"fr-FR"},{"@type":"Organization","@id":"https:\/\/relaisdulys.fr\/#organization","name":"Le Relais du Lys","url":"https:\/\/relaisdulys.fr\/","logo":{"@type":"ImageObject","inLanguage":"fr-FR","@id":"https:\/\/relaisdulys.fr\/#\/schema\/logo\/image\/","url":"https:\/\/relaisdulys.fr\/wp-content\/uploads\/2021\/07\/relais-du-lys-350-100.png","contentUrl":"https:\/\/relaisdulys.fr\/wp-content\/uploads\/2021\/07\/relais-du-lys-350-100.png","width":350,"height":100,"caption":"Le Relais du Lys"},"image":{"@id":"https:\/\/relaisdulys.fr\/#\/schema\/logo\/image\/"},"sameAs":["https:\/\/facebook.com\/lerelaisdulys","https:\/\/youtube.com\/@relaisdulys","https:\/\/instagram.com\/relaisdulys","https:\/\/maps.app.goo.gl\/UPLQVadwmRR3DgUbA"]}]}},"_links":{"self":[{"href":"https:\/\/relaisdulys.fr\/index.php\/wp-json\/wp\/v2\/pages\/12743","targetHints":{"allow":["GET"]}}],"collection":[{"href":"https:\/\/relaisdulys.fr\/index.php\/wp-json\/wp\/v2\/pages"}],"about":[{"href":"https:\/\/relaisdulys.fr\/index.php\/wp-json\/wp\/v2\/types\/page"}],"author":[{"embeddable":true,"href":"https:\/\/relaisdulys.fr\/index.php\/wp-json\/wp\/v2\/users\/1"}],"replies":[{"embeddable":true,"href":"https:\/\/relaisdulys.fr\/index.php\/wp-json\/wp\/v2\/comments?post=12743"}],"version-history":[{"count":0,"href":"https:\/\/relaisdulys.fr\/index.php\/wp-json\/wp\/v2\/pages\/12743\/revisions"}],"wp:attachment":[{"href":"https:\/\/relaisdulys.fr\/index.php\/wp-json\/wp\/v2\/media?parent=12743"}],"curies":[{"name":"wp","href":"https:\/\/api.w.org\/{rel}","templated":true}]}}