{"id":12585,"date":"2023-12-26T12:26:58","date_gmt":"2023-12-26T12:26:58","guid":{"rendered":"https:\/\/sampledata.potenzaglobalsolutions.com\/cardealer-el\/?page_id=12585"},"modified":"2023-12-26T12:26:58","modified_gmt":"2023-12-26T12:26:58","slug":"vehicle-listing","status":"publish","type":"page","link":"https:\/\/relaisdulys.fr\/index.php\/vehicle-listing\/","title":{"rendered":"Vehicle Listing"},"content":{"rendered":"\t\t<div data-elementor-type=\"wp-page\" data-elementor-id=\"12585\" class=\"elementor elementor-12585\">\n\t\t\t\t\t\t<section class=\"elementor-section elementor-top-section elementor-element elementor-element-ef13c51 elementor-section-boxed elementor-section-height-default elementor-section-height-default\" data-id=\"ef13c51\" data-element_type=\"section\">\n\t\t\t\t\t\t<div class=\"elementor-container elementor-column-gap-default\">\n\t\t\t\t\t<div class=\"elementor-column elementor-col-100 elementor-top-column elementor-element elementor-element-32c3556\" data-id=\"32c3556\" data-element_type=\"column\">\n\t\t\t<div class=\"elementor-widget-wrap elementor-element-populated\">\n\t\t\t\t\t\t<div class=\"elementor-element elementor-element-b59696d elementor-widget elementor-widget-cdhl_section-title\" data-id=\"b59696d\" data-element_type=\"widget\" data-widget_type=\"cdhl_section-title.default\">\n\t\t\t\t<div class=\"elementor-widget-container\">\n\t\t\t<div class=\"cdhl_section-title_wrapper\">\n\t<div class=\"section-title text-center style_1\" id=\"b59696d\">\n\t\t\t<span class=\"sub-title\"><\/span>\n\t\t<h2 class=\"main-title\">\n\t\t\tVEHICLE LISTING SHORTCODE\t\t<\/h2>\n\t\t\t\t\t<div class=\"separator\"><\/div>\n\t\t\t\t<\/div>\n<\/div>\n\t\t<\/div>\n\t\t\t\t<\/div>\n\t\t\t\t<div class=\"elementor-element elementor-element-da44deb elementor-widget elementor-widget-cdhl_vehicles-listing\" data-id=\"da44deb\" data-element_type=\"widget\" data-widget_type=\"cdhl_vehicles-listing.default\">\n\t\t\t\t<div class=\"elementor-widget-container\">\n\t\t\t<div class=\"cdhl_vehicles-listing_wrapper\">\n\t<div class=\"cars-top-filters-box\">\n\t\t<div class=\"cars-top-filters-box-left\">\n\t\t\t\t\t\t\t<ul class=\"page-breadcrumb\" typeof=\"BreadcrumbList\" vocab=\"http:\/\/schema.org\/\">\n\t\t\t\t\t<!-- Breadcrumb NavXT 7.3.1 -->\n<li class=\"home\"><span property=\"itemListElement\" typeof=\"ListItem\"><a property=\"item\" typeof=\"WebPage\" title=\"Aller \u00e0 Accueil.\" href=\"https:\/\/relaisdulys.fr\" class=\"home\" ><span property=\"name\">Accueil<\/span><\/a><meta property=\"position\" content=\"1\"><\/span><\/li>\n<li class=\"post-root post post-post\"><span property=\"itemListElement\" typeof=\"ListItem\"><a property=\"item\" typeof=\"WebPage\" title=\"Aller \u00e0 Blog.\" href=\"https:\/\/relaisdulys.fr\/index.php\/blog\/\" class=\"post-root post post-post\" aria-current=\"page\"><span property=\"name\">Blog<\/span><\/a><meta property=\"position\" content=\"2\"><\/span><\/li>\n\t\t\t\t<\/ul>\n\t\t\t\t\t\t<\/div>\n\t\t<div class=\"cars-top-filters-box-right\">\n\t\t\t\t\t\t<div class=\"selected-box pgs-cars-pp-outer\">\n\t\t\t\t<select name=\"cars_pp\" id=\"pgs_cars_pp\" class=\"cd-select-box\">\n\t\t\t\t\t\t\t\t\t\t\t<option value=\"12\"  selected='selected'>12<\/option>\n\t\t\t\t\t\t\t\t\t\t\t\t<option value=\"24\" >24<\/option>\n\t\t\t\t\t\t\t\t\t\t\t\t<option value=\"36\" >36<\/option>\n\t\t\t\t\t\t\t\t\t\t\t\t<option value=\"48\" >48<\/option>\n\t\t\t\t\t\t\t\t\t\t\t\t<option value=\"60\" >60<\/option>\n\t\t\t\t\t\t\t\t\t\t<\/select>\n\t\t\t<\/div>\n\t\t\t\t\t<div class=\"selected-box pgs-cars-orderby-outer\">\n\t\t\t<div class=\"select\">\n\t\t\t\t<select class=\"select-box cd-select-box\" name=\"cars_orderby\" id=\"pgs_cars_orderby\">\n\t\t\t\t\t<option value=\"\">Trier par d\u00e9faut<\/option>\n\t\t\t\t\t\t\t\t\t\t\t<option value=\"name\" >Trier par nom<\/option>\n\t\t\t\t\t\t\t\t\t\t\t\t<option value=\"sale_price\" >Trier par prix<\/option>\n\t\t\t\t\t\t\t\t\t\t\t\t<option value=\"date\"  selected='selected'>Trier par date<\/option>\n\t\t\t\t\t\t\t\t\t\t\t\t<option value=\"year\" >Trier par ann\u00e9e<\/option>\n\t\t\t\t\t\t\t\t\t\t<\/select>\n\t\t\t<\/div>\n\t\t<\/div>\n\t\t\t\t\t<div class=\"cars-order text-right\"><a id=\"pgs_cars_order\" data-order=\"asc\" data-current_order=\"desc\" href=\"javascript:void(0)\"><i class=\"fa-solid fa-arrow-down-wide-short\"><\/i><\/a><\/div>\n\t\t\t\t\t\t<div class=\"grid-view change-view-button\">\n\t\t\t\t<div class=\"view-icon\">\n\t\t\t\t\t\t\t\t\t\t\t<a class=\"catlog-layout view-grid-full\" data-id=\"view-grid\" href=\"javascript:void(0)\">\n\t\t\t\t\t\t\t<span style=\"\">\n\t\t\t\t\t\t\t\t<i class=\"view-grid-full\"><\/i>\n\t\t\t\t\t\t\t<\/span>\n\t\t\t\t\t\t<\/a>\n\t\t\t\t\t\t\t\t\t\t\t\t<a class=\"catlog-layout view-grid-masonry-full\" data-id=\"view-masonry\" href=\"javascript:void(0)\">\n\t\t\t\t\t\t\t<span style=\"\">\n\t\t\t\t\t\t\t\t<i class=\"view-grid-masonry-full\"><\/i>\n\t\t\t\t\t\t\t<\/span>\n\t\t\t\t\t\t<\/a>\n\t\t\t\t\t\t\t\t\t\t\t\t<a class=\"catlog-layout view-list-full\" data-id=\"view-list\" href=\"javascript:void(0)\">\n\t\t\t\t\t\t\t<span style=\"background-color:#db2d2e;\">\n\t\t\t\t\t\t\t\t<i class=\"view-list-full\"><\/i>\n\t\t\t\t\t\t\t<\/span>\n\t\t\t\t\t\t<\/a>\n\t\t\t\t\t\t\t\t\t\t<\/div>\n\t\t\t<\/div><!--.grid-view-->\n\t\t\t\t\t<\/div>\n\t\t<div class=\"clearfix\"><\/div>\n\t<\/div>\n\t\t\t<div class=\"vehicle-listing-wrapper vehicle-listing-view-list\">\n\t\t\t<div class=\"row all-cars-list-arch vehicle-listing vehicle-listing-main clearfix \">\n\t\t\t\t<div class=\"car-grid style-default\">\n\t<div class=\"row\">\n\t\t<div class=\"col-lg-3 col-md-4 col-sm-6\">\n\t\t\t<div class=\"car-item gray-bg text-center\">\n\t\t\t\t<div class=\"car-image\">\n\t\t\t\t\t<img fetchpriority=\"high\" decoding=\"async\" class=\"img-responsive cardealer-lazy-load\" alt=\"\" width=\"265\" height=\"190\" src=\"https:\/\/relaisdulys.fr\/wp-content\/plugins\/\/cardealer-helper-library\/images\/loader.gif\" data-src=\"https:\/\/relaisdulys.fr\/wp-content\/uploads\/2026\/03\/IMG_9797-265x190.jpg\" \/>\t<div class=\"car-overlay-banner\">\n\t\t<ul>\n\t\t\t<li><a href=\"https:\/\/relaisdulys.fr\/index.php\/stock\/renault-twingo-2-gt-100-occasion\/\" data-toggle=\"tooltip\" title=\"Vue\"><i class=\"fas fa-link\"><\/i><\/a><\/li><li class=\"pssrcset\"><a href=\"javascript:void(0)\" data-toggle=\"tooltip\" title=\"Galerie\" class=\"psimages\" data-image=\"https:\/\/relaisdulys.fr\/wp-content\/uploads\/2026\/03\/IMG_9797-scaled.jpg, https:\/\/relaisdulys.fr\/wp-content\/uploads\/2026\/03\/IMG_9798-scaled.jpg, https:\/\/relaisdulys.fr\/wp-content\/uploads\/2026\/03\/IMG_9799-scaled.jpg, https:\/\/relaisdulys.fr\/wp-content\/uploads\/2026\/03\/IMG_9803-scaled.jpg, https:\/\/relaisdulys.fr\/wp-content\/uploads\/2026\/03\/IMG_9802-scaled.jpg, https:\/\/relaisdulys.fr\/wp-content\/uploads\/2026\/03\/IMG_9809-scaled.jpg, https:\/\/relaisdulys.fr\/wp-content\/uploads\/2026\/03\/IMG_9811-scaled.jpg, https:\/\/relaisdulys.fr\/wp-content\/uploads\/2026\/03\/IMG_9812-scaled.jpg, https:\/\/relaisdulys.fr\/wp-content\/uploads\/2026\/03\/IMG_9815-scaled.jpg, https:\/\/relaisdulys.fr\/wp-content\/uploads\/2026\/03\/IMG_0129-scaled.jpg, https:\/\/relaisdulys.fr\/wp-content\/uploads\/2026\/03\/IMG_0128-scaled.jpg\"><i class=\"fas fa-expand\"><\/i><\/a><\/li>\t\t<\/ul>\n\t<\/div>\n\t\t\t\t\t<\/div>\n\t\t\t<\/div>\n\t\t<\/div>\n\t\t\t\t\t<div class=\"col-lg-9 col-md-8 col-sm-6\">\n\t\t\t\t\t\t\t\t<div class=\"car-details\">\n\n\t\t\t\t\t\n\t\t\t\t\t<div class=\"car-title\">\n\t\t\t\t\t\t<a href=\"https:\/\/relaisdulys.fr\/index.php\/stock\/renault-twingo-2-gt-100-occasion\/\">Renault Twingo II GT<\/a>\n\t\t\t\t\t\t<p>D\u00e9couvrez cette Renault Twingo II GT 100ch, la citadine au temp\u00e9rament sportif et au moteur turbo dynamique. Un exemplaire dans un \u00e9tat proche du neuf, avec distribution \u00e0 jour et r\u00e9vision compl\u00e8te, b\u00e9n\u00e9ficiant d'une garantie de 12 mois pour allier plaisir de conduite et s\u00e9r\u00e9nit\u00e9 absolue.<\/p>\n\t\t\t\t\t<\/div>\n\t\t\t\t\t<div class=\"price car-price 14626\"><bdi class=\"new-price\"> 4,990.00<span class=\"currency currency-EUR\"> &euro;<\/span><\/bdi><\/div>\t\t\t\t\t<a class=\"button red pull-right\" href=\"https:\/\/relaisdulys.fr\/index.php\/stock\/renault-twingo-2-gt-100-occasion\/\">D\u00e9tails<\/a>\n\t\t\t\t\t<div class=\"car-list\"><ul class=\"list-inline\"><li><i class=\"fas fa-calendar-alt\"><\/i> 2009<\/li><li title=\"Manue...\"><i class=\"fas fa-cog\"><\/i> Manue...<\/li><li><i class=\"glyph-icon flaticon-gas-station\"><\/i> 125000 km<\/li><\/ul><\/div>\n\t\t\t\t\t\t<div class=\"car-list-seller-info\">\n\t\t<div class=\"seller-info-thumb\">\n\t\t\t<a href=\"https:\/\/relaisdulys.fr\/index.php\/author\/rcadek\/\">\n\t\t\t\t<img decoding=\"async\" height=\"30\" width=\"30\" src=\"https:\/\/relaisdulys.fr\/wp-content\/uploads\/dealer-profile-images\/Nouveau-projet-2-150x150.jpg\" class=\"img-circle\" alt=\"Le Relais du Lys\">\n\t\t\t<\/a>\n\t\t<\/div>\n\t\t<div class=\"seller-info-details\">\n\t\t\t<div class=\"seller-info-title\"><a href=\"https:\/\/relaisdulys.fr\/index.php\/author\/rcadek\/\">Le Relais du Lys<\/a><\/div>\n\t\t<\/div>\n\t<\/div>\n\t\n\t\t\t\t<\/div>\n\t\t\t\t\t\t\t<\/div>\n\t\t\t\t<\/div>\n<\/div>\n<div class=\"car-grid style-default\">\n\t<div class=\"row\">\n\t\t<div class=\"col-lg-3 col-md-4 col-sm-6\">\n\t\t\t<div class=\"car-item gray-bg text-center\">\n\t\t\t\t<div class=\"car-image\">\n\t\t\t\t\t<img decoding=\"async\" class=\"img-responsive cardealer-lazy-load\" alt=\"\" width=\"265\" height=\"190\" src=\"https:\/\/relaisdulys.fr\/wp-content\/plugins\/\/cardealer-helper-library\/images\/loader.gif\" data-src=\"https:\/\/relaisdulys.fr\/wp-content\/uploads\/2026\/02\/IMG_7268-copie-265x190.jpg\" \/>\t<div class=\"car-overlay-banner\">\n\t\t<ul>\n\t\t\t<li><a href=\"https:\/\/relaisdulys.fr\/index.php\/stock\/fiat-500c-1-2-69-lounge-cabriolet-rouge\/\" data-toggle=\"tooltip\" title=\"Vue\"><i class=\"fas fa-link\"><\/i><\/a><\/li><li class=\"pssrcset\"><a href=\"javascript:void(0)\" data-toggle=\"tooltip\" title=\"Galerie\" class=\"psimages\" data-image=\"https:\/\/relaisdulys.fr\/wp-content\/uploads\/2026\/02\/IMG_7268-copie-scaled.jpg, https:\/\/relaisdulys.fr\/wp-content\/uploads\/2026\/02\/IMG_7268-scaled.jpg, https:\/\/relaisdulys.fr\/wp-content\/uploads\/2026\/02\/IMG_7267-scaled.jpg, https:\/\/relaisdulys.fr\/wp-content\/uploads\/2026\/02\/IMG_7283-scaled.jpg, https:\/\/relaisdulys.fr\/wp-content\/uploads\/2026\/02\/IMG_7262-scaled.jpg, https:\/\/relaisdulys.fr\/wp-content\/uploads\/2026\/02\/IMG_7263-scaled.jpg, https:\/\/relaisdulys.fr\/wp-content\/uploads\/2026\/02\/IMG_7265-scaled.jpg, https:\/\/relaisdulys.fr\/wp-content\/uploads\/2026\/02\/IMG_7272-scaled.jpg, https:\/\/relaisdulys.fr\/wp-content\/uploads\/2026\/02\/IMG_7274-scaled.jpg, https:\/\/relaisdulys.fr\/wp-content\/uploads\/2026\/02\/IMG_7275-scaled.jpg, https:\/\/relaisdulys.fr\/wp-content\/uploads\/2026\/02\/IMG_7288-scaled.jpg, https:\/\/relaisdulys.fr\/wp-content\/uploads\/2026\/02\/IMG_7289-scaled.jpg, https:\/\/relaisdulys.fr\/wp-content\/uploads\/2026\/02\/IMG_7290-scaled.jpg, https:\/\/relaisdulys.fr\/wp-content\/uploads\/2026\/02\/IMG_7291-scaled.jpg\"><i class=\"fas fa-expand\"><\/i><\/a><\/li>\t\t<\/ul>\n\t<\/div>\n\t\t\t\t\t<\/div>\n\t\t\t<\/div>\n\t\t<\/div>\n\t\t\t\t\t<div class=\"col-lg-9 col-md-8 col-sm-6\">\n\t\t\t\t\t\t\t\t<div class=\"car-details\">\n\n\t\t\t\t\t\n\t\t\t\t\t<div class=\"car-title\">\n\t\t\t\t\t\t<a href=\"https:\/\/relaisdulys.fr\/index.php\/stock\/fiat-500c-1-2-69-lounge-cabriolet-rouge\/\">Fiat 500 Cabriolet<\/a>\n\t\t\t\t\t\t<p>D\u00e9couvrez cette Fiat 500C Lounge 69ch, l'ic\u00f4ne italienne en version cabriolet avec sa capote rouge \u00e9lectrique. Un exemplaire dans un \u00e9tat exceptionnel, avec distribution neuve et r\u00e9vision compl\u00e8te, b\u00e9n\u00e9ficiant d'une garantie de 12 mois pour rouler l'esprit libre.<\/p>\n\t\t\t\t\t<\/div>\n\t\t\t\t\t<div class=\"price car-price 14582\"><bdi class=\"old-price\"> 6,990.00<span class=\"currency currency-EUR\"> &euro;<\/span><\/bdi><bdi class=\"new-price\"> 6,490.00<span class=\"currency currency-EUR\"> &euro;<\/span><\/bdi><\/div>\t\t\t\t\t<a class=\"button red pull-right\" href=\"https:\/\/relaisdulys.fr\/index.php\/stock\/fiat-500c-1-2-69-lounge-cabriolet-rouge\/\">D\u00e9tails<\/a>\n\t\t\t\t\t<div class=\"car-list\"><ul class=\"list-inline\"><li><i class=\"fas fa-calendar-alt\"><\/i> 2010<\/li><li title=\"Manue...\"><i class=\"fas fa-cog\"><\/i> Manue...<\/li><li><i class=\"glyph-icon flaticon-gas-station\"><\/i> 100000 km<\/li><\/ul><\/div>\n\t\t\t\t\t\t<div class=\"car-list-seller-info\">\n\t\t<div class=\"seller-info-thumb\">\n\t\t\t<a href=\"https:\/\/relaisdulys.fr\/index.php\/author\/rcadek\/\">\n\t\t\t\t<img decoding=\"async\" height=\"30\" width=\"30\" src=\"https:\/\/relaisdulys.fr\/wp-content\/uploads\/dealer-profile-images\/Nouveau-projet-2-150x150.jpg\" class=\"img-circle\" alt=\"Le Relais du Lys\">\n\t\t\t<\/a>\n\t\t<\/div>\n\t\t<div class=\"seller-info-details\">\n\t\t\t<div class=\"seller-info-title\"><a href=\"https:\/\/relaisdulys.fr\/index.php\/author\/rcadek\/\">Le Relais du Lys<\/a><\/div>\n\t\t<\/div>\n\t<\/div>\n\t\n\t\t\t\t<\/div>\n\t\t\t\t\t\t\t<\/div>\n\t\t\t\t<\/div>\n<\/div>\n<div class=\"car-grid style-default\">\n\t<div class=\"row\">\n\t\t<div class=\"col-lg-3 col-md-4 col-sm-6\">\n\t\t\t<div class=\"car-item gray-bg text-center\">\n\t\t\t\t<div class=\"car-image\">\n\t\t\t\t\t<img loading=\"lazy\" decoding=\"async\" class=\"img-responsive cardealer-lazy-load\" alt=\"\" width=\"265\" height=\"190\" src=\"https:\/\/relaisdulys.fr\/wp-content\/plugins\/\/cardealer-helper-library\/images\/loader.gif\" data-src=\"https:\/\/relaisdulys.fr\/wp-content\/uploads\/2025\/12\/IMG_4683-265x190.jpg\" \/>\t<div class=\"car-overlay-banner\">\n\t\t<ul>\n\t\t\t<li><a href=\"https:\/\/relaisdulys.fr\/index.php\/stock\/volkswagen-polo-vi-gti\/\" data-toggle=\"tooltip\" title=\"Vue\"><i class=\"fas fa-link\"><\/i><\/a><\/li><li class=\"pssrcset\"><a href=\"javascript:void(0)\" data-toggle=\"tooltip\" title=\"Galerie\" class=\"psimages\" data-image=\"https:\/\/relaisdulys.fr\/wp-content\/uploads\/2025\/12\/IMG_4683-scaled.jpg, https:\/\/relaisdulys.fr\/wp-content\/uploads\/2025\/12\/IMG_4684.heic, https:\/\/relaisdulys.fr\/wp-content\/uploads\/2025\/12\/IMG_4685.heic, https:\/\/relaisdulys.fr\/wp-content\/uploads\/2025\/12\/IMG_4686.heic, https:\/\/relaisdulys.fr\/wp-content\/uploads\/2025\/12\/IMG_4687.heic, https:\/\/relaisdulys.fr\/wp-content\/uploads\/2025\/12\/IMG_4688.heic, https:\/\/relaisdulys.fr\/wp-content\/uploads\/2025\/12\/IMG_4689.heic, https:\/\/relaisdulys.fr\/wp-content\/uploads\/2025\/12\/IMG_4690.heic, https:\/\/relaisdulys.fr\/wp-content\/uploads\/2025\/12\/IMG_4691.heic, https:\/\/relaisdulys.fr\/wp-content\/uploads\/2025\/12\/IMG_4692.heic, https:\/\/relaisdulys.fr\/wp-content\/uploads\/2025\/12\/IMG_4693.heic, https:\/\/relaisdulys.fr\/wp-content\/uploads\/2025\/12\/IMG_4694.heic, https:\/\/relaisdulys.fr\/wp-content\/uploads\/2025\/12\/IMG_4695.heic, https:\/\/relaisdulys.fr\/wp-content\/uploads\/2025\/12\/IMG_4696.heic, https:\/\/relaisdulys.fr\/wp-content\/uploads\/2025\/12\/IMG_4697.heic, https:\/\/relaisdulys.fr\/wp-content\/uploads\/2025\/12\/IMG_4698.heic, https:\/\/relaisdulys.fr\/wp-content\/uploads\/2025\/12\/IMG_4699.heic, https:\/\/relaisdulys.fr\/wp-content\/uploads\/2025\/12\/IMG_4700.heic, https:\/\/relaisdulys.fr\/wp-content\/uploads\/2025\/12\/IMG_4701.heic, https:\/\/relaisdulys.fr\/wp-content\/uploads\/2025\/12\/IMG_4702.heic, https:\/\/relaisdulys.fr\/wp-content\/uploads\/2025\/12\/IMG_4703.heic, https:\/\/relaisdulys.fr\/wp-content\/uploads\/2025\/12\/IMG_4704.heic, https:\/\/relaisdulys.fr\/wp-content\/uploads\/2025\/12\/IMG_4705.heic, https:\/\/relaisdulys.fr\/wp-content\/uploads\/2025\/12\/IMG_4706.heic, https:\/\/relaisdulys.fr\/wp-content\/uploads\/2025\/12\/IMG_4707.heic, https:\/\/relaisdulys.fr\/wp-content\/uploads\/2025\/12\/IMG_4708.heic, https:\/\/relaisdulys.fr\/wp-content\/uploads\/2025\/12\/IMG_4709.heic, https:\/\/relaisdulys.fr\/wp-content\/uploads\/2025\/12\/IMG_4710.heic, https:\/\/relaisdulys.fr\/wp-content\/uploads\/2025\/12\/IMG_4711.heic, https:\/\/relaisdulys.fr\/wp-content\/uploads\/2025\/12\/IMG_4712.heic, https:\/\/relaisdulys.fr\/wp-content\/uploads\/2025\/12\/IMG_4713.heic, https:\/\/relaisdulys.fr\/wp-content\/uploads\/2025\/12\/IMG_4716-scaled.jpg, https:\/\/relaisdulys.fr\/wp-content\/uploads\/2025\/12\/IMG_4717.heic, https:\/\/relaisdulys.fr\/wp-content\/uploads\/2025\/12\/IMG_4718.heic, https:\/\/relaisdulys.fr\/wp-content\/uploads\/2025\/12\/IMG_4719.heic, https:\/\/relaisdulys.fr\/wp-content\/uploads\/2025\/12\/IMG_4720.heic, https:\/\/relaisdulys.fr\/wp-content\/uploads\/2025\/12\/IMG_4721.heic, https:\/\/relaisdulys.fr\/wp-content\/uploads\/2025\/12\/IMG_4722.heic, https:\/\/relaisdulys.fr\/wp-content\/uploads\/2025\/12\/IMG_4724.heic, https:\/\/relaisdulys.fr\/wp-content\/uploads\/2025\/12\/IMG_4725.heic, https:\/\/relaisdulys.fr\/wp-content\/uploads\/2025\/12\/IMG_4726.heic, https:\/\/relaisdulys.fr\/wp-content\/uploads\/2025\/12\/IMG_4727.heic, https:\/\/relaisdulys.fr\/wp-content\/uploads\/2025\/12\/IMG_4728.heic, https:\/\/relaisdulys.fr\/wp-content\/uploads\/2025\/12\/IMG_4729.heic, https:\/\/relaisdulys.fr\/wp-content\/uploads\/2025\/12\/IMG_4730.heic\"><i class=\"fas fa-expand\"><\/i><\/a><\/li>\t\t<\/ul>\n\t<\/div>\n\t\t\t\t\t<\/div>\n\t\t\t<\/div>\n\t\t<\/div>\n\t\t\t\t\t<div class=\"col-lg-9 col-md-8 col-sm-6\">\n\t\t\t\t\t\t\t\t<div class=\"car-details\">\n\n\t\t\t\t\t\n\t\t\t\t\t<div class=\"car-title\">\n\t\t\t\t\t\t<a href=\"https:\/\/relaisdulys.fr\/index.php\/stock\/volkswagen-polo-vi-gti\/\">Volkswagen Polo VI GTI<\/a>\n\t\t\t\t\t\t<p>Volkswagen Polo GTI, une petite sportive pleine de caract\u00e8re. Son moteur vif, son ch\u00e2ssis pr\u00e9cis et son design affirm\u00e9 font de chaque trajet un v\u00e9ritable plaisir de conduite, que ce soit en ville ou sur route. Un v\u00e9hicule suivi et pr\u00e9par\u00e9, pr\u00eat \u00e0 offrir sensations et plaisir au quotidien.<\/p>\n\t\t\t\t\t<\/div>\n\t\t\t\t\t<div class=\"price car-price 14512\"><bdi class=\"new-price\"> 17,990.00<span class=\"currency currency-EUR\"> &euro;<\/span><\/bdi><\/div>\t\t\t\t\t<a class=\"button red pull-right\" href=\"https:\/\/relaisdulys.fr\/index.php\/stock\/volkswagen-polo-vi-gti\/\">D\u00e9tails<\/a>\n\t\t\t\t\t<div class=\"car-list\"><ul class=\"list-inline\"><li><i class=\"fas fa-calendar-alt\"><\/i> 2020<\/li><li title=\"Autom...\"><i class=\"fas fa-cog\"><\/i> Autom...<\/li><li><i class=\"glyph-icon flaticon-gas-station\"><\/i> 97000 km<\/li><\/ul><\/div>\n\t\t\t\t\t\t<div class=\"car-list-seller-info\">\n\t\t<div class=\"seller-info-thumb\">\n\t\t\t<a href=\"https:\/\/relaisdulys.fr\/index.php\/author\/rcadek\/\">\n\t\t\t\t<img decoding=\"async\" height=\"30\" width=\"30\" src=\"https:\/\/relaisdulys.fr\/wp-content\/uploads\/dealer-profile-images\/Nouveau-projet-2-150x150.jpg\" class=\"img-circle\" alt=\"Le Relais du Lys\">\n\t\t\t<\/a>\n\t\t<\/div>\n\t\t<div class=\"seller-info-details\">\n\t\t\t<div class=\"seller-info-title\"><a href=\"https:\/\/relaisdulys.fr\/index.php\/author\/rcadek\/\">Le Relais du Lys<\/a><\/div>\n\t\t<\/div>\n\t<\/div>\n\t\n\t\t\t\t<\/div>\n\t\t\t\t\t\t\t<\/div>\n\t\t\t\t<\/div>\n<\/div>\n<div class=\"car-grid style-default\">\n\t<div class=\"row\">\n\t\t<div class=\"col-lg-3 col-md-4 col-sm-6\">\n\t\t\t<div class=\"car-item gray-bg text-center\">\n\t\t\t\t<div class=\"car-image\">\n\t\t\t\t\t<img loading=\"lazy\" decoding=\"async\" class=\"img-responsive cardealer-lazy-load\" alt=\"\" width=\"265\" height=\"190\" src=\"https:\/\/relaisdulys.fr\/wp-content\/plugins\/\/cardealer-helper-library\/images\/loader.gif\" data-src=\"https:\/\/relaisdulys.fr\/wp-content\/uploads\/2025\/12\/IMG_3810-265x190.jpg\" \/>\t<div class=\"car-overlay-banner\">\n\t\t<ul>\n\t\t\t<li><a href=\"https:\/\/relaisdulys.fr\/index.php\/stock\/audi-a3-sportback-tfsi-160\/\" data-toggle=\"tooltip\" title=\"Vue\"><i class=\"fas fa-link\"><\/i><\/a><\/li><li class=\"pssrcset\"><a href=\"javascript:void(0)\" data-toggle=\"tooltip\" title=\"Galerie\" class=\"psimages\" data-image=\"https:\/\/relaisdulys.fr\/wp-content\/uploads\/2025\/12\/IMG_3810-scaled.jpg, https:\/\/relaisdulys.fr\/wp-content\/uploads\/2025\/12\/IMG_3811-scaled.jpg, https:\/\/relaisdulys.fr\/wp-content\/uploads\/2025\/12\/IMG_3813-scaled.jpeg, https:\/\/relaisdulys.fr\/wp-content\/uploads\/2025\/12\/IMG_3814-scaled.jpeg, https:\/\/relaisdulys.fr\/wp-content\/uploads\/2025\/12\/IMG_3817-scaled.jpeg, https:\/\/relaisdulys.fr\/wp-content\/uploads\/2025\/12\/IMG_3818-scaled.jpeg, https:\/\/relaisdulys.fr\/wp-content\/uploads\/2025\/12\/IMG_3819-scaled.jpeg, https:\/\/relaisdulys.fr\/wp-content\/uploads\/2025\/12\/IMG_3821-scaled.jpeg, https:\/\/relaisdulys.fr\/wp-content\/uploads\/2025\/12\/IMG_3823-scaled.jpeg, https:\/\/relaisdulys.fr\/wp-content\/uploads\/2025\/12\/IMG_3822-scaled.jpeg, https:\/\/relaisdulys.fr\/wp-content\/uploads\/2025\/12\/IMG_3825-scaled.jpeg, https:\/\/relaisdulys.fr\/wp-content\/uploads\/2025\/12\/IMG_3826-scaled.jpeg, https:\/\/relaisdulys.fr\/wp-content\/uploads\/2025\/12\/IMG_3828-scaled.jpeg, https:\/\/relaisdulys.fr\/wp-content\/uploads\/2025\/12\/IMG_3837-scaled.jpeg, https:\/\/relaisdulys.fr\/wp-content\/uploads\/2025\/12\/IMG_3838-scaled.jpeg, https:\/\/relaisdulys.fr\/wp-content\/uploads\/2025\/12\/IMG_3839-scaled.jpeg, https:\/\/relaisdulys.fr\/wp-content\/uploads\/2025\/12\/IMG_3840-scaled.jpeg, https:\/\/relaisdulys.fr\/wp-content\/uploads\/2025\/12\/IMG_3842-scaled.jpg, https:\/\/relaisdulys.fr\/wp-content\/uploads\/2025\/12\/IMG_3845-scaled.jpeg, https:\/\/relaisdulys.fr\/wp-content\/uploads\/2025\/12\/IMG_3844-scaled.jpeg\"><i class=\"fas fa-expand\"><\/i><\/a><\/li>\t\t<\/ul>\n\t<\/div>\n\t\t\t\t\t<\/div>\n\t\t\t<\/div>\n\t\t<\/div>\n\t\t\t\t\t<div class=\"col-lg-9 col-md-8 col-sm-6\">\n\t\t\t\t\t\t\t\t<div class=\"car-details\">\n\n\t\t\t\t\t\n\t\t\t\t\t<div class=\"car-title\">\n\t\t\t\t\t\t<a href=\"https:\/\/relaisdulys.fr\/index.php\/stock\/audi-a3-sportback-tfsi-160\/\">Audi A3 Sportback<\/a>\n\t\t\t\t\t\t<p>Audi A3 Sportback 1.8 TFSI 160 S-Line, 1\u00e8re main, entretien complet, tr\u00e8s bon \u00e9tat g\u00e9n\u00e9ral \ud83c\udf1f. Compacte premium offrant un excellent compromis entre dynamisme, style et fiabilit\u00e9. R\u00e9vis\u00e9e et enti\u00e8rement pr\u00e9par\u00e9e, aucun frais \u00e0 pr\u00e9voir \ud83d\udd27.<\/p>\n\t\t\t\t\t<\/div>\n\t\t\t\t\t<div class=\"price car-price 14487\"><bdi class=\"new-price\"> 12,490.00<span class=\"currency currency-EUR\"> &euro;<\/span><\/bdi><\/div>\t\t\t\t\t<a class=\"button red pull-right\" href=\"https:\/\/relaisdulys.fr\/index.php\/stock\/audi-a3-sportback-tfsi-160\/\">D\u00e9tails<\/a>\n\t\t\t\t\t<div class=\"car-list\"><ul class=\"list-inline\"><li><i class=\"fas fa-calendar-alt\"><\/i> 2011<\/li><li title=\"Manue...\"><i class=\"fas fa-cog\"><\/i> Manue...<\/li><li><i class=\"glyph-icon flaticon-gas-station\"><\/i> 135900 km<\/li><\/ul><\/div>\n\t\t\t\t\t\t<div class=\"car-list-seller-info\">\n\t\t<div class=\"seller-info-thumb\">\n\t\t\t<a href=\"https:\/\/relaisdulys.fr\/index.php\/author\/rcadek\/\">\n\t\t\t\t<img decoding=\"async\" height=\"30\" width=\"30\" src=\"https:\/\/relaisdulys.fr\/wp-content\/uploads\/dealer-profile-images\/Nouveau-projet-2-150x150.jpg\" class=\"img-circle\" alt=\"Le Relais du Lys\">\n\t\t\t<\/a>\n\t\t<\/div>\n\t\t<div class=\"seller-info-details\">\n\t\t\t<div class=\"seller-info-title\"><a href=\"https:\/\/relaisdulys.fr\/index.php\/author\/rcadek\/\">Le Relais du Lys<\/a><\/div>\n\t\t<\/div>\n\t<\/div>\n\t\n\t\t\t\t<\/div>\n\t\t\t\t\t\t\t<\/div>\n\t\t\t\t<\/div>\n<\/div>\n<div class=\"car-grid style-default\">\n\t<div class=\"row\">\n\t\t<div class=\"col-lg-3 col-md-4 col-sm-6\">\n\t\t\t<div class=\"car-item gray-bg text-center\">\n\t\t\t\t<div class=\"car-image\">\n\t\t\t\t\t<img loading=\"lazy\" decoding=\"async\" class=\"img-responsive cardealer-lazy-load\" alt=\"Mercedes CL55 AMG Kompressor 2003 \u2013 coup\u00e9 V8 5.4L Kompressor 500 ch en excellent \u00e9tat, entretien complet, v\u00e9hicule non fumeur\" width=\"265\" height=\"190\" src=\"https:\/\/relaisdulys.fr\/wp-content\/plugins\/\/cardealer-helper-library\/images\/loader.gif\" data-src=\"https:\/\/relaisdulys.fr\/wp-content\/uploads\/2025\/11\/IMG_7035-265x190.jpg\" \/>\t<div class=\"car-overlay-banner\">\n\t\t<ul>\n\t\t\t<li><a href=\"https:\/\/relaisdulys.fr\/index.php\/stock\/mercedes-cl55-amg-kompressor\/\" data-toggle=\"tooltip\" title=\"Vue\"><i class=\"fas fa-link\"><\/i><\/a><\/li><li class=\"pssrcset\"><a href=\"javascript:void(0)\" data-toggle=\"tooltip\" title=\"Galerie\" class=\"psimages\" data-image=\"https:\/\/relaisdulys.fr\/wp-content\/uploads\/2025\/11\/IMG_7035-scaled.jpg, https:\/\/relaisdulys.fr\/wp-content\/uploads\/2025\/11\/IMG_7037-scaled.jpg, https:\/\/relaisdulys.fr\/wp-content\/uploads\/2025\/11\/IMG_7038-scaled.jpeg, https:\/\/relaisdulys.fr\/wp-content\/uploads\/2025\/11\/IMG_7039-scaled.jpeg, https:\/\/relaisdulys.fr\/wp-content\/uploads\/2025\/11\/IMG_7040-scaled.jpeg, https:\/\/relaisdulys.fr\/wp-content\/uploads\/2025\/11\/IMG_7041-scaled.jpeg, https:\/\/relaisdulys.fr\/wp-content\/uploads\/2025\/11\/IMG_7042-scaled.jpg, https:\/\/relaisdulys.fr\/wp-content\/uploads\/2025\/11\/IMG_7043-scaled.jpeg, https:\/\/relaisdulys.fr\/wp-content\/uploads\/2025\/11\/IMG_7044-scaled.jpeg, https:\/\/relaisdulys.fr\/wp-content\/uploads\/2025\/11\/IMG_7045-scaled.jpeg, https:\/\/relaisdulys.fr\/wp-content\/uploads\/2025\/11\/IMG_7046-scaled.jpeg, https:\/\/relaisdulys.fr\/wp-content\/uploads\/2025\/11\/IMG_7048-scaled.jpeg, https:\/\/relaisdulys.fr\/wp-content\/uploads\/2025\/11\/IMG_7049-scaled.jpeg, https:\/\/relaisdulys.fr\/wp-content\/uploads\/2025\/11\/IMG_7052-scaled.jpeg, https:\/\/relaisdulys.fr\/wp-content\/uploads\/2025\/11\/IMG_7053-scaled.jpeg, https:\/\/relaisdulys.fr\/wp-content\/uploads\/2025\/11\/IMG_7054-scaled.jpeg, https:\/\/relaisdulys.fr\/wp-content\/uploads\/2025\/11\/IMG_7055-scaled.jpeg, https:\/\/relaisdulys.fr\/wp-content\/uploads\/2025\/11\/IMG_7056-scaled.jpeg, https:\/\/relaisdulys.fr\/wp-content\/uploads\/2025\/11\/IMG_7058-scaled.jpeg, https:\/\/relaisdulys.fr\/wp-content\/uploads\/2025\/11\/IMG_7059-scaled.jpeg, https:\/\/relaisdulys.fr\/wp-content\/uploads\/2025\/11\/IMG_7061-scaled.jpeg, https:\/\/relaisdulys.fr\/wp-content\/uploads\/2025\/11\/IMG_7062-scaled.jpeg\"><i class=\"fas fa-expand\"><\/i><\/a><\/li>\t\t<\/ul>\n\t<\/div>\n\t\t\t\t\t<\/div>\n\t\t\t<\/div>\n\t\t<\/div>\n\t\t\t\t\t<div class=\"col-lg-9 col-md-8 col-sm-6\">\n\t\t\t\t\t\t\t\t<div class=\"car-details\">\n\n\t\t\t\t\t\n\t\t\t\t\t<div class=\"car-title\">\n\t\t\t\t\t\t<a href=\"https:\/\/relaisdulys.fr\/index.php\/stock\/mercedes-cl55-amg-kompressor\/\">Mercedes CL55 AMG Kompressor<\/a>\n\t\t\t\t\t\t<p>Mercedes CL55 AMG Kompressor \u2013 V8 suraliment\u00e9, coup\u00e9 d\u2019exception \ud83c\udfc1\u2728<br \/>\nSuperbe Mercedes CL55 AMG Kompressor en excellent \u00e9tat, finition \u00e9l\u00e9gante argent m\u00e9tallis\u00e9 avec int\u00e9rieur cuir noir. Ce coup\u00e9 iconique, anim\u00e9 par le mythique V8 5.4L Kompressor de 500 ch, offre une conduite noble et dynamique, alliant confort, puissance et sophistication. V\u00e9hicule soigneusement entretenu avec historique complet et travaux r\u00e9cents chez Mercedes.<\/p>\n\t\t\t\t\t<\/div>\n\t\t\t\t\t<div class=\"price car-price 14453\"><bdi class=\"new-price\"> 33,990.00<span class=\"currency currency-EUR\"> &euro;<\/span><\/bdi><\/div>\t\t\t\t\t<a class=\"button red pull-right\" href=\"https:\/\/relaisdulys.fr\/index.php\/stock\/mercedes-cl55-amg-kompressor\/\">D\u00e9tails<\/a>\n\t\t\t\t\t<div class=\"car-list\"><ul class=\"list-inline\"><li><i class=\"fas fa-calendar-alt\"><\/i> 2003<\/li><li title=\"Autom...\"><i class=\"fas fa-cog\"><\/i> Autom...<\/li><li><i class=\"glyph-icon flaticon-gas-station\"><\/i> 129000 km<\/li><\/ul><\/div>\n\t\t\t\t\t\t<div class=\"car-list-seller-info\">\n\t\t<div class=\"seller-info-thumb\">\n\t\t\t<a href=\"https:\/\/relaisdulys.fr\/index.php\/author\/rcadek\/\">\n\t\t\t\t<img decoding=\"async\" height=\"30\" width=\"30\" src=\"https:\/\/relaisdulys.fr\/wp-content\/uploads\/dealer-profile-images\/Nouveau-projet-2-150x150.jpg\" class=\"img-circle\" alt=\"Le Relais du Lys\">\n\t\t\t<\/a>\n\t\t<\/div>\n\t\t<div class=\"seller-info-details\">\n\t\t\t<div class=\"seller-info-title\"><a href=\"https:\/\/relaisdulys.fr\/index.php\/author\/rcadek\/\">Le Relais du Lys<\/a><\/div>\n\t\t<\/div>\n\t<\/div>\n\t\n\t\t\t\t<\/div>\n\t\t\t\t\t\t\t<\/div>\n\t\t\t\t<\/div>\n<\/div>\n<div class=\"car-grid style-default\">\n\t<div class=\"row\">\n\t\t<div class=\"col-lg-3 col-md-4 col-sm-6\">\n\t\t\t<div class=\"car-item gray-bg text-center\">\n\t\t\t\t<div class=\"car-image\">\n\t\t\t\t\t<img loading=\"lazy\" decoding=\"async\" class=\"img-responsive cardealer-lazy-load\" alt=\"\" width=\"265\" height=\"190\" src=\"https:\/\/relaisdulys.fr\/wp-content\/plugins\/\/cardealer-helper-library\/images\/loader.gif\" data-src=\"https:\/\/relaisdulys.fr\/wp-content\/uploads\/2025\/11\/IMG_2135-265x190.jpg\" \/>\t<div class=\"car-overlay-banner\">\n\t\t<ul>\n\t\t\t<li><a href=\"https:\/\/relaisdulys.fr\/index.php\/stock\/bmw-z3-28-roadster-6-cylindres\/\" data-toggle=\"tooltip\" title=\"Vue\"><i class=\"fas fa-link\"><\/i><\/a><\/li><li class=\"pssrcset\"><a href=\"javascript:void(0)\" data-toggle=\"tooltip\" title=\"Galerie\" class=\"psimages\" data-image=\"https:\/\/relaisdulys.fr\/wp-content\/uploads\/2025\/11\/IMG_2135-scaled.jpg, https:\/\/relaisdulys.fr\/wp-content\/uploads\/2025\/11\/IMG_2137-scaled.jpeg, https:\/\/relaisdulys.fr\/wp-content\/uploads\/2025\/11\/IMG_2138-scaled.jpeg, https:\/\/relaisdulys.fr\/wp-content\/uploads\/2025\/11\/IMG_2140-scaled.jpg, https:\/\/relaisdulys.fr\/wp-content\/uploads\/2025\/11\/IMG_2145-scaled.jpg, https:\/\/relaisdulys.fr\/wp-content\/uploads\/2025\/11\/IMG_2146-scaled.jpeg, https:\/\/relaisdulys.fr\/wp-content\/uploads\/2025\/11\/IMG_2147-scaled.jpeg, https:\/\/relaisdulys.fr\/wp-content\/uploads\/2025\/11\/IMG_2150-scaled.jpeg, https:\/\/relaisdulys.fr\/wp-content\/uploads\/2025\/11\/IMG_2151-scaled.jpeg, https:\/\/relaisdulys.fr\/wp-content\/uploads\/2025\/11\/IMG_2152-scaled.jpg, https:\/\/relaisdulys.fr\/wp-content\/uploads\/2025\/11\/IMG_2154-scaled.jpeg, https:\/\/relaisdulys.fr\/wp-content\/uploads\/2025\/11\/IMG_2155-scaled.jpeg, https:\/\/relaisdulys.fr\/wp-content\/uploads\/2025\/11\/IMG_2157-scaled.jpeg, https:\/\/relaisdulys.fr\/wp-content\/uploads\/2025\/11\/IMG_2158.heic, https:\/\/relaisdulys.fr\/wp-content\/uploads\/2025\/11\/IMG_2161-scaled.jpeg, https:\/\/relaisdulys.fr\/wp-content\/uploads\/2025\/11\/IMG_2163-scaled.jpeg, https:\/\/relaisdulys.fr\/wp-content\/uploads\/2025\/11\/IMG_2166-scaled.jpeg, https:\/\/relaisdulys.fr\/wp-content\/uploads\/2025\/11\/IMG_2170-scaled.jpeg, https:\/\/relaisdulys.fr\/wp-content\/uploads\/2025\/11\/IMG_2173-scaled.jpeg, https:\/\/relaisdulys.fr\/wp-content\/uploads\/2025\/11\/IMG_2171-scaled.jpeg, https:\/\/relaisdulys.fr\/wp-content\/uploads\/2025\/11\/IMG_2175-scaled.jpeg, https:\/\/relaisdulys.fr\/wp-content\/uploads\/2025\/11\/IMG_2176-scaled.jpeg, https:\/\/relaisdulys.fr\/wp-content\/uploads\/2025\/11\/IMG_2178-scaled.jpeg, https:\/\/relaisdulys.fr\/wp-content\/uploads\/2025\/11\/IMG_2180-scaled.jpeg, https:\/\/relaisdulys.fr\/wp-content\/uploads\/2025\/11\/IMG_2191-scaled.jpeg, https:\/\/relaisdulys.fr\/wp-content\/uploads\/2025\/11\/IMG_2189-scaled.jpeg, https:\/\/relaisdulys.fr\/wp-content\/uploads\/2025\/11\/IMG_2195-scaled.jpg, https:\/\/relaisdulys.fr\/wp-content\/uploads\/2025\/11\/IMG_2196.heic, https:\/\/relaisdulys.fr\/wp-content\/uploads\/2025\/11\/IMG_2197-scaled.jpg\"><i class=\"fas fa-expand\"><\/i><\/a><\/li>\t\t<\/ul>\n\t<\/div>\n\t\t\t\t\t<\/div>\n\t\t\t<\/div>\n\t\t<\/div>\n\t\t\t\t\t<div class=\"col-lg-9 col-md-8 col-sm-6\">\n\t\t\t\t\t\t\t\t<div class=\"car-details\">\n\n\t\t\t\t\t\n\t\t\t\t\t<div class=\"car-title\">\n\t\t\t\t\t\t<a href=\"https:\/\/relaisdulys.fr\/index.php\/stock\/bmw-z3-28-roadster-6-cylindres\/\">BMW Z3 2.8<\/a>\n\t\t\t\t\t\t<p>BMW Z3 2.8 \u2013 6 cylindres, propulsion, plaisir pur \ud83c\udf24\ufe0f\ud83c\udfc1<br \/>\nSuperbe BMW Z3 2.8 en excellent \u00e9tat, finition \u00e9l\u00e9gante Cosmos-Schwarz avec int\u00e9rieur cuir Oregon beige\/noir. Un roadster authentique anim\u00e9 par le mythique 6 cylindres M52 \u2013 193 ch, offrant une conduite \u00e9quilibr\u00e9e, noble et enthousiasmante.<\/p>\n\t\t\t\t\t<\/div>\n\t\t\t\t\t<div class=\"price car-price 14372\"><bdi class=\"new-price\"> 16,490.00<span class=\"currency currency-EUR\"> &euro;<\/span><\/bdi><\/div>\t\t\t\t\t<a class=\"button red pull-right\" href=\"https:\/\/relaisdulys.fr\/index.php\/stock\/bmw-z3-28-roadster-6-cylindres\/\">D\u00e9tails<\/a>\n\t\t\t\t\t<div class=\"car-list\"><ul class=\"list-inline\"><li><i class=\"fas fa-calendar-alt\"><\/i> 1998<\/li><li title=\"Manue...\"><i class=\"fas fa-cog\"><\/i> Manue...<\/li><li><i class=\"glyph-icon flaticon-gas-station\"><\/i> 146000 km<\/li><\/ul><\/div>\n\t\t\t\t\t\t<div class=\"car-list-seller-info\">\n\t\t<div class=\"seller-info-thumb\">\n\t\t\t<a href=\"https:\/\/relaisdulys.fr\/index.php\/author\/rcadek\/\">\n\t\t\t\t<img decoding=\"async\" height=\"30\" width=\"30\" src=\"https:\/\/relaisdulys.fr\/wp-content\/uploads\/dealer-profile-images\/Nouveau-projet-2-150x150.jpg\" class=\"img-circle\" alt=\"Le Relais du Lys\">\n\t\t\t<\/a>\n\t\t<\/div>\n\t\t<div class=\"seller-info-details\">\n\t\t\t<div class=\"seller-info-title\"><a href=\"https:\/\/relaisdulys.fr\/index.php\/author\/rcadek\/\">Le Relais du Lys<\/a><\/div>\n\t\t<\/div>\n\t<\/div>\n\t\n\t\t\t\t<\/div>\n\t\t\t\t\t\t\t<\/div>\n\t\t\t\t<\/div>\n<\/div>\n<div class=\"car-grid style-default\">\n\t<div class=\"row\">\n\t\t<div class=\"col-lg-3 col-md-4 col-sm-6\">\n\t\t\t<div class=\"car-item gray-bg text-center\">\n\t\t\t\t<div class=\"car-image\">\n\t\t\t\t\t<img loading=\"lazy\" decoding=\"async\" class=\"img-responsive cardealer-lazy-load\" alt=\"\" width=\"265\" height=\"190\" src=\"https:\/\/relaisdulys.fr\/wp-content\/plugins\/\/cardealer-helper-library\/images\/loader.gif\" data-src=\"https:\/\/relaisdulys.fr\/wp-content\/uploads\/2025\/06\/IMG_6238-265x190.jpg\" \/>\t<div class=\"car-overlay-banner\">\n\t\t<ul>\n\t\t\t<li><a href=\"https:\/\/relaisdulys.fr\/index.php\/stock\/audi-r8-v10-52-fsi-phase2-bleu-estoril\/\" data-toggle=\"tooltip\" title=\"Vue\"><i class=\"fas fa-link\"><\/i><\/a><\/li><li class=\"pssrcset\"><a href=\"javascript:void(0)\" data-toggle=\"tooltip\" title=\"Galerie\" class=\"psimages\" data-image=\"https:\/\/relaisdulys.fr\/wp-content\/uploads\/2025\/06\/IMG_6238-scaled.jpg, https:\/\/relaisdulys.fr\/wp-content\/uploads\/2025\/06\/IMG_6239-scaled.jpeg, https:\/\/relaisdulys.fr\/wp-content\/uploads\/2025\/06\/IMG_6241-scaled.jpeg, https:\/\/relaisdulys.fr\/wp-content\/uploads\/2025\/06\/IMG_6251-scaled.jpeg, https:\/\/relaisdulys.fr\/wp-content\/uploads\/2025\/06\/IMG_6252-scaled.jpg, https:\/\/relaisdulys.fr\/wp-content\/uploads\/2025\/06\/IMG_6253-scaled.jpg, https:\/\/relaisdulys.fr\/wp-content\/uploads\/2025\/06\/IMG_6254-scaled.jpg, https:\/\/relaisdulys.fr\/wp-content\/uploads\/2025\/06\/IMG_6257-scaled.jpeg, https:\/\/relaisdulys.fr\/wp-content\/uploads\/2025\/06\/IMG_6258-scaled.jpeg, https:\/\/relaisdulys.fr\/wp-content\/uploads\/2025\/06\/IMG_6259-scaled.jpeg, https:\/\/relaisdulys.fr\/wp-content\/uploads\/2025\/06\/IMG_6260-scaled.jpeg, https:\/\/relaisdulys.fr\/wp-content\/uploads\/2025\/06\/IMG_6261-scaled.jpeg, https:\/\/relaisdulys.fr\/wp-content\/uploads\/2025\/06\/IMG_6262-scaled.jpeg, https:\/\/relaisdulys.fr\/wp-content\/uploads\/2025\/06\/IMG_6263-scaled.jpeg, https:\/\/relaisdulys.fr\/wp-content\/uploads\/2025\/06\/IMG_6264-scaled.jpeg, https:\/\/relaisdulys.fr\/wp-content\/uploads\/2025\/06\/IMG_6266-scaled.jpeg, https:\/\/relaisdulys.fr\/wp-content\/uploads\/2025\/06\/IMG_6267-scaled.jpeg, https:\/\/relaisdulys.fr\/wp-content\/uploads\/2025\/06\/IMG_6268-scaled.jpeg, https:\/\/relaisdulys.fr\/wp-content\/uploads\/2025\/06\/IMG_6270-scaled.jpeg, https:\/\/relaisdulys.fr\/wp-content\/uploads\/2025\/06\/IMG_6271-scaled.jpeg, https:\/\/relaisdulys.fr\/wp-content\/uploads\/2025\/06\/IMG_6272-scaled.jpeg, https:\/\/relaisdulys.fr\/wp-content\/uploads\/2025\/06\/IMG_6273-scaled.jpeg, https:\/\/relaisdulys.fr\/wp-content\/uploads\/2025\/06\/IMG_6274-scaled.jpeg, https:\/\/relaisdulys.fr\/wp-content\/uploads\/2025\/06\/IMG_6275-scaled.jpg, https:\/\/relaisdulys.fr\/wp-content\/uploads\/2025\/06\/IMG_6276-scaled.jpg, https:\/\/relaisdulys.fr\/wp-content\/uploads\/2025\/06\/IMG_6277-scaled.jpg, https:\/\/relaisdulys.fr\/wp-content\/uploads\/2025\/06\/IMG_6278-scaled.jpeg, https:\/\/relaisdulys.fr\/wp-content\/uploads\/2025\/06\/IMG_6279-scaled.jpg, https:\/\/relaisdulys.fr\/wp-content\/uploads\/2025\/06\/IMG_6281-scaled.jpeg, https:\/\/relaisdulys.fr\/wp-content\/uploads\/2025\/06\/IMG_6282-scaled.jpg, https:\/\/relaisdulys.fr\/wp-content\/uploads\/2025\/06\/IMG_6256-1-scaled.jpeg, https:\/\/relaisdulys.fr\/wp-content\/uploads\/2025\/06\/IMG_6280-1-scaled.jpeg\"><i class=\"fas fa-expand\"><\/i><\/a><\/li>\t\t<\/ul>\n\t<\/div>\n\t\t\t\t\t<\/div>\n\t\t\t<\/div>\n\t\t<\/div>\n\t\t\t\t\t<div class=\"col-lg-9 col-md-8 col-sm-6\">\n\t\t\t\t\t\t\t\t<div class=\"car-details\">\n\n\t\t\t\t\t\n\t\t\t\t\t<div class=\"car-title\">\n\t\t\t\t\t\t<a href=\"https:\/\/relaisdulys.fr\/index.php\/stock\/audi-r8-v10-52-fsi-phase2-bleu-estoril\/\">Audi R8 V10 Phase 2<\/a>\n\t\t\t\t\t\t<p>Audi R8 V10 Phase 2 \u00e0 vendre : Le frisson \u00e0 chaque d\u00e9marrage, la m\u00e9lodie d\u2019un V10 atmosph\u00e9rique envo\u00fbtant, la noblesse d\u2019une supercar taill\u00e9e pour l\u2019asphalte comme pour les longues envol\u00e9es. Cette R8 incarne l\u2019\u00e9quilibre parfait entre performance brute et \u00e9l\u00e9gance discr\u00e8te.<br \/>\nUn design intemporel, une configuration raffin\u00e9e, et cette sensation unique de ne faire qu\u2019un avec la route\u2026 Une opportunit\u00e9 rare d\u2019acc\u00e9der \u00e0 l\u2019\u00e9motion m\u00e9canique \u00e0 l\u2019\u00e9tat pur.<\/p>\n\t\t\t\t\t<\/div>\n\t\t\t\t\t<div class=\"price car-price 14247\"><bdi class=\"new-price\"> 85,900.00<span class=\"currency currency-EUR\"> &euro;<\/span><\/bdi><\/div>\t\t\t\t\t<a class=\"button red pull-right\" href=\"https:\/\/relaisdulys.fr\/index.php\/stock\/audi-r8-v10-52-fsi-phase2-bleu-estoril\/\">D\u00e9tails<\/a>\n\t\t\t\t\t<div class=\"car-list\"><ul class=\"list-inline\"><li><i class=\"fas fa-calendar-alt\"><\/i> 2013<\/li><li title=\"Autom...\"><i class=\"fas fa-cog\"><\/i> Autom...<\/li><li><i class=\"glyph-icon flaticon-gas-station\"><\/i> 69000 km<\/li><\/ul><\/div>\n\t\t\t\t\t\t<div class=\"car-list-seller-info\">\n\t\t<div class=\"seller-info-thumb\">\n\t\t\t<a href=\"https:\/\/relaisdulys.fr\/index.php\/author\/rcadek\/\">\n\t\t\t\t<img decoding=\"async\" height=\"30\" width=\"30\" src=\"https:\/\/relaisdulys.fr\/wp-content\/uploads\/dealer-profile-images\/Nouveau-projet-2-150x150.jpg\" class=\"img-circle\" alt=\"Le Relais du Lys\">\n\t\t\t<\/a>\n\t\t<\/div>\n\t\t<div class=\"seller-info-details\">\n\t\t\t<div class=\"seller-info-title\"><a href=\"https:\/\/relaisdulys.fr\/index.php\/author\/rcadek\/\">Le Relais du Lys<\/a><\/div>\n\t\t<\/div>\n\t<\/div>\n\t\n\t\t\t\t<\/div>\n\t\t\t\t\t\t\t<\/div>\n\t\t\t\t<\/div>\n<\/div>\n<div class=\"car-grid style-default\">\n\t<div class=\"row\">\n\t\t<div class=\"col-lg-3 col-md-4 col-sm-6\">\n\t\t\t<div class=\"car-item gray-bg text-center\">\n\t\t\t\t<div class=\"car-image\">\n\t\t\t\t\t<img loading=\"lazy\" decoding=\"async\" class=\"img-responsive cardealer-lazy-load\" alt=\"\" width=\"265\" height=\"190\" src=\"https:\/\/relaisdulys.fr\/wp-content\/plugins\/\/cardealer-helper-library\/images\/loader.gif\" data-src=\"https:\/\/relaisdulys.fr\/wp-content\/uploads\/2025\/06\/IMG_1417-265x190.jpg\" \/>\t<div class=\"car-overlay-banner\">\n\t\t<ul>\n\t\t\t<li><a href=\"https:\/\/relaisdulys.fr\/index.php\/stock\/mercedes-sprinter-311-cdi-porte-voiture-2003\/\" data-toggle=\"tooltip\" title=\"Vue\"><i class=\"fas fa-link\"><\/i><\/a><\/li><li class=\"pssrcset\"><a href=\"javascript:void(0)\" data-toggle=\"tooltip\" title=\"Galerie\" class=\"psimages\" data-image=\"https:\/\/relaisdulys.fr\/wp-content\/uploads\/2025\/06\/IMG_1417-scaled.jpg, https:\/\/relaisdulys.fr\/wp-content\/uploads\/2025\/06\/IMG_1420-scaled.jpg, https:\/\/relaisdulys.fr\/wp-content\/uploads\/2025\/06\/IMG_1421-scaled.jpeg, https:\/\/relaisdulys.fr\/wp-content\/uploads\/2025\/06\/IMG_1422-scaled.jpeg, https:\/\/relaisdulys.fr\/wp-content\/uploads\/2025\/06\/IMG_1423-scaled.jpeg, https:\/\/relaisdulys.fr\/wp-content\/uploads\/2025\/06\/IMG_1424-scaled.jpeg, https:\/\/relaisdulys.fr\/wp-content\/uploads\/2025\/06\/IMG_1426-scaled.jpeg, https:\/\/relaisdulys.fr\/wp-content\/uploads\/2025\/06\/IMG_1427-scaled.jpeg, https:\/\/relaisdulys.fr\/wp-content\/uploads\/2025\/06\/IMG_1428-scaled.jpeg\"><i class=\"fas fa-expand\"><\/i><\/a><\/li>\t\t<\/ul>\n\t<\/div>\n\t\t\t\t\t<\/div>\n\t\t\t<\/div>\n\t\t<\/div>\n\t\t\t\t\t<div class=\"col-lg-9 col-md-8 col-sm-6\">\n\t\t\t\t\t\t\t\t<div class=\"car-details\">\n\n\t\t\t\t\t\n\t\t\t\t\t<div class=\"car-title\">\n\t\t\t\t\t\t<a href=\"https:\/\/relaisdulys.fr\/index.php\/stock\/mercedes-sprinter-311-cdi-porte-voiture-2003\/\">Mercedes Sprinter Porte Voiture<\/a>\n\t\t\t\t\t\t<p>Mercedes Sprinter 311 CDI 2003 \u00e0 vendre : V\u00e9ritable premi\u00e8re main en carte grise d\u00e9pannage, plateau \u00e9quip\u00e9 r\u00e9cemment, homologu\u00e9 3T5 avec 1 320 kg de charge utile. Pr\u00eat \u00e0 travailler, tr\u00e8s propre et bien entretenu ! \ud83d\ude9b\ud83d\udd27<\/p>\n\t\t\t\t\t<\/div>\n\t\t\t\t\t<div class=\"price car-price 14226\"><bdi class=\"new-price\"> 16,990.00<span class=\"currency currency-EUR\"> &euro;<\/span><\/bdi><\/div>\t\t\t\t\t<a class=\"button red pull-right\" href=\"https:\/\/relaisdulys.fr\/index.php\/stock\/mercedes-sprinter-311-cdi-porte-voiture-2003\/\">D\u00e9tails<\/a>\n\t\t\t\t\t<div class=\"car-list\"><ul class=\"list-inline\"><li><i class=\"fas fa-calendar-alt\"><\/i> 2003<\/li><li title=\"Manue...\"><i class=\"fas fa-cog\"><\/i> Manue...<\/li><li><i class=\"glyph-icon flaticon-gas-station\"><\/i> 155000 km<\/li><\/ul><\/div>\n\t\t\t\t\t\t<div class=\"car-list-seller-info\">\n\t\t<div class=\"seller-info-thumb\">\n\t\t\t<a href=\"https:\/\/relaisdulys.fr\/index.php\/author\/rcadek\/\">\n\t\t\t\t<img decoding=\"async\" height=\"30\" width=\"30\" src=\"https:\/\/relaisdulys.fr\/wp-content\/uploads\/dealer-profile-images\/Nouveau-projet-2-150x150.jpg\" class=\"img-circle\" alt=\"Le Relais du Lys\">\n\t\t\t<\/a>\n\t\t<\/div>\n\t\t<div class=\"seller-info-details\">\n\t\t\t<div class=\"seller-info-title\"><a href=\"https:\/\/relaisdulys.fr\/index.php\/author\/rcadek\/\">Le Relais du Lys<\/a><\/div>\n\t\t<\/div>\n\t<\/div>\n\t\n\t\t\t\t<\/div>\n\t\t\t\t\t\t\t<\/div>\n\t\t\t\t<\/div>\n<\/div>\n<div class=\"car-grid style-default\">\n\t<div class=\"row\">\n\t\t<div class=\"col-lg-3 col-md-4 col-sm-6\">\n\t\t\t<div class=\"car-item gray-bg text-center\">\n\t\t\t\t<div class=\"car-image\">\n\t\t\t\t\t<img loading=\"lazy\" decoding=\"async\" class=\"img-responsive cardealer-lazy-load\" alt=\"Audi RS4 \u00e0 vendre occasion toulouse\" width=\"265\" height=\"190\" src=\"https:\/\/relaisdulys.fr\/wp-content\/plugins\/\/cardealer-helper-library\/images\/loader.gif\" data-src=\"https:\/\/relaisdulys.fr\/wp-content\/uploads\/2024\/10\/IMG_3390-265x190.jpg\" \/>\t<div class=\"car-overlay-banner\">\n\t\t<ul>\n\t\t\t<li><a href=\"https:\/\/relaisdulys.fr\/index.php\/stock\/audi-rs4-avant-4-2-v8\/\" data-toggle=\"tooltip\" title=\"Vue\"><i class=\"fas fa-link\"><\/i><\/a><\/li><li class=\"pssrcset\"><a href=\"javascript:void(0)\" data-toggle=\"tooltip\" title=\"Galerie\" class=\"psimages\" data-image=\"https:\/\/relaisdulys.fr\/wp-content\/uploads\/2024\/10\/IMG_3390-scaled.jpg, https:\/\/relaisdulys.fr\/wp-content\/uploads\/2024\/10\/IMG_3391-scaled.jpg, https:\/\/relaisdulys.fr\/wp-content\/uploads\/2024\/10\/IMG_3432-scaled.jpg, https:\/\/relaisdulys.fr\/wp-content\/uploads\/2024\/10\/IMG_3915-scaled.jpeg, https:\/\/relaisdulys.fr\/wp-content\/uploads\/2024\/10\/IMG_3924-scaled.jpeg, https:\/\/relaisdulys.fr\/wp-content\/uploads\/2024\/10\/IMG_3963-scaled.jpg, https:\/\/relaisdulys.fr\/wp-content\/uploads\/2024\/10\/IMG_3961-scaled.jpeg, https:\/\/relaisdulys.fr\/wp-content\/uploads\/2024\/10\/IMG_3959-scaled.jpeg, https:\/\/relaisdulys.fr\/wp-content\/uploads\/2024\/10\/IMG_3956-scaled.jpeg, https:\/\/relaisdulys.fr\/wp-content\/uploads\/2024\/10\/IMG_3945-scaled.jpeg, https:\/\/relaisdulys.fr\/wp-content\/uploads\/2024\/10\/IMG_3944-scaled.jpeg, https:\/\/relaisdulys.fr\/wp-content\/uploads\/2024\/10\/IMG_3923-scaled.jpeg, https:\/\/relaisdulys.fr\/wp-content\/uploads\/2024\/10\/IMG_3392.heic, https:\/\/relaisdulys.fr\/wp-content\/uploads\/2024\/10\/IMG_3397.heic, https:\/\/relaisdulys.fr\/wp-content\/uploads\/2024\/10\/IMG_3405.heic, https:\/\/relaisdulys.fr\/wp-content\/uploads\/2024\/10\/IMG_3408.heic, https:\/\/relaisdulys.fr\/wp-content\/uploads\/2024\/10\/IMG_3410.heic, https:\/\/relaisdulys.fr\/wp-content\/uploads\/2024\/10\/IMG_3411.heic, https:\/\/relaisdulys.fr\/wp-content\/uploads\/2024\/10\/IMG_3413.heic, https:\/\/relaisdulys.fr\/wp-content\/uploads\/2024\/10\/IMG_3414.heic, https:\/\/relaisdulys.fr\/wp-content\/uploads\/2024\/10\/IMG_3417.heic, https:\/\/relaisdulys.fr\/wp-content\/uploads\/2024\/10\/IMG_3438.heic, https:\/\/relaisdulys.fr\/wp-content\/uploads\/2024\/10\/IMG_3437.heic\"><i class=\"fas fa-expand\"><\/i><\/a><\/li>\t\t<\/ul>\n\t<\/div>\n\t\t\t\t\t<\/div>\n\t\t\t<\/div>\n\t\t<\/div>\n\t\t\t\t\t<div class=\"col-lg-9 col-md-8 col-sm-6\">\n\t\t\t\t\t\t\t\t<div class=\"car-details\">\n\n\t\t\t\t\t\n\t\t\t\t\t<div class=\"car-title\">\n\t\t\t\t\t\t<a href=\"https:\/\/relaisdulys.fr\/index.php\/stock\/audi-rs4-avant-4-2-v8\/\">AUDI RS4 Avant 4.2 V8<\/a>\n\t\t\t\t\t\t<p>Audi RS4 2015 \u00e0 vendre : Break haute performance avec 450ch, V8 4.2L atmosph\u00e9rique, en excellent \u00e9tat de r\u00e9vision, offrant un parfait m\u00e9lange de sportivit\u00e9 et de praticit\u00e9. Troisi\u00e8me main, pr\u00eat \u00e0 rouler.<\/p>\n\t\t\t\t\t<\/div>\n\t\t\t\t\t<div class=\"price car-price 13299\"><bdi class=\"new-price\"> 43,990.00<span class=\"currency currency-EUR\"> &euro;<\/span><\/bdi><p>Embrayage neuf<\/p><\/div>\t\t\t\t\t<a class=\"button red pull-right\" href=\"https:\/\/relaisdulys.fr\/index.php\/stock\/audi-rs4-avant-4-2-v8\/\">D\u00e9tails<\/a>\n\t\t\t\t\t<div class=\"car-list\"><ul class=\"list-inline\"><li><i class=\"fas fa-calendar-alt\"><\/i> 2015<\/li><li title=\"Autom...\"><i class=\"fas fa-cog\"><\/i> Autom...<\/li><li><i class=\"glyph-icon flaticon-gas-station\"><\/i> 105000 km<\/li><\/ul><\/div>\n\t\t\t\t\t\t<div class=\"car-list-seller-info\">\n\t\t<div class=\"seller-info-thumb\">\n\t\t\t<a href=\"https:\/\/relaisdulys.fr\/index.php\/author\/rcadek\/\">\n\t\t\t\t<img decoding=\"async\" height=\"30\" width=\"30\" src=\"https:\/\/relaisdulys.fr\/wp-content\/uploads\/dealer-profile-images\/Nouveau-projet-2-150x150.jpg\" class=\"img-circle\" alt=\"Le Relais du Lys\">\n\t\t\t<\/a>\n\t\t<\/div>\n\t\t<div class=\"seller-info-details\">\n\t\t\t<div class=\"seller-info-title\"><a href=\"https:\/\/relaisdulys.fr\/index.php\/author\/rcadek\/\">Le Relais du Lys<\/a><\/div>\n\t\t<\/div>\n\t<\/div>\n\t\n\t\t\t\t<\/div>\n\t\t\t\t\t\t\t<\/div>\n\t\t\t\t<\/div>\n<\/div>\n\t\t\t<\/div>\n\t\t<\/div>\n\t\t\t\t<input type=\"hidden\" name=\"pgs_widget_cars_pp\" class=\"pgs_widget_cars_pp\" value=\"12\">\n\t\t<input type=\"hidden\" name=\"pgs_widget_cars_orderby\" class=\"pgs_widget_cars_orderby\" value=\"date\">\n\t\t<input type=\"hidden\" name=\"pgs_widget_cars_order\" class=\"pgs_widget_cars_order\" value=\"desc\">\n\t\t<input type=\"hidden\" name=\"pgs_widget_car_no_sold\" class=\"pgs_widget_car_no_sold\" value=\"\">\n\t\t<input type=\"hidden\" name=\"pgs_widget_vehicle_category\" class=\"pgs_widget_vehicle_category\" value=\"\">\n\t\t<input type=\"hidden\" name=\"pgs_widget_car_make\" class=\"pgs_widget_car_make\" value=\"\">\n\t\t<input type=\"hidden\" name=\"pgs_widget_car_condition\" class=\"pgs_widget_car_condition\" value=\"\">\n\t\t<input type=\"hidden\" name=\"pgs_widget_car_col\" class=\"pgs_widget_car_col\" value=\"3\">\n\t\t<div class=\"cars-pagination-nav pagination-nav text-center\">\n\t\t\t\t\t\t<span class=\"pagination-loader\"><\/span>\n\t\t<\/div>\n\t\t<\/div>\n\t\t<\/div>\n\t\t\t\t<\/div>\n\t\t\t\t\t<\/div>\n\t\t<\/div>\n\t\t\t\t\t<\/div>\n\t\t<\/section>\n\t\t\t\t<\/div>\n\t\t","protected":false},"excerpt":{"rendered":"<p>VEHICLE LISTING SHORTCODE Home Blog 1224364860 Sort by DefaultSort by NameSort by PriceSort by DateSort by Year CertifiedSOLD 2017 Z0481 3 2017 Chevrolet Camaro 1SS&#036;43,085.00&#036;41,085.00 Certified 2012 Autom&#8230; 84082 2012 Buick Enclave Leather&#036;18,994.00 Certified 2016 Autom&#8230; 3 2016 Chevrolet Silverado 1500&#036;30,370.00&#036;26,370.00 Certified 2016 Autom&#8230; 3 2016 Chevrolet Sonic LT Auto&#036;20,635.00&#036;14,635.00 Certified 2015 Autom&#8230; 20662 2015 [&hellip;]<\/p>\n","protected":false},"author":1,"featured_media":0,"parent":0,"menu_order":0,"comment_status":"closed","ping_status":"closed","template":"elementor_header_footer","meta":{"_acf_changed":false,"footnotes":""},"class_list":["post-12585","page","type-page","status-publish","hentry"],"acf":[],"yoast_head":"<!-- This site is optimized with the Yoast SEO plugin v24.0 - https:\/\/yoast.com\/wordpress\/plugins\/seo\/ -->\n<title>Vehicle Listing - Le Relais du Lys - V\u00e9hicules premium et sportifs d&#039;occasion - Atelier de r\u00e9paration - D\u00e9pot-vente<\/title>\n<meta name=\"robots\" content=\"index, follow, max-snippet:-1, max-image-preview:large, max-video-preview:-1\" \/>\n<link rel=\"canonical\" href=\"https:\/\/relaisdulys.fr\/index.php\/vehicle-listing\/\" \/>\n<meta property=\"og:locale\" content=\"fr_FR\" \/>\n<meta property=\"og:type\" content=\"article\" \/>\n<meta property=\"og:title\" content=\"Vehicle Listing - Le Relais du Lys - V\u00e9hicules premium et sportifs d&#039;occasion - Atelier de r\u00e9paration - D\u00e9pot-vente\" \/>\n<meta property=\"og:description\" content=\"VEHICLE LISTING SHORTCODE Home Blog 1224364860 Sort by DefaultSort by NameSort by PriceSort by DateSort by Year CertifiedSOLD 2017 Z0481 3 2017 Chevrolet Camaro 1SS&#036;43,085.00&#036;41,085.00 Certified 2012 Autom&#8230; 84082 2012 Buick Enclave Leather&#036;18,994.00 Certified 2016 Autom&#8230; 3 2016 Chevrolet Silverado 1500&#036;30,370.00&#036;26,370.00 Certified 2016 Autom&#8230; 3 2016 Chevrolet Sonic LT Auto&#036;20,635.00&#036;14,635.00 Certified 2015 Autom&#8230; 20662 2015 [&hellip;]\" \/>\n<meta property=\"og:url\" content=\"https:\/\/relaisdulys.fr\/index.php\/vehicle-listing\/\" \/>\n<meta property=\"og:site_name\" content=\"Le Relais du Lys - V\u00e9hicules premium et sportifs d&#039;occasion - Atelier de r\u00e9paration - D\u00e9pot-vente\" \/>\n<meta property=\"article:publisher\" content=\"https:\/\/facebook.com\/lerelaisdulys\" \/>\n<meta property=\"og:image\" content=\"https:\/\/sampledata.potenzaglobalsolutions.com\/cardealer-el\/wp-content\/plugins\/cardealer-helper-library\/images\/carplaceholder.jpg\" \/>\n<meta name=\"twitter:card\" content=\"summary_large_image\" \/>\n<script type=\"application\/ld+json\" class=\"yoast-schema-graph\">{\"@context\":\"https:\/\/schema.org\",\"@graph\":[{\"@type\":\"WebPage\",\"@id\":\"https:\/\/relaisdulys.fr\/index.php\/vehicle-listing\/\",\"url\":\"https:\/\/relaisdulys.fr\/index.php\/vehicle-listing\/\",\"name\":\"Vehicle Listing - Le Relais du Lys - V\u00e9hicules premium et sportifs d&#039;occasion - Atelier de r\u00e9paration - D\u00e9pot-vente\",\"isPartOf\":{\"@id\":\"https:\/\/relaisdulys.fr\/#website\"},\"primaryImageOfPage\":{\"@id\":\"https:\/\/relaisdulys.fr\/index.php\/vehicle-listing\/#primaryimage\"},\"image\":{\"@id\":\"https:\/\/relaisdulys.fr\/index.php\/vehicle-listing\/#primaryimage\"},\"thumbnailUrl\":\"https:\/\/sampledata.potenzaglobalsolutions.com\/cardealer-el\/wp-content\/plugins\/cardealer-helper-library\/images\/carplaceholder.jpg\",\"datePublished\":\"2023-12-26T12:26:58+00:00\",\"dateModified\":\"2023-12-26T12:26:58+00:00\",\"breadcrumb\":{\"@id\":\"https:\/\/relaisdulys.fr\/index.php\/vehicle-listing\/#breadcrumb\"},\"inLanguage\":\"fr-FR\",\"potentialAction\":[{\"@type\":\"ReadAction\",\"target\":[\"https:\/\/relaisdulys.fr\/index.php\/vehicle-listing\/\"]}]},{\"@type\":\"ImageObject\",\"inLanguage\":\"fr-FR\",\"@id\":\"https:\/\/relaisdulys.fr\/index.php\/vehicle-listing\/#primaryimage\",\"url\":\"https:\/\/sampledata.potenzaglobalsolutions.com\/cardealer-el\/wp-content\/plugins\/cardealer-helper-library\/images\/carplaceholder.jpg\",\"contentUrl\":\"https:\/\/sampledata.potenzaglobalsolutions.com\/cardealer-el\/wp-content\/plugins\/cardealer-helper-library\/images\/carplaceholder.jpg\"},{\"@type\":\"BreadcrumbList\",\"@id\":\"https:\/\/relaisdulys.fr\/index.php\/vehicle-listing\/#breadcrumb\",\"itemListElement\":[{\"@type\":\"ListItem\",\"position\":1,\"name\":\"Accueil\",\"item\":\"https:\/\/relaisdulys.fr\/\"},{\"@type\":\"ListItem\",\"position\":2,\"name\":\"Vehicle Listing\"}]},{\"@type\":\"WebSite\",\"@id\":\"https:\/\/relaisdulys.fr\/#website\",\"url\":\"https:\/\/relaisdulys.fr\/\",\"name\":\"Le Relais du Lys - V\u00e9hicules premium et sportifs d'occasion - Atelier de r\u00e9paration - D\u00e9pot-vente\",\"description\":\"Garage Le Relais du Lys \u00e0 proximit\u00e9 de Toulouse - Vente de v\u00e9hicules d&#039;occasion premium et sportifs - Entretien et r\u00e9paration - Achat - D\u00e9p\u00f4t-Vente \u00e0 Saint-Lys\",\"publisher\":{\"@id\":\"https:\/\/relaisdulys.fr\/#organization\"},\"alternateName\":\"Le Relais du Lys - Garage Eurorepar \u00e0 Saint-Lys\",\"potentialAction\":[{\"@type\":\"SearchAction\",\"target\":{\"@type\":\"EntryPoint\",\"urlTemplate\":\"https:\/\/relaisdulys.fr\/?s={search_term_string}\"},\"query-input\":{\"@type\":\"PropertyValueSpecification\",\"valueRequired\":true,\"valueName\":\"search_term_string\"}}],\"inLanguage\":\"fr-FR\"},{\"@type\":\"Organization\",\"@id\":\"https:\/\/relaisdulys.fr\/#organization\",\"name\":\"Le Relais du Lys\",\"url\":\"https:\/\/relaisdulys.fr\/\",\"logo\":{\"@type\":\"ImageObject\",\"inLanguage\":\"fr-FR\",\"@id\":\"https:\/\/relaisdulys.fr\/#\/schema\/logo\/image\/\",\"url\":\"https:\/\/relaisdulys.fr\/wp-content\/uploads\/2021\/07\/relais-du-lys-350-100.png\",\"contentUrl\":\"https:\/\/relaisdulys.fr\/wp-content\/uploads\/2021\/07\/relais-du-lys-350-100.png\",\"width\":350,\"height\":100,\"caption\":\"Le Relais du Lys\"},\"image\":{\"@id\":\"https:\/\/relaisdulys.fr\/#\/schema\/logo\/image\/\"},\"sameAs\":[\"https:\/\/facebook.com\/lerelaisdulys\",\"https:\/\/youtube.com\/@relaisdulys\",\"https:\/\/instagram.com\/relaisdulys\",\"https:\/\/maps.app.goo.gl\/UPLQVadwmRR3DgUbA\"]}]}<\/script>\n<!-- \/ Yoast SEO plugin. -->","yoast_head_json":{"title":"Vehicle Listing - Le Relais du Lys - V\u00e9hicules premium et sportifs d&#039;occasion - Atelier de r\u00e9paration - D\u00e9pot-vente","robots":{"index":"index","follow":"follow","max-snippet":"max-snippet:-1","max-image-preview":"max-image-preview:large","max-video-preview":"max-video-preview:-1"},"canonical":"https:\/\/relaisdulys.fr\/index.php\/vehicle-listing\/","og_locale":"fr_FR","og_type":"article","og_title":"Vehicle Listing - Le Relais du Lys - V\u00e9hicules premium et sportifs d&#039;occasion - Atelier de r\u00e9paration - D\u00e9pot-vente","og_description":"VEHICLE LISTING SHORTCODE Home Blog 1224364860 Sort by DefaultSort by NameSort by PriceSort by DateSort by Year CertifiedSOLD 2017 Z0481 3 2017 Chevrolet Camaro 1SS&#036;43,085.00&#036;41,085.00 Certified 2012 Autom&#8230; 84082 2012 Buick Enclave Leather&#036;18,994.00 Certified 2016 Autom&#8230; 3 2016 Chevrolet Silverado 1500&#036;30,370.00&#036;26,370.00 Certified 2016 Autom&#8230; 3 2016 Chevrolet Sonic LT Auto&#036;20,635.00&#036;14,635.00 Certified 2015 Autom&#8230; 20662 2015 [&hellip;]","og_url":"https:\/\/relaisdulys.fr\/index.php\/vehicle-listing\/","og_site_name":"Le Relais du Lys - V\u00e9hicules premium et sportifs d&#039;occasion - Atelier de r\u00e9paration - D\u00e9pot-vente","article_publisher":"https:\/\/facebook.com\/lerelaisdulys","og_image":[{"url":"https:\/\/sampledata.potenzaglobalsolutions.com\/cardealer-el\/wp-content\/plugins\/cardealer-helper-library\/images\/carplaceholder.jpg","type":"","width":"","height":""}],"twitter_card":"summary_large_image","schema":{"@context":"https:\/\/schema.org","@graph":[{"@type":"WebPage","@id":"https:\/\/relaisdulys.fr\/index.php\/vehicle-listing\/","url":"https:\/\/relaisdulys.fr\/index.php\/vehicle-listing\/","name":"Vehicle Listing - Le Relais du Lys - V\u00e9hicules premium et sportifs d&#039;occasion - Atelier de r\u00e9paration - D\u00e9pot-vente","isPartOf":{"@id":"https:\/\/relaisdulys.fr\/#website"},"primaryImageOfPage":{"@id":"https:\/\/relaisdulys.fr\/index.php\/vehicle-listing\/#primaryimage"},"image":{"@id":"https:\/\/relaisdulys.fr\/index.php\/vehicle-listing\/#primaryimage"},"thumbnailUrl":"https:\/\/sampledata.potenzaglobalsolutions.com\/cardealer-el\/wp-content\/plugins\/cardealer-helper-library\/images\/carplaceholder.jpg","datePublished":"2023-12-26T12:26:58+00:00","dateModified":"2023-12-26T12:26:58+00:00","breadcrumb":{"@id":"https:\/\/relaisdulys.fr\/index.php\/vehicle-listing\/#breadcrumb"},"inLanguage":"fr-FR","potentialAction":[{"@type":"ReadAction","target":["https:\/\/relaisdulys.fr\/index.php\/vehicle-listing\/"]}]},{"@type":"ImageObject","inLanguage":"fr-FR","@id":"https:\/\/relaisdulys.fr\/index.php\/vehicle-listing\/#primaryimage","url":"https:\/\/sampledata.potenzaglobalsolutions.com\/cardealer-el\/wp-content\/plugins\/cardealer-helper-library\/images\/carplaceholder.jpg","contentUrl":"https:\/\/sampledata.potenzaglobalsolutions.com\/cardealer-el\/wp-content\/plugins\/cardealer-helper-library\/images\/carplaceholder.jpg"},{"@type":"BreadcrumbList","@id":"https:\/\/relaisdulys.fr\/index.php\/vehicle-listing\/#breadcrumb","itemListElement":[{"@type":"ListItem","position":1,"name":"Accueil","item":"https:\/\/relaisdulys.fr\/"},{"@type":"ListItem","position":2,"name":"Vehicle Listing"}]},{"@type":"WebSite","@id":"https:\/\/relaisdulys.fr\/#website","url":"https:\/\/relaisdulys.fr\/","name":"Le Relais du Lys - V\u00e9hicules premium et sportifs d'occasion - Atelier de r\u00e9paration - D\u00e9pot-vente","description":"Garage Le Relais du Lys \u00e0 proximit\u00e9 de Toulouse - Vente de v\u00e9hicules d&#039;occasion premium et sportifs - Entretien et r\u00e9paration - Achat - D\u00e9p\u00f4t-Vente \u00e0 Saint-Lys","publisher":{"@id":"https:\/\/relaisdulys.fr\/#organization"},"alternateName":"Le Relais du Lys - Garage Eurorepar \u00e0 Saint-Lys","potentialAction":[{"@type":"SearchAction","target":{"@type":"EntryPoint","urlTemplate":"https:\/\/relaisdulys.fr\/?s={search_term_string}"},"query-input":{"@type":"PropertyValueSpecification","valueRequired":true,"valueName":"search_term_string"}}],"inLanguage":"fr-FR"},{"@type":"Organization","@id":"https:\/\/relaisdulys.fr\/#organization","name":"Le Relais du Lys","url":"https:\/\/relaisdulys.fr\/","logo":{"@type":"ImageObject","inLanguage":"fr-FR","@id":"https:\/\/relaisdulys.fr\/#\/schema\/logo\/image\/","url":"https:\/\/relaisdulys.fr\/wp-content\/uploads\/2021\/07\/relais-du-lys-350-100.png","contentUrl":"https:\/\/relaisdulys.fr\/wp-content\/uploads\/2021\/07\/relais-du-lys-350-100.png","width":350,"height":100,"caption":"Le Relais du Lys"},"image":{"@id":"https:\/\/relaisdulys.fr\/#\/schema\/logo\/image\/"},"sameAs":["https:\/\/facebook.com\/lerelaisdulys","https:\/\/youtube.com\/@relaisdulys","https:\/\/instagram.com\/relaisdulys","https:\/\/maps.app.goo.gl\/UPLQVadwmRR3DgUbA"]}]}},"_links":{"self":[{"href":"https:\/\/relaisdulys.fr\/index.php\/wp-json\/wp\/v2\/pages\/12585","targetHints":{"allow":["GET"]}}],"collection":[{"href":"https:\/\/relaisdulys.fr\/index.php\/wp-json\/wp\/v2\/pages"}],"about":[{"href":"https:\/\/relaisdulys.fr\/index.php\/wp-json\/wp\/v2\/types\/page"}],"author":[{"embeddable":true,"href":"https:\/\/relaisdulys.fr\/index.php\/wp-json\/wp\/v2\/users\/1"}],"replies":[{"embeddable":true,"href":"https:\/\/relaisdulys.fr\/index.php\/wp-json\/wp\/v2\/comments?post=12585"}],"version-history":[{"count":0,"href":"https:\/\/relaisdulys.fr\/index.php\/wp-json\/wp\/v2\/pages\/12585\/revisions"}],"wp:attachment":[{"href":"https:\/\/relaisdulys.fr\/index.php\/wp-json\/wp\/v2\/media?parent=12585"}],"curies":[{"name":"wp","href":"https:\/\/api.w.org\/{rel}","templated":true}]}}