{"id":10913,"date":"2021-06-30T11:39:05","date_gmt":"2021-06-30T11:39:05","guid":{"rendered":"https:\/\/localhost\/cardealer\/?page_id=10913"},"modified":"2021-06-30T11:39:05","modified_gmt":"2021-06-30T11:39:05","slug":"post-style","status":"publish","type":"page","link":"https:\/\/relaisdulys.fr\/index.php\/post-style\/","title":{"rendered":"Post Style"},"content":{"rendered":"\t\t<div data-elementor-type=\"wp-page\" data-elementor-id=\"10913\" class=\"elementor elementor-10913\">\n\t\t\t\t\t\t<section class=\"elementor-section elementor-top-section elementor-element elementor-element-4548 elementor-section-boxed elementor-section-height-default elementor-section-height-default\" data-id=\"4548\" data-element_type=\"section\">\n\t\t\t\t\t\t<div class=\"elementor-container elementor-column-gap-default\">\n\t\t\t\t\t<div class=\"elementor-column elementor-col-100 elementor-top-column elementor-element elementor-element-13eb\" data-id=\"13eb\" data-element_type=\"column\">\n\t\t\t<div class=\"elementor-widget-wrap elementor-element-populated\">\n\t\t\t\t\t\t<div class=\"elementor-element elementor-element-4265 elementor-widget elementor-widget-cdhl_section-title\" data-id=\"4265\" data-element_type=\"widget\" data-widget_type=\"cdhl_section-title.default\">\n\t\t\t\t<div class=\"elementor-widget-container\">\n\t\t\t<div class=\"cdhl_section-title_wrapper\">\n\t<div class=\"section-title text-center style_1\" id=\"4265\">\n\t\t\t<span class=\"sub-title\"><\/span>\n\t\t<h2 class=\"main-title\">\n\t\t\tPost Grid Style\t\t<\/h2>\n\t\t\t\t\t<div class=\"separator\"><\/div>\n\t\t\t\t<\/div>\n<\/div>\n\t\t<\/div>\n\t\t\t\t<\/div>\n\t\t\t\t<div class=\"elementor-element elementor-element-3b3a elementor-widget elementor-widget-cdhl_recent-posts\" data-id=\"3b3a\" data-element_type=\"widget\" data-widget_type=\"cdhl_recent-posts.default\">\n\t\t\t\t<div class=\"elementor-widget-container\">\n\t\t\t<div class=\"cdhl_recent-posts_wrapper\">\n\t<div class=\"our-blog page-section-pb our-blog-grid\" id=\"3b3a\">\n\t\t<div class=\"row\">\n\t\t\t<div class=\"col-lg-4 col-md-4 col-sm-4\">\n\t<div class=\"blog-2\">\n\t\t<div class=\"blog-image\">\n\t\t\t\t\t\t\t\t<img decoding=\"async\" class=\"img-responsive cardealer-lazy-load\" data-src=\"https:\/\/relaisdulys.fr\/wp-content\/uploads\/2024\/12\/Banniere-blog.png\" src=\"https:\/\/relaisdulys.fr\/wp-content\/plugins\/\/cardealer-helper-library\/images\/loader.gif\">\n\t\t\t\t\t\t\t\t<div class=\"date-box\">\n\t\t\t\t<span>D\u00e9c 2024<\/span>\n\t\t\t<\/div>\n\t\t<\/div>\n\t\t<div class=\"blog-content\">\n\t\t\t<div class=\"blog-admin-main\">\n\t\t\t\t<div class=\"blog-admin\">\n\t\t\t\t\t<img alt='' src='https:\/\/secure.gravatar.com\/avatar\/b44f72bb44901adafa3dde3760470196c85613f056ddec18288a01121a702249?s=32&#038;d=mm&#038;r=g' srcset='https:\/\/secure.gravatar.com\/avatar\/b44f72bb44901adafa3dde3760470196c85613f056ddec18288a01121a702249?s=64&#038;d=mm&#038;r=g 2x' class='avatar avatar-32 photo' \/>\t\t\t\t\t<span>\n\t\t\t\t\t\t<a href=\"https:\/\/relaisdulys.fr\/index.php\/author\/rcadek\/\">\n\t\t\t\t\t\t\tPar Le Relais du Lys\t\t\t\t\t\t<\/a>\n\t\t\t\t\t<\/span>\n\t\t\t\t<\/div>\n\t\t\t\t<div class=\"blog-meta pull-right\">\n\t\t\t\t\t<ul>\n\t\t\t\t\t\t<li>\n\t\t\t\t\t\t\t<a href=\"https:\/\/relaisdulys.fr\/index.php\/2024\/12\/12\/berlines-sportives-moins-de-15000-euros\/#respond\"> <i class=\"fas fa-comment\"><\/i><br \/>\n\t\t\t\t\t\t\t\t0\t\t\t\t\t\t\t<\/a>\n\t\t\t\t\t\t<\/li>\n\t\t\t\t\t\t<li><div class=\"cardealer-share details-social details-weight share cardealer-share-device-desktop cardealer-share-has-inline-links\">\n\t<div class=\"cardealer-share-action\">\n\t\t\t\t<div class=\"cardealer-share-action-item cardealer-share-action-more\">\n\t\t\t<a class=\"cardealer-share-action-link\" href=\"javascript:void(0)\" data-modal_id=\"cardealer-share-modal-13723-1\" title=\"Click to share\" data-native_params=\"{&quot;title&quot;:&quot;Top 5 des Berlines Sportives \\u00e0 Moins de 15 000\\u20ac&quot;,&quot;text&quot;:&quot;D\\u00e9couvrez notre s\\u00e9lection de berlines sportives \\u00e0 moins de 15 000\\u20ac, alliant puissance, confort et design \\u00e9l\\u00e9gant. Des mod\\u00e8les comme la BMW 330i ou la Subaru Impreza WRX vous promettent une conduite passionnante et un style affirm\\u00e9. \\ud83d\\ude97\\ud83d\\udca8&quot;,&quot;url&quot;:&quot;https:\\\/\\\/relaisdulys.fr\\\/index.php\\\/2024\\\/12\\\/12\\\/berlines-sportives-moins-de-15000-euros\\\/&quot;,&quot;image&quot;:&quot;https:\\\/\\\/relaisdulys.fr\\\/wp-content\\\/uploads\\\/2024\\\/12\\\/Banniere-blog.png&quot;}\"><i class=\"fa-solid fa-share-nodes\"><\/i><\/a>\n\t\t<\/div>\n\t\t\t\t\t<div class=\"cardealer-share-action-item cardealer-share-action-inline-links\">\n\t\t\t\t<div class=\"cardealer-share-inline-links\">\n\t\t\t\t\t<ul class=\"cardealer-share-items single-share-box mk-box-to-trigger\" data-title=\"Top 5 des Berlines Sportives \u00e0 Moins de 15 000\u20ac\" data-url=\"https:\/\/relaisdulys.fr\/index.php\/2024\/12\/12\/berlines-sportives-moins-de-15000-euros\/\" data-image=\"https:\/\/relaisdulys.fr\/wp-content\/themes\/cardealer\/images\/carplaceholder.jpg\">\n\t\t\t\t\t\t<li class=\"cardealer-share-item cardealer-share-item-facebook\">\n\t\t\t\t\t\t\t\t<a href=\"https:\/\/www.facebook.com\/sharer\/sharer.php?u=https%3A%2F%2Frelaisdulys.fr%2Findex.php%2F2024%2F12%2F12%2Fberlines-sportives-moins-de-15000-euros%2F\" class=\"cardealer-share-link cardealer-share-link-facebook facebook-share\" target=\"_blank\">\n\t\t\t\t\t\t\t\t\t<i class=\"fab fa-facebook-f\"><\/i>\t\t\t\t\t\t\t\t<\/a>\n\t\t\t\t\t\t\t<\/li><li class=\"cardealer-share-item cardealer-share-item-twitter\">\n\t\t\t\t\t\t\t\t<a href=\"https:\/\/twitter.com\/intent\/tweet?url=https%3A%2F%2Frelaisdulys.fr%2Findex.php%2F2024%2F12%2F12%2Fberlines-sportives-moins-de-15000-euros%2F&#038;text=Top+5+des+Berlines+Sportives+%C3%A0+Moins+de+15+000%E2%82%AC\" class=\"cardealer-share-link cardealer-share-link-twitter twitter-share\" target=\"_blank\">\n\t\t\t\t\t\t\t\t\t<i class=\"fab fa-twitter\"><\/i>\t\t\t\t\t\t\t\t<\/a>\n\t\t\t\t\t\t\t<\/li><li class=\"cardealer-share-item cardealer-share-item-linkedin\">\n\t\t\t\t\t\t\t\t<a href=\"https:\/\/www.linkedin.com\/sharing\/share-offsite\/?url=https%3A%2F%2Frelaisdulys.fr%2Findex.php%2F2024%2F12%2F12%2Fberlines-sportives-moins-de-15000-euros%2F\" class=\"cardealer-share-link cardealer-share-link-linkedin linkedin-share\" target=\"_blank\">\n\t\t\t\t\t\t\t\t\t<i class=\"fab fa-linkedin-in\"><\/i>\t\t\t\t\t\t\t\t<\/a>\n\t\t\t\t\t\t\t<\/li>\t\t\t\t\t<\/ul>\n\t\t\t\t<\/div><!-- .cardealer-share-links -->\n\t\t\t<\/div>\n\t\t\t\t<\/div>\n\t<!-- Modal -->\n\t<div class=\"cardealer-share-modal modal fade\" id=\"cardealer-share-modal-13723-1\" tabindex=\"-1\" role=\"dialog\" aria-labelledby=\"cardealer-share-modal-label-13723-1\">\n\t\t<div class=\"modal-dialog\" role=\"document\">\n\t\t\t<div class=\"modal-content\">\n\t\t\t\t<div class=\"modal-header\">\n\t\t\t\t\t<button type=\"button\" class=\"close\" data-dismiss=\"modal\" aria-label=\"Close\"><span aria-hidden=\"true\">&times;<\/span><\/button>\n\t\t\t\t\t<h4 class=\"modal-title\" id=\"cardealer-share-modal-label-13723-1\">Share This<\/h4>\n\t\t\t\t<\/div>\n\t\t\t\t<div class=\"modal-body\">\n\t\t\t\t\t<div class=\"cardealer-share-popup\">\n\t\t\t\t\t\t<div class=\"cardealer-share-links\">\n\t\t\t\t\t\t\t<ul class=\"cardealer-share-items single-share-box mk-box-to-trigger\" data-title=\"Top 5 des Berlines Sportives \u00e0 Moins de 15 000\u20ac\" data-url=\"https:\/\/relaisdulys.fr\/index.php\/2024\/12\/12\/berlines-sportives-moins-de-15000-euros\/\" data-image=\"https:\/\/relaisdulys.fr\/wp-content\/themes\/cardealer\/images\/carplaceholder.jpg\">\n\t\t\t\t\t\t\t\t<li class=\"cardealer-share-item cardealer-share-item-facebook\">\n\t\t\t\t\t\t\t\t\t\t<a href=\"https:\/\/www.facebook.com\/sharer\/sharer.php?u=https%3A%2F%2Frelaisdulys.fr%2Findex.php%2F2024%2F12%2F12%2Fberlines-sportives-moins-de-15000-euros%2F\" class=\"cardealer-share-link cardealer-share-link-facebook facebook-share\" target=\"_blank\">\n\t\t\t\t\t\t\t\t\t\t\t<i class=\"fab fa-facebook-f\"><\/i>\t\t\t\t\t\t\t\t\t\t<\/a>\n\t\t\t\t\t\t\t\t\t<\/li><li class=\"cardealer-share-item cardealer-share-item-twitter\">\n\t\t\t\t\t\t\t\t\t\t<a href=\"https:\/\/twitter.com\/intent\/tweet?url=https%3A%2F%2Frelaisdulys.fr%2Findex.php%2F2024%2F12%2F12%2Fberlines-sportives-moins-de-15000-euros%2F&amp;text=Top+5+des+Berlines+Sportives+%C3%A0+Moins+de+15+000%E2%82%AC\" class=\"cardealer-share-link cardealer-share-link-twitter twitter-share\" target=\"_blank\">\n\t\t\t\t\t\t\t\t\t\t\t<i class=\"fab fa-twitter\"><\/i>\t\t\t\t\t\t\t\t\t\t<\/a>\n\t\t\t\t\t\t\t\t\t<\/li><li class=\"cardealer-share-item cardealer-share-item-linkedin\">\n\t\t\t\t\t\t\t\t\t\t<a href=\"https:\/\/www.linkedin.com\/sharing\/share-offsite\/?url=https%3A%2F%2Frelaisdulys.fr%2Findex.php%2F2024%2F12%2F12%2Fberlines-sportives-moins-de-15000-euros%2F\" class=\"cardealer-share-link cardealer-share-link-linkedin linkedin-share\" target=\"_blank\">\n\t\t\t\t\t\t\t\t\t\t\t<i class=\"fab fa-linkedin-in\"><\/i>\t\t\t\t\t\t\t\t\t\t<\/a>\n\t\t\t\t\t\t\t\t\t<\/li><li class=\"cardealer-share-item cardealer-share-item-whatsapp\">\n\t\t\t\t\t\t\t\t\t\t<a href=\"https:\/\/web.whatsapp.com\/send?text=Top+5+des+Berlines+Sportives+%C3%A0+Moins+de+15+000%E2%82%AC%0Ahttps%3A%2F%2Frelaisdulys.fr%2Findex.php%2F2024%2F12%2F12%2Fberlines-sportives-moins-de-15000-euros%2F\" class=\"cardealer-share-link cardealer-share-link-whatsapp whatsapp-share\" target=\"_blank\">\n\t\t\t\t\t\t\t\t\t\t\t<i class=\"fab fa-whatsapp\"><\/i>\t\t\t\t\t\t\t\t\t\t<\/a>\n\t\t\t\t\t\t\t\t\t<\/li>\t\t\t\t\t\t\t<\/ul>\n\t\t\t\t\t\t<\/div><!-- .cardealer-share-links -->\n\t\t\t\t\t<\/div><!-- .cardealer-share-popup -->\n\t\t\t\t<\/div>\n\t\t\t<\/div>\n\t\t<\/div>\n\t<\/div>\n<\/div><!-- .share -->\n<\/li>\n\t\t\t\t\t<\/ul>\n\t\t\t\t<\/div>\n\t\t\t<\/div>\n\t\t\t<div class=\"blog-description text-center\">\n\t\t\t\t<a href=\"https:\/\/relaisdulys.fr\/index.php\/2024\/12\/12\/berlines-sportives-moins-de-15000-euros\/\">Top 5 des Berlines Sportives \u00e0 Moins de 15 000\u20ac<\/a>\n\t\t\t\t<div class=\"separator\"><\/div>\n\t\t\t\t<p>D\u00e9couvrez notre s\u00e9lection de berlines sportives \u00e0 moins de 15 000\u20ac, alliant puissance, confort et design \u00e9l\u00e9gant. Des<\/p>\n\t\t\t<\/div>\n\t\t<\/div>\n\t<\/div>\n<\/div>\n<div class=\"col-lg-4 col-md-4 col-sm-4 col-lg-4 col-md-4 col-sm-4\">\n\t<div class=\"blog-2\">\n\t\t<div class=\"blog-image\">\n\t\t\t\t\t\t\t\t<img decoding=\"async\" class=\"img-responsive cardealer-lazy-load\" data-src=\"https:\/\/relaisdulys.fr\/wp-content\/uploads\/2024\/10\/golf-vii-gti-abt-a-vendre-toulouse-importateur.png\" src=\"https:\/\/relaisdulys.fr\/wp-content\/plugins\/\/cardealer-helper-library\/images\/loader.gif\">\n\t\t\t\t\t\t\t\t<div class=\"date-box\">\n\t\t\t\t<span>Oct 2024<\/span>\n\t\t\t<\/div>\n\t\t<\/div>\n\t\t<div class=\"blog-content\">\n\t\t\t<div class=\"blog-admin-main\">\n\t\t\t\t<div class=\"blog-admin\">\n\t\t\t\t\t<img alt='' src='https:\/\/secure.gravatar.com\/avatar\/b44f72bb44901adafa3dde3760470196c85613f056ddec18288a01121a702249?s=32&#038;d=mm&#038;r=g' srcset='https:\/\/secure.gravatar.com\/avatar\/b44f72bb44901adafa3dde3760470196c85613f056ddec18288a01121a702249?s=64&#038;d=mm&#038;r=g 2x' class='avatar avatar-32 photo' \/>\t\t\t\t\t<span>\n\t\t\t\t\t\t<a href=\"https:\/\/relaisdulys.fr\/index.php\/author\/rcadek\/\">\n\t\t\t\t\t\t\tPar Le Relais du Lys\t\t\t\t\t\t<\/a>\n\t\t\t\t\t<\/span>\n\t\t\t\t<\/div>\n\t\t\t\t<div class=\"blog-meta pull-right\">\n\t\t\t\t\t<ul>\n\t\t\t\t\t\t<li>\n\t\t\t\t\t\t\t<a href=\"https:\/\/relaisdulys.fr\/index.php\/2024\/10\/16\/golf-7-gti-performance-abt-une-perle-rare-sous-les-feux-des-projecteurs\/#respond\"> <i class=\"fas fa-comment\"><\/i><br \/>\n\t\t\t\t\t\t\t\t0\t\t\t\t\t\t\t<\/a>\n\t\t\t\t\t\t<\/li>\n\t\t\t\t\t\t<li><div class=\"cardealer-share details-social details-weight share cardealer-share-device-desktop cardealer-share-has-inline-links\">\n\t<div class=\"cardealer-share-action\">\n\t\t\t\t<div class=\"cardealer-share-action-item cardealer-share-action-more\">\n\t\t\t<a class=\"cardealer-share-action-link\" href=\"javascript:void(0)\" data-modal_id=\"cardealer-share-modal-13392-2\" title=\"Click to share\" data-native_params=\"{&quot;title&quot;:&quot;Golf 7 GTI Performance ABT : Une perle rare sous les feux des projecteurs&quot;,&quot;text&quot;:&quot;D\\u00e9couvrez la Golf 7 GTI Performance ABT, arriv\\u00e9e tout droit d&#039;Allemagne. Avec ses 300 chevaux, son design unique et une pr\\u00e9paration m\\u00e9canique haut de gamme, elle est pr\\u00eate \\u00e0 vous offrir des sensations exceptionnelles ! \\ud83d\\ude97\\u2728&quot;,&quot;url&quot;:&quot;https:\\\/\\\/relaisdulys.fr\\\/index.php\\\/2024\\\/10\\\/16\\\/golf-7-gti-performance-abt-une-perle-rare-sous-les-feux-des-projecteurs\\\/&quot;,&quot;image&quot;:&quot;https:\\\/\\\/relaisdulys.fr\\\/wp-content\\\/uploads\\\/2024\\\/10\\\/golf-vii-gti-abt-a-vendre-toulouse-importateur.png&quot;}\"><i class=\"fa-solid fa-share-nodes\"><\/i><\/a>\n\t\t<\/div>\n\t\t\t\t\t<div class=\"cardealer-share-action-item cardealer-share-action-inline-links\">\n\t\t\t\t<div class=\"cardealer-share-inline-links\">\n\t\t\t\t\t<ul class=\"cardealer-share-items single-share-box mk-box-to-trigger\" data-title=\"Golf 7 GTI Performance ABT : Une perle rare sous les feux des projecteurs\" data-url=\"https:\/\/relaisdulys.fr\/index.php\/2024\/10\/16\/golf-7-gti-performance-abt-une-perle-rare-sous-les-feux-des-projecteurs\/\" data-image=\"https:\/\/relaisdulys.fr\/wp-content\/themes\/cardealer\/images\/carplaceholder.jpg\">\n\t\t\t\t\t\t<li class=\"cardealer-share-item cardealer-share-item-facebook\">\n\t\t\t\t\t\t\t\t<a href=\"https:\/\/www.facebook.com\/sharer\/sharer.php?u=https%3A%2F%2Frelaisdulys.fr%2Findex.php%2F2024%2F10%2F16%2Fgolf-7-gti-performance-abt-une-perle-rare-sous-les-feux-des-projecteurs%2F\" class=\"cardealer-share-link cardealer-share-link-facebook facebook-share\" target=\"_blank\">\n\t\t\t\t\t\t\t\t\t<i class=\"fab fa-facebook-f\"><\/i>\t\t\t\t\t\t\t\t<\/a>\n\t\t\t\t\t\t\t<\/li><li class=\"cardealer-share-item cardealer-share-item-twitter\">\n\t\t\t\t\t\t\t\t<a href=\"https:\/\/twitter.com\/intent\/tweet?url=https%3A%2F%2Frelaisdulys.fr%2Findex.php%2F2024%2F10%2F16%2Fgolf-7-gti-performance-abt-une-perle-rare-sous-les-feux-des-projecteurs%2F&#038;text=Golf+7+GTI+Performance+ABT+%3A+Une+perle+rare+sous+les+feux+des+projecteurs\" class=\"cardealer-share-link cardealer-share-link-twitter twitter-share\" target=\"_blank\">\n\t\t\t\t\t\t\t\t\t<i class=\"fab fa-twitter\"><\/i>\t\t\t\t\t\t\t\t<\/a>\n\t\t\t\t\t\t\t<\/li><li class=\"cardealer-share-item cardealer-share-item-linkedin\">\n\t\t\t\t\t\t\t\t<a href=\"https:\/\/www.linkedin.com\/sharing\/share-offsite\/?url=https%3A%2F%2Frelaisdulys.fr%2Findex.php%2F2024%2F10%2F16%2Fgolf-7-gti-performance-abt-une-perle-rare-sous-les-feux-des-projecteurs%2F\" class=\"cardealer-share-link cardealer-share-link-linkedin linkedin-share\" target=\"_blank\">\n\t\t\t\t\t\t\t\t\t<i class=\"fab fa-linkedin-in\"><\/i>\t\t\t\t\t\t\t\t<\/a>\n\t\t\t\t\t\t\t<\/li>\t\t\t\t\t<\/ul>\n\t\t\t\t<\/div><!-- .cardealer-share-links -->\n\t\t\t<\/div>\n\t\t\t\t<\/div>\n\t<!-- Modal -->\n\t<div class=\"cardealer-share-modal modal fade\" id=\"cardealer-share-modal-13392-2\" tabindex=\"-1\" role=\"dialog\" aria-labelledby=\"cardealer-share-modal-label-13392-2\">\n\t\t<div class=\"modal-dialog\" role=\"document\">\n\t\t\t<div class=\"modal-content\">\n\t\t\t\t<div class=\"modal-header\">\n\t\t\t\t\t<button type=\"button\" class=\"close\" data-dismiss=\"modal\" aria-label=\"Close\"><span aria-hidden=\"true\">&times;<\/span><\/button>\n\t\t\t\t\t<h4 class=\"modal-title\" id=\"cardealer-share-modal-label-13392-2\">Share This<\/h4>\n\t\t\t\t<\/div>\n\t\t\t\t<div class=\"modal-body\">\n\t\t\t\t\t<div class=\"cardealer-share-popup\">\n\t\t\t\t\t\t<div class=\"cardealer-share-links\">\n\t\t\t\t\t\t\t<ul class=\"cardealer-share-items single-share-box mk-box-to-trigger\" data-title=\"Golf 7 GTI Performance ABT : Une perle rare sous les feux des projecteurs\" data-url=\"https:\/\/relaisdulys.fr\/index.php\/2024\/10\/16\/golf-7-gti-performance-abt-une-perle-rare-sous-les-feux-des-projecteurs\/\" data-image=\"https:\/\/relaisdulys.fr\/wp-content\/themes\/cardealer\/images\/carplaceholder.jpg\">\n\t\t\t\t\t\t\t\t<li class=\"cardealer-share-item cardealer-share-item-facebook\">\n\t\t\t\t\t\t\t\t\t\t<a href=\"https:\/\/www.facebook.com\/sharer\/sharer.php?u=https%3A%2F%2Frelaisdulys.fr%2Findex.php%2F2024%2F10%2F16%2Fgolf-7-gti-performance-abt-une-perle-rare-sous-les-feux-des-projecteurs%2F\" class=\"cardealer-share-link cardealer-share-link-facebook facebook-share\" target=\"_blank\">\n\t\t\t\t\t\t\t\t\t\t\t<i class=\"fab fa-facebook-f\"><\/i>\t\t\t\t\t\t\t\t\t\t<\/a>\n\t\t\t\t\t\t\t\t\t<\/li><li class=\"cardealer-share-item cardealer-share-item-twitter\">\n\t\t\t\t\t\t\t\t\t\t<a href=\"https:\/\/twitter.com\/intent\/tweet?url=https%3A%2F%2Frelaisdulys.fr%2Findex.php%2F2024%2F10%2F16%2Fgolf-7-gti-performance-abt-une-perle-rare-sous-les-feux-des-projecteurs%2F&amp;text=Golf+7+GTI+Performance+ABT+%3A+Une+perle+rare+sous+les+feux+des+projecteurs\" class=\"cardealer-share-link cardealer-share-link-twitter twitter-share\" target=\"_blank\">\n\t\t\t\t\t\t\t\t\t\t\t<i class=\"fab fa-twitter\"><\/i>\t\t\t\t\t\t\t\t\t\t<\/a>\n\t\t\t\t\t\t\t\t\t<\/li><li class=\"cardealer-share-item cardealer-share-item-linkedin\">\n\t\t\t\t\t\t\t\t\t\t<a href=\"https:\/\/www.linkedin.com\/sharing\/share-offsite\/?url=https%3A%2F%2Frelaisdulys.fr%2Findex.php%2F2024%2F10%2F16%2Fgolf-7-gti-performance-abt-une-perle-rare-sous-les-feux-des-projecteurs%2F\" class=\"cardealer-share-link cardealer-share-link-linkedin linkedin-share\" target=\"_blank\">\n\t\t\t\t\t\t\t\t\t\t\t<i class=\"fab fa-linkedin-in\"><\/i>\t\t\t\t\t\t\t\t\t\t<\/a>\n\t\t\t\t\t\t\t\t\t<\/li><li class=\"cardealer-share-item cardealer-share-item-whatsapp\">\n\t\t\t\t\t\t\t\t\t\t<a href=\"https:\/\/web.whatsapp.com\/send?text=Golf+7+GTI+Performance+ABT+%3A+Une+perle+rare+sous+les+feux+des+projecteurs%0Ahttps%3A%2F%2Frelaisdulys.fr%2Findex.php%2F2024%2F10%2F16%2Fgolf-7-gti-performance-abt-une-perle-rare-sous-les-feux-des-projecteurs%2F\" class=\"cardealer-share-link cardealer-share-link-whatsapp whatsapp-share\" target=\"_blank\">\n\t\t\t\t\t\t\t\t\t\t\t<i class=\"fab fa-whatsapp\"><\/i>\t\t\t\t\t\t\t\t\t\t<\/a>\n\t\t\t\t\t\t\t\t\t<\/li>\t\t\t\t\t\t\t<\/ul>\n\t\t\t\t\t\t<\/div><!-- .cardealer-share-links -->\n\t\t\t\t\t<\/div><!-- .cardealer-share-popup -->\n\t\t\t\t<\/div>\n\t\t\t<\/div>\n\t\t<\/div>\n\t<\/div>\n<\/div><!-- .share -->\n<\/li>\n\t\t\t\t\t<\/ul>\n\t\t\t\t<\/div>\n\t\t\t<\/div>\n\t\t\t<div class=\"blog-description text-center\">\n\t\t\t\t<a href=\"https:\/\/relaisdulys.fr\/index.php\/2024\/10\/16\/golf-7-gti-performance-abt-une-perle-rare-sous-les-feux-des-projecteurs\/\">Golf 7 GTI Performance ABT : Une perle rare sous les feux des projecteurs<\/a>\n\t\t\t\t<div class=\"separator\"><\/div>\n\t\t\t\t<p>D\u00e9couvrez la Golf 7 GTI Performance ABT, arriv\u00e9e tout droit d'Allemagne. Avec ses 300 chevaux, son design unique et une<\/p>\n\t\t\t<\/div>\n\t\t<\/div>\n\t<\/div>\n<\/div>\n<div class=\"col-lg-4 col-md-4 col-sm-4 col-lg-4 col-md-4 col-sm-4 col-lg-4 col-md-4 col-sm-4\">\n\t<div class=\"blog-2\">\n\t\t<div class=\"blog-image\">\n\t\t\t\t\t\t\t\t<img decoding=\"async\" class=\"img-responsive cardealer-lazy-load\" data-src=\"https:\/\/relaisdulys.fr\/wp-content\/uploads\/2024\/10\/coupes-sportifs-15000-euros.png\" src=\"https:\/\/relaisdulys.fr\/wp-content\/plugins\/\/cardealer-helper-library\/images\/loader.gif\">\n\t\t\t\t\t\t\t\t<div class=\"date-box\">\n\t\t\t\t<span>Oct 2024<\/span>\n\t\t\t<\/div>\n\t\t<\/div>\n\t\t<div class=\"blog-content\">\n\t\t\t<div class=\"blog-admin-main\">\n\t\t\t\t<div class=\"blog-admin\">\n\t\t\t\t\t<img alt='' src='https:\/\/secure.gravatar.com\/avatar\/b44f72bb44901adafa3dde3760470196c85613f056ddec18288a01121a702249?s=32&#038;d=mm&#038;r=g' srcset='https:\/\/secure.gravatar.com\/avatar\/b44f72bb44901adafa3dde3760470196c85613f056ddec18288a01121a702249?s=64&#038;d=mm&#038;r=g 2x' class='avatar avatar-32 photo' \/>\t\t\t\t\t<span>\n\t\t\t\t\t\t<a href=\"https:\/\/relaisdulys.fr\/index.php\/author\/rcadek\/\">\n\t\t\t\t\t\t\tPar Le Relais du Lys\t\t\t\t\t\t<\/a>\n\t\t\t\t\t<\/span>\n\t\t\t\t<\/div>\n\t\t\t\t<div class=\"blog-meta pull-right\">\n\t\t\t\t\t<ul>\n\t\t\t\t\t\t<li>\n\t\t\t\t\t\t\t<a href=\"https:\/\/relaisdulys.fr\/index.php\/2024\/10\/04\/top-5-des-coupes-sportifs-pour-moins-de-15-000-euros\/#respond\"> <i class=\"fas fa-comment\"><\/i><br \/>\n\t\t\t\t\t\t\t\t0\t\t\t\t\t\t\t<\/a>\n\t\t\t\t\t\t<\/li>\n\t\t\t\t\t\t<li><div class=\"cardealer-share details-social details-weight share cardealer-share-device-desktop cardealer-share-has-inline-links\">\n\t<div class=\"cardealer-share-action\">\n\t\t\t\t<div class=\"cardealer-share-action-item cardealer-share-action-more\">\n\t\t\t<a class=\"cardealer-share-action-link\" href=\"javascript:void(0)\" data-modal_id=\"cardealer-share-modal-13286-3\" title=\"Click to share\" data-native_params=\"{&quot;title&quot;:&quot;Top 5 des coup\\u00e9s sportifs pour moins de 15 000\\u20ac&quot;,&quot;text&quot;:&quot;\\u00c0 la recherche d&#039;un coup\\u00e9 sportif alliant style et puissance ? Voici notre s\\u00e9lection des meilleures options pour un budget de 15 000 \\u20ac, incluant la BMW E92, la Nissan 350Z, et bien plus ! \\ud83d\\ude97\\ud83d\\udd25&quot;,&quot;url&quot;:&quot;https:\\\/\\\/relaisdulys.fr\\\/index.php\\\/2024\\\/10\\\/04\\\/top-5-des-coupes-sportifs-pour-moins-de-15-000-euros\\\/&quot;,&quot;image&quot;:&quot;https:\\\/\\\/relaisdulys.fr\\\/wp-content\\\/uploads\\\/2024\\\/10\\\/coupes-sportifs-15000-euros.png&quot;}\"><i class=\"fa-solid fa-share-nodes\"><\/i><\/a>\n\t\t<\/div>\n\t\t\t\t\t<div class=\"cardealer-share-action-item cardealer-share-action-inline-links\">\n\t\t\t\t<div class=\"cardealer-share-inline-links\">\n\t\t\t\t\t<ul class=\"cardealer-share-items single-share-box mk-box-to-trigger\" data-title=\"Top 5 des coup\u00e9s sportifs pour moins de 15 000\u20ac\" data-url=\"https:\/\/relaisdulys.fr\/index.php\/2024\/10\/04\/top-5-des-coupes-sportifs-pour-moins-de-15-000-euros\/\" data-image=\"https:\/\/relaisdulys.fr\/wp-content\/themes\/cardealer\/images\/carplaceholder.jpg\">\n\t\t\t\t\t\t<li class=\"cardealer-share-item cardealer-share-item-facebook\">\n\t\t\t\t\t\t\t\t<a href=\"https:\/\/www.facebook.com\/sharer\/sharer.php?u=https%3A%2F%2Frelaisdulys.fr%2Findex.php%2F2024%2F10%2F04%2Ftop-5-des-coupes-sportifs-pour-moins-de-15-000-euros%2F\" class=\"cardealer-share-link cardealer-share-link-facebook facebook-share\" target=\"_blank\">\n\t\t\t\t\t\t\t\t\t<i class=\"fab fa-facebook-f\"><\/i>\t\t\t\t\t\t\t\t<\/a>\n\t\t\t\t\t\t\t<\/li><li class=\"cardealer-share-item cardealer-share-item-twitter\">\n\t\t\t\t\t\t\t\t<a href=\"https:\/\/twitter.com\/intent\/tweet?url=https%3A%2F%2Frelaisdulys.fr%2Findex.php%2F2024%2F10%2F04%2Ftop-5-des-coupes-sportifs-pour-moins-de-15-000-euros%2F&#038;text=Top+5+des+coup%C3%A9s+sportifs+pour+moins+de+15+000%E2%82%AC\" class=\"cardealer-share-link cardealer-share-link-twitter twitter-share\" target=\"_blank\">\n\t\t\t\t\t\t\t\t\t<i class=\"fab fa-twitter\"><\/i>\t\t\t\t\t\t\t\t<\/a>\n\t\t\t\t\t\t\t<\/li><li class=\"cardealer-share-item cardealer-share-item-linkedin\">\n\t\t\t\t\t\t\t\t<a href=\"https:\/\/www.linkedin.com\/sharing\/share-offsite\/?url=https%3A%2F%2Frelaisdulys.fr%2Findex.php%2F2024%2F10%2F04%2Ftop-5-des-coupes-sportifs-pour-moins-de-15-000-euros%2F\" class=\"cardealer-share-link cardealer-share-link-linkedin linkedin-share\" target=\"_blank\">\n\t\t\t\t\t\t\t\t\t<i class=\"fab fa-linkedin-in\"><\/i>\t\t\t\t\t\t\t\t<\/a>\n\t\t\t\t\t\t\t<\/li>\t\t\t\t\t<\/ul>\n\t\t\t\t<\/div><!-- .cardealer-share-links -->\n\t\t\t<\/div>\n\t\t\t\t<\/div>\n\t<!-- Modal -->\n\t<div class=\"cardealer-share-modal modal fade\" id=\"cardealer-share-modal-13286-3\" tabindex=\"-1\" role=\"dialog\" aria-labelledby=\"cardealer-share-modal-label-13286-3\">\n\t\t<div class=\"modal-dialog\" role=\"document\">\n\t\t\t<div class=\"modal-content\">\n\t\t\t\t<div class=\"modal-header\">\n\t\t\t\t\t<button type=\"button\" class=\"close\" data-dismiss=\"modal\" aria-label=\"Close\"><span aria-hidden=\"true\">&times;<\/span><\/button>\n\t\t\t\t\t<h4 class=\"modal-title\" id=\"cardealer-share-modal-label-13286-3\">Share This<\/h4>\n\t\t\t\t<\/div>\n\t\t\t\t<div class=\"modal-body\">\n\t\t\t\t\t<div class=\"cardealer-share-popup\">\n\t\t\t\t\t\t<div class=\"cardealer-share-links\">\n\t\t\t\t\t\t\t<ul class=\"cardealer-share-items single-share-box mk-box-to-trigger\" data-title=\"Top 5 des coup\u00e9s sportifs pour moins de 15 000\u20ac\" data-url=\"https:\/\/relaisdulys.fr\/index.php\/2024\/10\/04\/top-5-des-coupes-sportifs-pour-moins-de-15-000-euros\/\" data-image=\"https:\/\/relaisdulys.fr\/wp-content\/themes\/cardealer\/images\/carplaceholder.jpg\">\n\t\t\t\t\t\t\t\t<li class=\"cardealer-share-item cardealer-share-item-facebook\">\n\t\t\t\t\t\t\t\t\t\t<a href=\"https:\/\/www.facebook.com\/sharer\/sharer.php?u=https%3A%2F%2Frelaisdulys.fr%2Findex.php%2F2024%2F10%2F04%2Ftop-5-des-coupes-sportifs-pour-moins-de-15-000-euros%2F\" class=\"cardealer-share-link cardealer-share-link-facebook facebook-share\" target=\"_blank\">\n\t\t\t\t\t\t\t\t\t\t\t<i class=\"fab fa-facebook-f\"><\/i>\t\t\t\t\t\t\t\t\t\t<\/a>\n\t\t\t\t\t\t\t\t\t<\/li><li class=\"cardealer-share-item cardealer-share-item-twitter\">\n\t\t\t\t\t\t\t\t\t\t<a href=\"https:\/\/twitter.com\/intent\/tweet?url=https%3A%2F%2Frelaisdulys.fr%2Findex.php%2F2024%2F10%2F04%2Ftop-5-des-coupes-sportifs-pour-moins-de-15-000-euros%2F&amp;text=Top+5+des+coup%C3%A9s+sportifs+pour+moins+de+15+000%E2%82%AC\" class=\"cardealer-share-link cardealer-share-link-twitter twitter-share\" target=\"_blank\">\n\t\t\t\t\t\t\t\t\t\t\t<i class=\"fab fa-twitter\"><\/i>\t\t\t\t\t\t\t\t\t\t<\/a>\n\t\t\t\t\t\t\t\t\t<\/li><li class=\"cardealer-share-item cardealer-share-item-linkedin\">\n\t\t\t\t\t\t\t\t\t\t<a href=\"https:\/\/www.linkedin.com\/sharing\/share-offsite\/?url=https%3A%2F%2Frelaisdulys.fr%2Findex.php%2F2024%2F10%2F04%2Ftop-5-des-coupes-sportifs-pour-moins-de-15-000-euros%2F\" class=\"cardealer-share-link cardealer-share-link-linkedin linkedin-share\" target=\"_blank\">\n\t\t\t\t\t\t\t\t\t\t\t<i class=\"fab fa-linkedin-in\"><\/i>\t\t\t\t\t\t\t\t\t\t<\/a>\n\t\t\t\t\t\t\t\t\t<\/li><li class=\"cardealer-share-item cardealer-share-item-whatsapp\">\n\t\t\t\t\t\t\t\t\t\t<a href=\"https:\/\/web.whatsapp.com\/send?text=Top+5+des+coup%C3%A9s+sportifs+pour+moins+de+15+000%E2%82%AC%0Ahttps%3A%2F%2Frelaisdulys.fr%2Findex.php%2F2024%2F10%2F04%2Ftop-5-des-coupes-sportifs-pour-moins-de-15-000-euros%2F\" class=\"cardealer-share-link cardealer-share-link-whatsapp whatsapp-share\" target=\"_blank\">\n\t\t\t\t\t\t\t\t\t\t\t<i class=\"fab fa-whatsapp\"><\/i>\t\t\t\t\t\t\t\t\t\t<\/a>\n\t\t\t\t\t\t\t\t\t<\/li>\t\t\t\t\t\t\t<\/ul>\n\t\t\t\t\t\t<\/div><!-- .cardealer-share-links -->\n\t\t\t\t\t<\/div><!-- .cardealer-share-popup -->\n\t\t\t\t<\/div>\n\t\t\t<\/div>\n\t\t<\/div>\n\t<\/div>\n<\/div><!-- .share -->\n<\/li>\n\t\t\t\t\t<\/ul>\n\t\t\t\t<\/div>\n\t\t\t<\/div>\n\t\t\t<div class=\"blog-description text-center\">\n\t\t\t\t<a href=\"https:\/\/relaisdulys.fr\/index.php\/2024\/10\/04\/top-5-des-coupes-sportifs-pour-moins-de-15-000-euros\/\">Top 5 des coup\u00e9s sportifs pour moins de 15 000\u20ac<\/a>\n\t\t\t\t<div class=\"separator\"><\/div>\n\t\t\t\t<p>\u00c0 la recherche d'un coup\u00e9 sportif alliant style et puissance ? Voici notre s\u00e9lection des meilleures options pour un<\/p>\n\t\t\t<\/div>\n\t\t<\/div>\n\t<\/div>\n<\/div>\n\t\t<\/div>\n\t<\/div>\n<\/div>\n\t\t<\/div>\n\t\t\t\t<\/div>\n\t\t\t\t\t<\/div>\n\t\t<\/div>\n\t\t\t\t\t<\/div>\n\t\t<\/section>\n\t\t\t\t<section class=\"elementor-section elementor-top-section elementor-element elementor-element-6df4 elementor-section-boxed elementor-section-height-default elementor-section-height-default\" data-id=\"6df4\" data-element_type=\"section\">\n\t\t\t\t\t\t<div class=\"elementor-container elementor-column-gap-default\">\n\t\t\t\t\t<div class=\"elementor-column elementor-col-100 elementor-top-column elementor-element elementor-element-3c7\" data-id=\"3c7\" data-element_type=\"column\">\n\t\t\t<div class=\"elementor-widget-wrap elementor-element-populated\">\n\t\t\t\t\t\t<div class=\"elementor-element elementor-element-1fe1 elementor-widget elementor-widget-cdhl_section-title\" data-id=\"1fe1\" data-element_type=\"widget\" data-widget_type=\"cdhl_section-title.default\">\n\t\t\t\t<div class=\"elementor-widget-container\">\n\t\t\t<div class=\"cdhl_section-title_wrapper\">\n\t<div class=\"section-title text-center style_1\" id=\"1fe1\">\n\t\t\t<span class=\"sub-title\"><\/span>\n\t\t<h2 class=\"main-title\">\n\t\t\tPost List Style\t\t<\/h2>\n\t\t\t\t\t<div class=\"separator\"><\/div>\n\t\t\t\t<\/div>\n<\/div>\n\t\t<\/div>\n\t\t\t\t<\/div>\n\t\t\t\t<div class=\"elementor-element elementor-element-5106 elementor-widget elementor-widget-cdhl_recent-posts\" data-id=\"5106\" data-element_type=\"widget\" data-widget_type=\"cdhl_recent-posts.default\">\n\t\t\t\t<div class=\"elementor-widget-container\">\n\t\t\t<div class=\"cdhl_recent-posts_wrapper\">\n\t<div class=\"our-blog page-section-pb our-blog-list\" id=\"5106\">\n\t\t<div class=\"row\">\n\t\t\t<div class=\"blog-1\">\n\t<div class=\"row\">\n\t\t\t\t\t<div class=\"col-lg-6 col-md-6 col-sm-6\">\n\t\t\t\t<div class=\"blog-image\">\n\t\t\t\t\t\t\t\t\t\t\t\t<img decoding=\"async\" class=\"img-responsive cardealer-lazy-load\" data-src=\"https:\/\/relaisdulys.fr\/wp-content\/uploads\/2024\/12\/Banniere-blog.png\" src=\"https:\/\/relaisdulys.fr\/wp-content\/plugins\/\/cardealer-helper-library\/images\/loader.gif\">\n\t\t\t\t\t\t\t\t\t\t\t<\/div>\n\t\t\t<\/div>\n\t\t\t\t\t<div class=\"col-lg-6 col-md-6 col-sm-6\">\n\t\t\t<div class=\"blog-content\">\n\t\t\t\t<a href=\"https:\/\/relaisdulys.fr\/index.php\/2024\/12\/12\/berlines-sportives-moins-de-15000-euros\/\" class=\"link\">Top 5 des Berlines Sportives \u00e0 Moins de 15 000\u20ac<\/a>\n\t\t\t\t<span class=\"uppercase\">\n\t\t\t\t\td\u00e9cembre 12, 2024 | <strong class=\"text-red\"> poster par Le Relais du Lys <\/strong>\n\t\t\t\t<\/span>\n\t\t\t\t<p>D\u00e9couvrez notre s\u00e9lection de berlines sportives \u00e0 moins de 15 000\u20ac, alliant puissance, confort et design \u00e9l\u00e9gant. Des<\/p>\n\t\t\t\t\t\t\t\t\t<a class=\"button border\" href=\"https:\/\/relaisdulys.fr\/index.php\/2024\/12\/12\/berlines-sportives-moins-de-15000-euros\/\">Read More<\/a>\n\t\t\t\t\t\t\t\t<\/div>\n\t\t<\/div>\n\t<\/div>\n<\/div>\n<br \/>\n<div class=\"blog-1\">\n\t<div class=\"row\">\n\t\t\t\t\t<div class=\"col-lg-6 col-md-6 col-sm-6\">\n\t\t\t\t<div class=\"blog-image\">\n\t\t\t\t\t\t\t\t\t\t\t\t<img decoding=\"async\" class=\"img-responsive cardealer-lazy-load\" data-src=\"https:\/\/relaisdulys.fr\/wp-content\/uploads\/2024\/10\/golf-vii-gti-abt-a-vendre-toulouse-importateur.png\" src=\"https:\/\/relaisdulys.fr\/wp-content\/plugins\/\/cardealer-helper-library\/images\/loader.gif\">\n\t\t\t\t\t\t\t\t\t\t\t<\/div>\n\t\t\t<\/div>\n\t\t\t\t\t<div class=\"col-lg-6 col-md-6 col-sm-6\">\n\t\t\t<div class=\"blog-content\">\n\t\t\t\t<a href=\"https:\/\/relaisdulys.fr\/index.php\/2024\/10\/16\/golf-7-gti-performance-abt-une-perle-rare-sous-les-feux-des-projecteurs\/\" class=\"link\">Golf 7 GTI Performance ABT : Une perle rare sous les feux des projecteurs<\/a>\n\t\t\t\t<span class=\"uppercase\">\n\t\t\t\t\toctobre 16, 2024 | <strong class=\"text-red\"> poster par Le Relais du Lys <\/strong>\n\t\t\t\t<\/span>\n\t\t\t\t<p>D\u00e9couvrez la Golf 7 GTI Performance ABT, arriv\u00e9e tout droit d'Allemagne. Avec ses 300 chevaux, son design unique et une<\/p>\n\t\t\t\t\t\t\t\t\t<a class=\"button border\" href=\"https:\/\/relaisdulys.fr\/index.php\/2024\/10\/16\/golf-7-gti-performance-abt-une-perle-rare-sous-les-feux-des-projecteurs\/\">Read More<\/a>\n\t\t\t\t\t\t\t\t<\/div>\n\t\t<\/div>\n\t<\/div>\n<\/div>\n<br \/>\n<div class=\"blog-1\">\n\t<div class=\"row\">\n\t\t\t\t\t<div class=\"col-lg-6 col-md-6 col-sm-6\">\n\t\t\t\t<div class=\"blog-image\">\n\t\t\t\t\t\t\t\t\t\t\t\t<img decoding=\"async\" class=\"img-responsive cardealer-lazy-load\" data-src=\"https:\/\/relaisdulys.fr\/wp-content\/uploads\/2024\/10\/coupes-sportifs-15000-euros.png\" src=\"https:\/\/relaisdulys.fr\/wp-content\/plugins\/\/cardealer-helper-library\/images\/loader.gif\">\n\t\t\t\t\t\t\t\t\t\t\t<\/div>\n\t\t\t<\/div>\n\t\t\t\t\t<div class=\"col-lg-6 col-md-6 col-sm-6\">\n\t\t\t<div class=\"blog-content\">\n\t\t\t\t<a href=\"https:\/\/relaisdulys.fr\/index.php\/2024\/10\/04\/top-5-des-coupes-sportifs-pour-moins-de-15-000-euros\/\" class=\"link\">Top 5 des coup\u00e9s sportifs pour moins de 15 000\u20ac<\/a>\n\t\t\t\t<span class=\"uppercase\">\n\t\t\t\t\toctobre 04, 2024 | <strong class=\"text-red\"> poster par Le Relais du Lys <\/strong>\n\t\t\t\t<\/span>\n\t\t\t\t<p>\u00c0 la recherche d'un coup\u00e9 sportif alliant style et puissance ? Voici notre s\u00e9lection des meilleures options pour un<\/p>\n\t\t\t\t\t\t\t\t\t<a class=\"button border\" href=\"https:\/\/relaisdulys.fr\/index.php\/2024\/10\/04\/top-5-des-coupes-sportifs-pour-moins-de-15-000-euros\/\">Read More<\/a>\n\t\t\t\t\t\t\t\t<\/div>\n\t\t<\/div>\n\t<\/div>\n<\/div>\n<br \/>\n\t\t<\/div>\n\t<\/div>\n<\/div>\n\t\t<\/div>\n\t\t\t\t<\/div>\n\t\t\t\t\t<\/div>\n\t\t<\/div>\n\t\t\t\t\t<\/div>\n\t\t<\/section>\n\t\t\t\t<\/div>\n\t\t","protected":false},"excerpt":{"rendered":"Le&nbsp;coup\u00e9 sportif&nbsp;est le choix parfait pour ceux qui recherchent des sensations fortes et un design rac\u00e9. Pour moins de 15 000 \u20ac, il est possible de trouver des mod\u00e8les au rapport prix\/plaisir exceptionnel. Voici une s\u00e9lection des meilleures options qui combinent puissance, style et performance. 1.&nbsp;BMW S\u00e9rie 3 Coup\u00e9 E92 (2006-2013) BMW 335i E92 (caradisiac.com) [...]","protected":false},"author":1,"featured_media":0,"parent":0,"menu_order":0,"comment_status":"closed","ping_status":"closed","template":"templates\/cadealer-elementor-full-width.php","meta":{"_acf_changed":false,"footnotes":""},"class_list":["post-10913","page","type-page","status-publish","hentry"],"acf":[],"yoast_head":"<!-- This site is optimized with the Yoast SEO plugin v24.0 - https:\/\/yoast.com\/wordpress\/plugins\/seo\/ -->\n<title>Post Style - Le Relais du Lys - V\u00e9hicules premium et sportifs d&#039;occasion - Atelier de r\u00e9paration - D\u00e9pot-vente<\/title>\n<meta name=\"robots\" content=\"index, follow, max-snippet:-1, max-image-preview:large, max-video-preview:-1\" \/>\n<link rel=\"canonical\" href=\"https:\/\/relaisdulys.fr\/index.php\/post-style\/\" \/>\n<meta property=\"og:locale\" content=\"fr_FR\" \/>\n<meta property=\"og:type\" content=\"article\" \/>\n<meta property=\"og:title\" content=\"Post Style - Le Relais du Lys - V\u00e9hicules premium et sportifs d&#039;occasion - Atelier de r\u00e9paration - D\u00e9pot-vente\" \/>\n<meta property=\"og:url\" content=\"https:\/\/relaisdulys.fr\/index.php\/post-style\/\" \/>\n<meta property=\"og:site_name\" content=\"Le Relais du Lys - V\u00e9hicules premium et sportifs d&#039;occasion - Atelier de r\u00e9paration - D\u00e9pot-vente\" \/>\n<meta property=\"article:publisher\" content=\"https:\/\/facebook.com\/lerelaisdulys\" \/>\n<meta name=\"twitter:card\" content=\"summary_large_image\" \/>\n<script type=\"application\/ld+json\" class=\"yoast-schema-graph\">{\"@context\":\"https:\/\/schema.org\",\"@graph\":[{\"@type\":\"WebPage\",\"@id\":\"https:\/\/relaisdulys.fr\/index.php\/post-style\/\",\"url\":\"https:\/\/relaisdulys.fr\/index.php\/post-style\/\",\"name\":\"Post Style - Le Relais du Lys - V\u00e9hicules premium et sportifs d&#039;occasion - Atelier de r\u00e9paration - D\u00e9pot-vente\",\"isPartOf\":{\"@id\":\"https:\/\/relaisdulys.fr\/#website\"},\"datePublished\":\"2021-06-30T11:39:05+00:00\",\"dateModified\":\"2021-06-30T11:39:05+00:00\",\"breadcrumb\":{\"@id\":\"https:\/\/relaisdulys.fr\/index.php\/post-style\/#breadcrumb\"},\"inLanguage\":\"fr-FR\",\"potentialAction\":[{\"@type\":\"ReadAction\",\"target\":[\"https:\/\/relaisdulys.fr\/index.php\/post-style\/\"]}]},{\"@type\":\"BreadcrumbList\",\"@id\":\"https:\/\/relaisdulys.fr\/index.php\/post-style\/#breadcrumb\",\"itemListElement\":[{\"@type\":\"ListItem\",\"position\":1,\"name\":\"Accueil\",\"item\":\"https:\/\/relaisdulys.fr\/\"},{\"@type\":\"ListItem\",\"position\":2,\"name\":\"Post Style\"}]},{\"@type\":\"WebSite\",\"@id\":\"https:\/\/relaisdulys.fr\/#website\",\"url\":\"https:\/\/relaisdulys.fr\/\",\"name\":\"Le Relais du Lys - V\u00e9hicules premium et sportifs d'occasion - Atelier de r\u00e9paration - D\u00e9pot-vente\",\"description\":\"Garage Le Relais du Lys \u00e0 proximit\u00e9 de Toulouse - Vente de v\u00e9hicules d&#039;occasion premium et sportifs - Entretien et r\u00e9paration - Achat - D\u00e9p\u00f4t-Vente \u00e0 Saint-Lys\",\"publisher\":{\"@id\":\"https:\/\/relaisdulys.fr\/#organization\"},\"alternateName\":\"Le Relais du Lys - Garage Eurorepar \u00e0 Saint-Lys\",\"potentialAction\":[{\"@type\":\"SearchAction\",\"target\":{\"@type\":\"EntryPoint\",\"urlTemplate\":\"https:\/\/relaisdulys.fr\/?s={search_term_string}\"},\"query-input\":{\"@type\":\"PropertyValueSpecification\",\"valueRequired\":true,\"valueName\":\"search_term_string\"}}],\"inLanguage\":\"fr-FR\"},{\"@type\":\"Organization\",\"@id\":\"https:\/\/relaisdulys.fr\/#organization\",\"name\":\"Le Relais du Lys\",\"url\":\"https:\/\/relaisdulys.fr\/\",\"logo\":{\"@type\":\"ImageObject\",\"inLanguage\":\"fr-FR\",\"@id\":\"https:\/\/relaisdulys.fr\/#\/schema\/logo\/image\/\",\"url\":\"https:\/\/relaisdulys.fr\/wp-content\/uploads\/2021\/07\/relais-du-lys-350-100.png\",\"contentUrl\":\"https:\/\/relaisdulys.fr\/wp-content\/uploads\/2021\/07\/relais-du-lys-350-100.png\",\"width\":350,\"height\":100,\"caption\":\"Le Relais du Lys\"},\"image\":{\"@id\":\"https:\/\/relaisdulys.fr\/#\/schema\/logo\/image\/\"},\"sameAs\":[\"https:\/\/facebook.com\/lerelaisdulys\",\"https:\/\/youtube.com\/@relaisdulys\",\"https:\/\/instagram.com\/relaisdulys\",\"https:\/\/maps.app.goo.gl\/UPLQVadwmRR3DgUbA\"]}]}<\/script>\n<!-- \/ Yoast SEO plugin. -->","yoast_head_json":{"title":"Post Style - Le Relais du Lys - V\u00e9hicules premium et sportifs d&#039;occasion - Atelier de r\u00e9paration - D\u00e9pot-vente","robots":{"index":"index","follow":"follow","max-snippet":"max-snippet:-1","max-image-preview":"max-image-preview:large","max-video-preview":"max-video-preview:-1"},"canonical":"https:\/\/relaisdulys.fr\/index.php\/post-style\/","og_locale":"fr_FR","og_type":"article","og_title":"Post Style - Le Relais du Lys - V\u00e9hicules premium et sportifs d&#039;occasion - Atelier de r\u00e9paration - D\u00e9pot-vente","og_url":"https:\/\/relaisdulys.fr\/index.php\/post-style\/","og_site_name":"Le Relais du Lys - V\u00e9hicules premium et sportifs d&#039;occasion - Atelier de r\u00e9paration - D\u00e9pot-vente","article_publisher":"https:\/\/facebook.com\/lerelaisdulys","twitter_card":"summary_large_image","schema":{"@context":"https:\/\/schema.org","@graph":[{"@type":"WebPage","@id":"https:\/\/relaisdulys.fr\/index.php\/post-style\/","url":"https:\/\/relaisdulys.fr\/index.php\/post-style\/","name":"Post Style - Le Relais du Lys - V\u00e9hicules premium et sportifs d&#039;occasion - Atelier de r\u00e9paration - D\u00e9pot-vente","isPartOf":{"@id":"https:\/\/relaisdulys.fr\/#website"},"datePublished":"2021-06-30T11:39:05+00:00","dateModified":"2021-06-30T11:39:05+00:00","breadcrumb":{"@id":"https:\/\/relaisdulys.fr\/index.php\/post-style\/#breadcrumb"},"inLanguage":"fr-FR","potentialAction":[{"@type":"ReadAction","target":["https:\/\/relaisdulys.fr\/index.php\/post-style\/"]}]},{"@type":"BreadcrumbList","@id":"https:\/\/relaisdulys.fr\/index.php\/post-style\/#breadcrumb","itemListElement":[{"@type":"ListItem","position":1,"name":"Accueil","item":"https:\/\/relaisdulys.fr\/"},{"@type":"ListItem","position":2,"name":"Post Style"}]},{"@type":"WebSite","@id":"https:\/\/relaisdulys.fr\/#website","url":"https:\/\/relaisdulys.fr\/","name":"Le Relais du Lys - V\u00e9hicules premium et sportifs d'occasion - Atelier de r\u00e9paration - D\u00e9pot-vente","description":"Garage Le Relais du Lys \u00e0 proximit\u00e9 de Toulouse - Vente de v\u00e9hicules d&#039;occasion premium et sportifs - Entretien et r\u00e9paration - Achat - D\u00e9p\u00f4t-Vente \u00e0 Saint-Lys","publisher":{"@id":"https:\/\/relaisdulys.fr\/#organization"},"alternateName":"Le Relais du Lys - Garage Eurorepar \u00e0 Saint-Lys","potentialAction":[{"@type":"SearchAction","target":{"@type":"EntryPoint","urlTemplate":"https:\/\/relaisdulys.fr\/?s={search_term_string}"},"query-input":{"@type":"PropertyValueSpecification","valueRequired":true,"valueName":"search_term_string"}}],"inLanguage":"fr-FR"},{"@type":"Organization","@id":"https:\/\/relaisdulys.fr\/#organization","name":"Le Relais du Lys","url":"https:\/\/relaisdulys.fr\/","logo":{"@type":"ImageObject","inLanguage":"fr-FR","@id":"https:\/\/relaisdulys.fr\/#\/schema\/logo\/image\/","url":"https:\/\/relaisdulys.fr\/wp-content\/uploads\/2021\/07\/relais-du-lys-350-100.png","contentUrl":"https:\/\/relaisdulys.fr\/wp-content\/uploads\/2021\/07\/relais-du-lys-350-100.png","width":350,"height":100,"caption":"Le Relais du Lys"},"image":{"@id":"https:\/\/relaisdulys.fr\/#\/schema\/logo\/image\/"},"sameAs":["https:\/\/facebook.com\/lerelaisdulys","https:\/\/youtube.com\/@relaisdulys","https:\/\/instagram.com\/relaisdulys","https:\/\/maps.app.goo.gl\/UPLQVadwmRR3DgUbA"]}]}},"_links":{"self":[{"href":"https:\/\/relaisdulys.fr\/index.php\/wp-json\/wp\/v2\/pages\/10913","targetHints":{"allow":["GET"]}}],"collection":[{"href":"https:\/\/relaisdulys.fr\/index.php\/wp-json\/wp\/v2\/pages"}],"about":[{"href":"https:\/\/relaisdulys.fr\/index.php\/wp-json\/wp\/v2\/types\/page"}],"author":[{"embeddable":true,"href":"https:\/\/relaisdulys.fr\/index.php\/wp-json\/wp\/v2\/users\/1"}],"replies":[{"embeddable":true,"href":"https:\/\/relaisdulys.fr\/index.php\/wp-json\/wp\/v2\/comments?post=10913"}],"version-history":[{"count":0,"href":"https:\/\/relaisdulys.fr\/index.php\/wp-json\/wp\/v2\/pages\/10913\/revisions"}],"wp:attachment":[{"href":"https:\/\/relaisdulys.fr\/index.php\/wp-json\/wp\/v2\/media?parent=10913"}],"curies":[{"name":"wp","href":"https:\/\/api.w.org\/{rel}","templated":true}]}}